{"id":5829,"date":"2021-10-14T08:39:34","date_gmt":"2021-10-14T06:39:34","guid":{"rendered":"https:\/\/fulvioventura.org\/?page_id=5829"},"modified":"2025-03-13T14:12:02","modified_gmt":"2025-03-13T13:12:02","slug":"nouveautes","status":"publish","type":"page","link":"https:\/\/fulvioventura.org\/fr\/nouveautes\/","title":{"rendered":"nouveaut\u00e9s"},"content":{"rendered":"<p>[vc_row][vc_column width=\u00a0\u00bb2\/3&Prime;][vc_column_text]<\/p>\n<p style=\"text-align: justify;\">13 mars 2025<\/p>\n<p style=\"text-align: justify;\">Ev\u00e8nements \u00e0 venir\u00a0:<\/p>\n<p style=\"text-align: justify;\"><b>Londres: mardi 25 mars<\/b> \u00e0 18h00, pr\u00e9sentation de la r\u00e9\u00e9dition du livre <b>Viaggio in Italia<\/b> \u00e0 la galerie <b>The Photographers Gallery<\/b>, 16-18 Ramillies St., London W1F 7LW.<\/p>\n<p style=\"text-align: justify;\"><b>Istanbul: jeudi 24 avril<\/b>, inauguration de l\u2019exposition <b>Viaggio in Italia<\/b> au <b>Mus\u00e9e National d\u2019Art Turca et Islamique<\/b>, T\u00fcrk ve \u0130slam Eserleri M\u00fczesi, Binbirdirek Mahallesi, Meydan\u0131 Caddesi 12, 34122 Sultanahmet, \u0130stanbul.<br \/>\nL\u2019exposition sera ouverte jusqu\u2019au 28 mai 2025.<\/p>\n<p style=\"text-align: justify;\"><b>Bari: mardi 27 mai<\/b>, \u00e0 18h00, pr\u00e9sentation de la r\u00e9\u00e9dition du livre <b>Viaggio in Italia<\/b> \u00e0 la <b>Pinacoteca metropolitana di Bari<\/b>, Via Spalato 19, 70121 Bari.<\/p>\n<p>[\/vc_column_text][\/vc_column][vc_column width=\u00a0\u00bb1\/3&Prime;][vc_single_image image=\u00a0\u00bb6826&Prime; img_size=\u00a0\u00bblarge\u00a0\u00bb][\/vc_column][\/vc_row][vc_row][vc_column width=\u00a0\u00bb1\/4&Prime;][vc_single_image image=\u00a0\u00bb6814&Prime; img_size=\u00a0\u00bbmedium\u00a0\u00bb][\/vc_column][vc_column width=\u00a0\u00bb3\/4&Prime;][vc_column_text]<\/p>\n<p style=\"text-align: justify;\">La mostra chiuder\u00e0 il 28 marzo 2025.<\/p>\n<p style=\"text-align: justify;\">Londres 11 f\u00e9vrier 2025<br \/>\nExposition et pr\u00e9sentation de la r\u00e9\u00e9dition du livre <b>Viaggio in Italia<\/b>, \u00e0 l&rsquo;<b>Institut Culturel Italien<\/b>, \u00e0 l&rsquo;occasion du 40e anniversaire de sa premi\u00e8re publication.<\/p>\n<p style=\"text-align: justify;\">Le vernissage de l&rsquo;exposition aura lieu <b>le mardi 12 f\u00e9vrier<\/b> \u00e0 18h30 \u00e0 l&rsquo;Institut culturel italien, 39 Belgrave Square, Londres SW1X 8NX.<br \/>\nInterventions de Francesco Bongarr\u00e0, directeur de l&rsquo;Institut culturel italien, Davide Rondoni, pr\u00e9sident du MuFoCo, Mus\u00e9e de la photographie contemporaine, Gabriella Guerci, directrice du MuFoCo, Mus\u00e9e de la photographie contemporaine, et Matteo Balduzzi, commissaire de l&rsquo;exposition.<\/p>\n<p style=\"text-align: justify;\">L&rsquo;exposition fermera ses portes le 28 mars 2025.<\/p>\n<p>[\/vc_column_text][\/vc_column][\/vc_row][vc_row][vc_column width=\u00a0\u00bb2\/3&Prime;][vc_column_text]<\/p>\n<p style=\"text-align: justify;\">Milan 6 f\u00e9vrier 2025<br \/>\nPr\u00e9sentation de la r\u00e9\u00e9dition du livre <b>Viaggio in Italia<\/b>, \u00e0 la <b>Pinacoteca di Brera<\/b>, \u00e0 l&rsquo;occasion du 40e anniversaire de sa premi\u00e8re publication.<\/p>\n<p style=\"text-align: justify;\">La pr\u00e9sentation aura lieu <b>jeudi 6 f\u00e9vrier<\/b> \u00e0 17h30 dans la salle Aldo Bassetti, Pinacoteca di Brera, via Brera 28, 20121 Milan.<br \/>\nIntroduction par Angelo Crespi, Directeur de la Pinacoth\u00e8que de Brera, Angelo Piero Cappello, Directeur G\u00e9n\u00e9ral de la Cr\u00e9ation Contemporaine du Minist\u00e8re de la Culture, Davide Rondoni, Pr\u00e9sident du MuFoCo, Mus\u00e9e de la Photographie Contemporaine, et Adele Ghirri, des Archivio Eredi di Luigi Ghirri.<br \/>\nTable ronde entre les photographes Olivio Barbieri, Gianatonio Battistella, Vincenzo Castella et Andrea Cavazzuti.<br \/>\nMod\u00e9rateur Matteo Balduzzi, conservateur du Mus\u00e9e de la Photographie Contemporaine.<\/p>\n<p>[\/vc_column_text][\/vc_column][vc_column width=\u00a0\u00bb1\/3&Prime;][vc_single_image image=\u00a0\u00bb6789&Prime; img_size=\u00a0\u00bbmedium\u00a0\u00bb][\/vc_column][\/vc_row][vc_row][vc_column width=\u00a0\u00bb1\/4&Prime;][vc_single_image image=\u00a0\u00bb6789&Prime; img_size=\u00a0\u00bbmedium\u00a0\u00bb][\/vc_column][vc_column width=\u00a0\u00bb3\/4&Prime;][vc_column_text]<\/p>\n<p style=\"text-align: justify;\">Rome 13 d\u00e9cembre 2024<br \/>\nPr\u00e9sentation de la r\u00e9\u00e9dition du livre <b>Viaggio in Italia<\/b>, au <b>MAXXI<\/b>, Mus\u00e9e National des Arts du XXIe Si\u00e8cle, \u00e0 l&rsquo;occasion du 40e anniversaire de sa premi\u00e8re publication.<\/p>\n<p style=\"text-align: justify;\">La pr\u00e9sentation aura lieu <b>vendredi 13 d\u00e9cembre<\/b> \u00e0 18h30 dans la salle Carlo Scarpa du MAXXI, via Guido Reni 4a, 00196 Rome.<br \/>\nIntroduction par Lorenza Baroncelli, Directrice du Maxxi.<br \/>\nIntervenants Angelo Piero Cappello, Directeur G\u00e9n\u00e9ral de la Cr\u00e9ativit\u00e9 Contemporaine du Minist\u00e8re italien de la Culture, Davide Rondoni, Pr\u00e9sident du MuFoCo, Mus\u00e9e de la Photographie Contemporaine, Adele Ghirri, des Archives des H\u00e9ritiers Luigi Ghirri, et Vittore Fossati, Guido Guidi et Gianni Leone, photographes.<br \/>\nMod\u00e9rateur Matteo Balduzzi, conservateur du Mus\u00e9e de la Photographie Contemporaine.<\/p>\n<p>[\/vc_column_text][\/vc_column][\/vc_row][vc_row][vc_column width=\u00a0\u00bb2\/3&Prime;][vc_column_text]<\/p>\n<p style=\"text-align: justify;\">Paris, 7-8 novembre 2024<br \/>\nExposition et pr\u00e9sentation de la r\u00e9\u00e9dition anastatique du livre <b>Viaggio in Italia<\/b>, du 1984, \u00e9dit\u00e9 \u00e0 l\u2019\u00e9poque par la maison d\u2019\u00e9dition Il Quadrante et r\u00e9\u00e9dit\u00e9 par les Edizioni Quodlibet.<\/p>\n<p style=\"text-align: justify;\">L&rsquo;exposition c\u00e9l\u00e8bre le quaranti\u00e8me anniversaire de <b>Viaggio in Italia<\/b>, le projet photographique con\u00e7u par Luigi Ghirri en 1984, consid\u00e9r\u00e9 comme une \u00e9tape importante dans l&rsquo;histoire de la photographie italienne contemporaine, et pr\u00e9sente les 86 images contenues dans le livre original r\u00e9imprim\u00e9 en copie anastatique. Dans la nouvelle \u00e9dition, tous les d\u00e9tails du livre original sont fid\u00e8lement pr\u00e9serv\u00e9s, adoptant la conception, la disposition du texte et la s\u00e9quence des images originales, les propri\u00e9t\u00e9s des mat\u00e9riaux et la taille des pages.<\/p>\n<p style=\"text-align: justify;\">La c\u00e9l\u00e9bration des 40 ans du livre <b>Viaggio in Italia<\/b> est promue par le MuFoCo, Museo di Fotografia Contemporanea, avec la Direction G\u00e9n\u00e9rale Cr\u00e9ativit\u00e9 Contemporaine du Minist\u00e8re italien de la Culture, en collaboration avec l\u2019Archivio Ghirri et l\u2019Institut Italien de la Culture de Paris, ainsi qu\u2019avec la participation de la MEP, Maison Europ\u00e9enne de la Photographie, de Paris.<\/p>\n<p style=\"text-align: justify;\"><b>Jeudi 7 novembre<\/b>\u00a0\u00e0 18h00\u00a0\u00e0 l\u2019<b>Institut Italien de la Culture de Paris<\/b>, 50 Rue de Varenne, 75007 Paris : inauguration de l\u2019exposition\u00a0<b>Viaggio in Italia<\/b>, aux soins de Matteo Balduzzi.<br \/>\n<b>Vendredi 8 novembre<\/b>\u00a0\u00e0 18h00 \u00e0 la\u00a0<b>MEP, Maison Europ\u00e9enne de la Photographie<\/b>, 5\/7 Rue de Fourcy, 75004 Paris :\u00a0pr\u00e9sentation de r\u00e9\u00e9dition anastatique du volume\u00a0<b>Viaggio in Italia<\/b>. Table ronde entre les photographes Olivio Barbieri, Gianantonio Battistella, Mario Cresci et Claude Nori. Mod\u00e9rateur Matteo Balduzzi, conservateur du Museo della Fotografia Contemporanea.<\/p>\n<p style=\"text-align: justify;\">L&rsquo;exposition fermera ses portes le 8 janvier 2025.<\/p>\n<p>[\/vc_column_text][\/vc_column][vc_column width=\u00a0\u00bb1\/3&Prime;][vc_single_image image=\u00a0\u00bb6789&Prime; img_size=\u00a0\u00bblarge\u00a0\u00bb][\/vc_column][\/vc_row][vc_row][vc_column width=\u00a0\u00bb1\/2&Prime;][vc_single_image image=\u00a0\u00bb6757&Prime; img_size=\u00a0\u00bbmedium\u00a0\u00bb][\/vc_column][vc_column width=\u00a0\u00bb1\/2&Prime;][vc_column_text]<\/p>\n<p style=\"text-align: justify;\">15 ao\u00fbt 2023<\/p>\n<p style=\"text-align: justify;\">Dans le cadre du Festival Sacreselve, \u00e0 Ghiffa (Verbania) du 15 au 17 septembre 2023, une exposition de photographies de Fulvio Ventura, ayant pour th\u00e8me la r\u00e9gion du Verbano sera ouverte dans la Cappella dell\u2019Incoronata, avec le titre <b>Dalla parte della natura<\/b>.<\/p>\n<p>[\/vc_column_text][\/vc_column][\/vc_row][vc_row][vc_column width=\u00a0\u00bb1\/2&Prime;][vc_column_text]15 mai 2023<\/p>\n<p>Une nouvelle galerie de photographies en noir et blanc, <b>Visions fugitives 3<\/b>, a \u00e9t\u00e9 ajout\u00e9e sur le site de Fulvio Ventura.[\/vc_column_text][\/vc_column][vc_column width=\u00a0\u00bb1\/2&Prime;][vc_single_image image=\u00a0\u00bb6634&Prime; img_size=\u00a0\u00bblarge\u00a0\u00bb][\/vc_column][\/vc_row][vc_row][vc_column width=\u00a0\u00bb1\/2&Prime;][vc_single_image image=\u00a0\u00bb6769&Prime; img_size=\u00a0\u00bbmedium\u00a0\u00bb][\/vc_column][vc_column width=\u00a0\u00bb1\/2&Prime;][vc_column_text]<\/p>\n<p style=\"text-align: justify;\">3 mai 2023<\/p>\n<p style=\"text-align: justify;\">Du <b>31 mai 2023<\/b> au <b>3 septembre 2023<\/b>, quatre tirages originaux de photographies de Fulvio Ventura seront expos\u00e9s aux <b>Scuderie del Quirinale<\/b> \u00e0 Rome (Italie), dans le cadre de l\u2019exposition <b>L\u2019Italia \u00e8 un desiderio<\/b> <i>L\u2019Italie est un d\u00e9sir<\/i>, un parcours qui retrace plus d\u2019un si\u00e8cle de repr\u00e9sentation du paysage italien, \u00e0 travers une vaste s\u00e9lection d\u2019\u0153uvres provenant des archives et des collections du Museo di Fotografia Contemporanea (MuFoCo) et de la Fondazione Alinari per la Fotografia.<\/p>\n<p>[\/vc_column_text][\/vc_column][\/vc_row][vc_row][vc_column width=\u00a0\u00bb1\/2&Prime;][vc_column_text]<\/p>\n<p style=\"text-align: justify;\">13 avril 2023<\/p>\n<p style=\"text-align: justify;\">Du <b>28 avril 2023<\/b> au <b>25 f\u00e9vrier 2024<\/b>, huit tirages originaux de photographies de Fulvio Ventura, en format 40&#215;40, seront expos\u00e9es au <b>Palazzo dei Musei<\/b> de Reggio Emilia (Italie), via Spallanzani 1, dans le cadre de l\u2019exposition <b>Un piede nell\u2019Eden. Luigi Ghirri et d\u2019autres regards<\/b>. Les photographies, conserv\u00e9es dans l\u2019archive photographique de la Biblioteca Panizzi, font partie de l\u2019exposition collective du 1988 <i>Giardini in Europa<\/i>, et furent prises \u00e0 Gordes, Paris, Urbino, Naples, Lyon et Salzburg.<\/p>\n<p>[\/vc_column_text][\/vc_column][vc_column width=\u00a0\u00bb1\/2&Prime;][vc_single_image image=\u00a0\u00bb2007&Prime; img_size=\u00a0\u00bblarge\u00a0\u00bb][\/vc_column][\/vc_row][vc_row][vc_column width=\u00a0\u00bb1\/2&Prime;][vc_single_image image=\u00a0\u00bb6340&Prime; img_size=\u00a0\u00bblarge\u00a0\u00bb][\/vc_column][vc_column width=\u00a0\u00bb1\/2&Prime;][vc_column_text]<\/p>\n<p style=\"text-align: justify;\">7 mars 2023<\/p>\n<p style=\"text-align: justify;\">En occasion du troisi\u00e8me anniversaire de la disparition de Fulvio Ventura, deux nouvelles galeries ont \u00e9t\u00e9 ajout\u00e9s sur le site\u00a0: <b>Archivio dello Spazio<\/b>, images de trois communes de la province de Milan, et <b>Vulcano<\/b>, images de le cette \u00eele de l\u2019archipel des Eoliennes.<\/p>\n<p>[\/vc_column_text][vc_single_image image=\u00a0\u00bb6557&Prime; img_size=\u00a0\u00bbmedium\u00a0\u00bb][\/vc_column][\/vc_row][vc_row][vc_column width=\u00a0\u00bb1\/2&Prime;][vc_column_text]<\/p>\n<p style=\"text-align: justify;\">24 octobre 2021<\/p>\n<p style=\"text-align: justify;\">Le livre <i>Sagacity<\/i> de Fulvio Ventura a \u00e9t\u00e9 pr\u00e9sent\u00e9 \u00e0 Milan le <b>20 octobre 2021<\/b> \u00e0 <b>18h30<\/b>, \u00e0 la <b>Galleria San Fedele<\/b>, via Ulrico Hoepli 3a.<\/p>\n<p style=\"text-align: justify;\">Organisatrice Giulia Zorzi de la librairie <i>Micamera<\/i>, en pr\u00e9sence de la compagne de Fulvio, Anna de Lorenzi, de l\u2019\u00e9diteur Mike Slack, <i>(The Ice Plant)<\/i>, du photographe Giovanni Chiaramonte et de Roberta Valtorta, historienne et critique de la photographie italienne. Mod\u00e9rateur Luca Fiore, journaliste.<\/p>\n<p>[\/vc_column_text][\/vc_column][vc_column width=\u00a0\u00bb1\/2&Prime;][vc_single_image image=\u00a0\u00bb5869&Prime; img_size=\u00a0\u00bbfull\u00a0\u00bb add_caption=\u00a0\u00bbyes\u00a0\u00bb][\/vc_column][\/vc_row][vc_row][vc_column width=\u00a0\u00bb1\/2&Prime;][vc_single_image image=\u00a0\u00bb5792&Prime; img_size=\u00a0\u00bbfull\u00a0\u00bb][\/vc_column][vc_column width=\u00a0\u00bb1\/2&Prime;][vc_column_text]<\/p>\n<p style=\"text-align: justify;\">30 juin 2021<\/p>\n<p style=\"text-align: justify;\">Apr\u00e8s presque 50 ann\u00e9es d\u2019attente, voici finalement <i>Sagacity<\/i> de Fulvio Ventura.<br \/>\nFruit d\u2019un travail commenc\u00e9 en 1975, la publication d\u2019une bonne partie de ces images \u00e9tait d\u00e9j\u00e0 pr\u00e9vue en 1978, lorsque Luigi Ghirri annon\u00e7a la sortie de <i>Souvenir(s)<\/i>, par la suite jamais concr\u00e9tis\u00e9e \u00e0 cause de la faillite de la maison d\u2019\u00e9ditions Punto e Virgola.<\/p>\n<p style=\"text-align: justify;\"><i>Sagacity, Sunstar e Salamandra<\/i> \u00e9tait le titre originaire et complet, tel le r\u00e9citait une plaque de cuivre trouv\u00e9e par hasard dans une typographie. Un travail que Ventura a continu\u00e9 \u00e0 transformer par la suite, guid\u00e9 par la passion pour la philosophie, le myst\u00e8re, le hasard, la musique jazz et la litt\u00e9rature surr\u00e9aliste et mythologique.<\/p>\n<p style=\"text-align: justify;\">La s\u00e9quence de cette monographie est soign\u00e9e par Giulia Zorzi de Micamera, et c\u2019est le fruit de nombreuses rencontres avec l\u2019auteur dans sa maison \u00e0 Ghiffa, sur le Lac Majeur, brusquement interrompues par la mort de Ventura le 7 mars 2020. Le design est de Jason Fulford.<br \/>\nLes images r\u00e9cueillies ici ont \u00e9t\u00e9 prises dans l\u2019espace de plusieurs ann\u00e9es dans diff\u00e9rents lieux d\u2019Europe ; en m\u00eame temps instantan\u00e9es et intentionnelles, myst\u00e9rieuses et ironiques, souvent \u00e9tonnamment cin\u00e9matographiques, elles composent un univers m\u00e9taphysique coh\u00e9rent et autonome, gouvern\u00e9 par des forces visibles et invisibles.<\/p>\n<p>[\/vc_column_text][\/vc_column][\/vc_row][vc_row][vc_column][vc_column_text]\u00c9ditions The Ice Plant, 2021 \u2013 I\u00b0 \u00e9dition de 500 copies<br \/>\nCouverture rigide, 26 x 18 cm \u2013 64 pages, 33 photographies en noir et blanc<br \/>\nLingue: anglais<br \/>\nprix: 33\u20ac<\/p>\n<p>Vous pouvez trouver ce livre aupr\u00e8s de la librairie Micamera, via Medardo Rosso 19, 20159 Milano<br \/>\nou bien le commander sur le site de Micamera: https:\/\/www.micamera.com\/prodotto\/sagacity-fulvio-ventura\/<br \/>\n[\/vc_column_text][\/vc_column][\/vc_row][vc_row][vc_column width=\u00a0\u00bb1\/2&Prime;][vc_single_image image=\u00a0\u00bb5816&Prime; img_size=\u00a0\u00bbfull\u00a0\u00bb][\/vc_column][vc_column width=\u00a0\u00bb1\/2&Prime;][vc_column_text]14 juin 2021<\/p>\n<p>Sept nouvelles photographies ont \u00e9t\u00e9 ajout\u00e9es \u00e0 l&rsquo;album couleur <i>Visions fuggitives<\/i>[\/vc_column_text][\/vc_column][\/vc_row]<\/p>\n","protected":false},"excerpt":{"rendered":"<p>[vc_row][vc_column width=\u00a0\u00bb2\/3&Prime;][vc_column_text] 13 mars 2025 Ev\u00e8nements \u00e0 venir\u00a0: Londres: mardi 25 mars \u00e0 18h00, pr\u00e9sentation de la r\u00e9\u00e9dition du livre Viaggio in Italia \u00e0 la galerie The Photographers Gallery, 16-18 Ramillies St., London W1F 7LW. Istanbul: jeudi 24 avril, inauguration de l\u2019exposition Viaggio in Italia au Mus\u00e9e National d\u2019Art Turca et Islamique, T\u00fcrk ve \u0130slam&hellip;<\/p>\n","protected":false},"author":1,"featured_media":0,"parent":0,"menu_order":0,"comment_status":"closed","ping_status":"closed","template":"","meta":[],"_links":{"self":[{"href":"https:\/\/fulvioventura.org\/fr\/wp-json\/wp\/v2\/pages\/5829"}],"collection":[{"href":"https:\/\/fulvioventura.org\/fr\/wp-json\/wp\/v2\/pages"}],"about":[{"href":"https:\/\/fulvioventura.org\/fr\/wp-json\/wp\/v2\/types\/page"}],"author":[{"embeddable":true,"href":"https:\/\/fulvioventura.org\/fr\/wp-json\/wp\/v2\/users\/1"}],"replies":[{"embeddable":true,"href":"https:\/\/fulvioventura.org\/fr\/wp-json\/wp\/v2\/comments?post=5829"}],"version-history":[{"count":35,"href":"https:\/\/fulvioventura.org\/fr\/wp-json\/wp\/v2\/pages\/5829\/revisions"}],"predecessor-version":[{"id":6848,"href":"https:\/\/fulvioventura.org\/fr\/wp-json\/wp\/v2\/pages\/5829\/revisions\/6848"}],"wp:attachment":[{"href":"https:\/\/fulvioventura.org\/fr\/wp-json\/wp\/v2\/media?parent=5829"}],"curies":[{"name":"wp","href":"https:\/\/api.w.org\/{rel}","templated":true}]}}