{"id":431,"date":"2020-09-02T14:57:22","date_gmt":"2020-09-02T12:57:22","guid":{"rendered":"https:\/\/fulvioventura.org\/expositions\/"},"modified":"2020-12-08T12:14:56","modified_gmt":"2020-12-08T11:14:56","slug":"expositions","status":"publish","type":"page","link":"https:\/\/fulvioventura.org\/fr\/expositions\/","title":{"rendered":"expositions"},"content":{"rendered":"<h2 style=\"text-align: center;\">expositions<\/h2>\n<div class=\"foogallery foogallery-container foogallery-masonry foogallery-lightbox-foobox fg-center fg-masonry fg-light fg-shadow-small fg-loaded-fade-in fg-captions-bottom fg-hover-fade fg-ready\" id=\"foogallery-gallery-3953\" data-foogallery=\"{&quot;item&quot;:{&quot;showCaptionTitle&quot;:false,&quot;showCaptionDescription&quot;:true},&quot;lazy&quot;:true,&quot;src&quot;:&quot;data-src-fg&quot;,&quot;srcset&quot;:&quot;data-srcset-fg&quot;,&quot;template&quot;:{&quot;layout&quot;:&quot;col5&quot;}}\" data-fg-common-fields=\"1\" >\r\n\t<div class=\"fg-item\"><figure class=\"fg-item-inner\"><a href=\"https:\/\/fulvioventura.org\/wp-content\/uploads\/2020\/12\/Premiere-Triennale-Fribourg-1975.jpg\" data-caption-title=\"&lt;i&gt;Premi\u00e8re Triennale Internationale de la Photographie&lt;\/i&gt;, exposition collective, Fribourg, 1975\" data-caption-desc=\"&lt;i&gt;Premi\u00e8re Triennale Internationale de la Photographie&lt;\/i&gt;, exposition collective, Fribourg, 1975\" data-attachment-id=\"3925\" class=\"fg-thumb\"><span class=\"fg-image-wrap\"><img title=\"&lt;i&gt;Premi\u00e8re Triennale Internationale de la Photographie&lt;\/i&gt;, exposition collective, Fribourg, 1975\" width=\"200\" height=\"148\" data-src-fg=\"https:\/\/fulvioventura.org\/wp-content\/uploads\/cache\/2020\/12\/Premiere-Triennale-Fribourg-1975\/3216288751.jpg\" class=\"fg-image\" \/><\/span><\/a><figcaption class=\"fg-caption\"><div class=\"fg-caption-inner\"><div class=\"fg-caption-desc\"><i>Premi\u00e8re Triennale Internationale de la Photographie<\/i>, exposition collective, Fribourg, 1975<\/div><\/div><\/figcaption><\/figure><div class=\"fg-loader\"><\/div><\/div><div class=\"fg-item\"><figure class=\"fg-item-inner\"><a href=\"https:\/\/fulvioventura.org\/wp-content\/uploads\/2020\/12\/Galleria-il-Diaframma-1975.jpg\" data-caption-title=\"&lt;i&gt;Fulvio Ventura&lt;\/i&gt;, exposition personnelle, Galerie il Diaframma, Milan, 1975\" data-caption-desc=\"&lt;i&gt;Fulvio Ventura&lt;\/i&gt;, exposition personnelle, Galerie il Diaframma, Milan, 1975\" data-attachment-id=\"3857\" class=\"fg-thumb\"><span class=\"fg-image-wrap\"><img title=\"&lt;i&gt;Fulvio Ventura&lt;\/i&gt;, exposition personnelle, Galerie il Diaframma, Milan, 1975\" width=\"200\" height=\"130\" data-src-fg=\"https:\/\/fulvioventura.org\/wp-content\/uploads\/cache\/2020\/12\/Galleria-il-Diaframma-1975\/2708141016.jpg\" class=\"fg-image\" \/><\/span><\/a><figcaption class=\"fg-caption\"><div class=\"fg-caption-inner\"><div class=\"fg-caption-desc\"><i>Fulvio Ventura<\/i>, exposition personnelle, Galerie il Diaframma, Milan, 1975<\/div><\/div><\/figcaption><\/figure><div class=\"fg-loader\"><\/div><\/div><div class=\"fg-item\"><figure class=\"fg-item-inner\"><a href=\"https:\/\/fulvioventura.org\/wp-content\/uploads\/2020\/12\/Steirischer-Herbst-1976.jpg\" data-caption-title=\"&lt;i&gt;Steirischer Herbst&lt;\/i&gt;, \u2018Automne styrien\u2019, exposition collective, Kunsthaus, Graz, 1976\" data-caption-desc=\"&lt;i&gt;Steirischer Herbst&lt;\/i&gt;, \u2018Automne styrien\u2019, exposition collective, Kunsthaus, Graz, 1976\" data-attachment-id=\"3945\" class=\"fg-thumb\"><span class=\"fg-image-wrap\"><img title=\"&lt;i&gt;Steirischer Herbst&lt;\/i&gt;, \u2018Automne styrien\u2019, exposition collective, Kunsthaus, Graz, 1976\" width=\"200\" height=\"137\" data-src-fg=\"https:\/\/fulvioventura.org\/wp-content\/uploads\/cache\/2020\/12\/Steirischer-Herbst-1976\/3678846130.jpg\" class=\"fg-image\" \/><\/span><\/a><figcaption class=\"fg-caption\"><div class=\"fg-caption-inner\"><div class=\"fg-caption-desc\"><i>Steirischer Herbst<\/i>, \u2018Automne styrien\u2019, exposition collective, Kunsthaus, Graz, 1976<\/div><\/div><\/figcaption><\/figure><div class=\"fg-loader\"><\/div><\/div><div class=\"fg-item\"><figure class=\"fg-item-inner\"><a href=\"https:\/\/fulvioventura.org\/wp-content\/uploads\/2020\/12\/Galleria-Documenta-1976.jpg\" data-caption-title=\"&lt;i&gt;Fulvio Ventura&lt;\/i&gt;, exposition personnelle, Galerie Documenta, Turin, 1976\" data-caption-desc=\"&lt;i&gt;Fulvio Ventura&lt;\/i&gt;, exposition personnelle, Galerie Documenta, Turin, 1976\" data-attachment-id=\"3849\" class=\"fg-thumb\"><span class=\"fg-image-wrap\"><img title=\"&lt;i&gt;Fulvio Ventura&lt;\/i&gt;, exposition personnelle, Galerie Documenta, Turin, 1976\" width=\"200\" height=\"135\" data-src-fg=\"https:\/\/fulvioventura.org\/wp-content\/uploads\/cache\/2020\/12\/Galleria-Documenta-1976\/3578330662.jpg\" class=\"fg-image\" \/><\/span><\/a><figcaption class=\"fg-caption\"><div class=\"fg-caption-inner\"><div class=\"fg-caption-desc\"><i>Fulvio Ventura<\/i>, exposition personnelle, Galerie Documenta, Turin, 1976<\/div><\/div><\/figcaption><\/figure><div class=\"fg-loader\"><\/div><\/div><div class=\"fg-item\"><figure class=\"fg-item-inner\"><a href=\"https:\/\/fulvioventura.org\/wp-content\/uploads\/2020\/12\/Rencontres-de-Photographie-Arles-1979.jpg\" data-caption-title=\"&lt;i&gt;Provence&lt;\/i&gt;, exposition personnelle, Rencontres de Photographie, Arles, 1978\" data-caption-desc=\"&lt;i&gt;Provence&lt;\/i&gt;, exposition personnelle, Rencontres de Photographie, Arles, 1978\" data-attachment-id=\"3937\" class=\"fg-thumb\"><span class=\"fg-image-wrap\"><img title=\"&lt;i&gt;Provence&lt;\/i&gt;, exposition personnelle, Rencontres de Photographie, Arles, 1978\" width=\"200\" height=\"157\" data-src-fg=\"https:\/\/fulvioventura.org\/wp-content\/uploads\/cache\/2020\/12\/Rencontres-de-Photographie-Arles-1979\/851155713.jpg\" class=\"fg-image\" \/><\/span><\/a><figcaption class=\"fg-caption\"><div class=\"fg-caption-inner\"><div class=\"fg-caption-desc\"><i>Provence<\/i>, exposition personnelle, Rencontres de Photographie, Arles, 1978<\/div><\/div><\/figcaption><\/figure><div class=\"fg-loader\"><\/div><\/div><div class=\"fg-item\"><figure class=\"fg-item-inner\"><a href=\"https:\/\/fulvioventura.org\/wp-content\/uploads\/2020\/12\/Bibliotheque-Nationale-Paris-1979.jpg\" data-caption-title=\"&lt;i&gt;Fulvio Ventura&lt;\/i&gt;, exposition personnelle, Biblioth\u00e8que Nationale, Paris, 1979\" data-caption-desc=\"&lt;i&gt;Fulvio Ventura&lt;\/i&gt;, exposition personnelle, Biblioth\u00e8que Nationale, Paris, 1979\" data-attachment-id=\"3817\" class=\"fg-thumb\"><span class=\"fg-image-wrap\"><img title=\"&lt;i&gt;Fulvio Ventura&lt;\/i&gt;, exposition personnelle, Biblioth\u00e8que Nationale, Paris, 1979\" width=\"200\" height=\"140\" data-src-fg=\"https:\/\/fulvioventura.org\/wp-content\/uploads\/cache\/2020\/12\/Bibliotheque-Nationale-Paris-1979\/3304203397.jpg\" class=\"fg-image\" \/><\/span><\/a><figcaption class=\"fg-caption\"><div class=\"fg-caption-inner\"><div class=\"fg-caption-desc\"><i>Fulvio Ventura<\/i>, exposition personnelle, Biblioth\u00e8que Nationale, Paris, 1979<\/div><\/div><\/figcaption><\/figure><div class=\"fg-loader\"><\/div><\/div><div class=\"fg-item\"><figure class=\"fg-item-inner\"><a href=\"https:\/\/fulvioventura.org\/wp-content\/uploads\/2020\/12\/Iconicitta1-1979.jpg\" data-caption-title=\"&lt;i&gt;Iconicitt\u00e0\/1 - Una visione sul reale&lt;\/i&gt; Une vision sur le r\u00e9el, exposition collective, Ferrara, 1979\" data-caption-desc=\"&lt;i&gt;Iconicitt\u00e0\/1 - Una visione sul reale&lt;\/i&gt; Une vision sur le r\u00e9el, exposition collective, Ferrara, 1979\" data-attachment-id=\"3877\" class=\"fg-thumb\"><span class=\"fg-image-wrap\"><img title=\"&lt;i&gt;Iconicitt\u00e0\/1 - Una visione sul reale&lt;\/i&gt; Une vision sur le r\u00e9el, exposition collective, Ferrara, 1979\" width=\"200\" height=\"133\" data-src-fg=\"https:\/\/fulvioventura.org\/wp-content\/uploads\/cache\/2020\/12\/Iconicitta1-1979\/1547985910.jpg\" class=\"fg-image\" \/><\/span><\/a><figcaption class=\"fg-caption\"><div class=\"fg-caption-inner\"><div class=\"fg-caption-desc\"><i>Iconicitt\u00e0\/1 - Una visione sul reale<\/i> Une vision sur le r\u00e9el, exposition collective, Ferrara, 1979<\/div><\/div><\/figcaption><\/figure><div class=\"fg-loader\"><\/div><\/div><div class=\"fg-item\"><figure class=\"fg-item-inner\"><a href=\"https:\/\/fulvioventura.org\/wp-content\/uploads\/2020\/12\/Galleria-La-Citta-Verona-1979.jpg\" data-caption-title=\"&lt;i&gt;Fulvio Ventura&lt;\/i&gt;, exposition personnelle, Galerie la Citt\u00e0, Verone, 1979\" data-caption-desc=\"&lt;i&gt;Fulvio Ventura&lt;\/i&gt;, exposition personnelle, Galerie la Citt\u00e0, Verone, 1979\" data-attachment-id=\"3865\" class=\"fg-thumb\"><span class=\"fg-image-wrap\"><img title=\"&lt;i&gt;Fulvio Ventura&lt;\/i&gt;, exposition personnelle, Galerie la Citt\u00e0, Verone, 1979\" width=\"200\" height=\"201.00502512563\" data-src-fg=\"https:\/\/fulvioventura.org\/wp-content\/uploads\/2020\/12\/Galleria-La-Citta-Verona-1979.jpg\" class=\"fg-image\" \/><\/span><\/a><figcaption class=\"fg-caption\"><div class=\"fg-caption-inner\"><div class=\"fg-caption-desc\"><i>Fulvio Ventura<\/i>, exposition personnelle, Galerie la Citt\u00e0, Verone, 1979<\/div><\/div><\/figcaption><\/figure><div class=\"fg-loader\"><\/div><\/div><div class=\"fg-item\"><figure class=\"fg-item-inner\"><a href=\"https:\/\/fulvioventura.org\/wp-content\/uploads\/2020\/12\/Paesaggio-a-nord-ovest-1979.jpg\" data-caption-title=\"&lt;i&gt;Paesaggio a nord-ovest - itinerari piemontesi&lt;\/i&gt; Paysage \u00e0 nord-ouest - itin\u00e9raires pi\u00e9montais, exposition de Luigi Ghirri, Vittore Fossati, Olivo Barbieri, Fulvio Ventura, Studio Fossati, Alessandria, 1979\" data-caption-desc=\"&lt;i&gt;Paesaggio a nord-ovest - itinerari piemontesi&lt;\/i&gt; Paysage \u00e0 nord-ouest - itin\u00e9raires pi\u00e9montais, exposition de Luigi Ghirri, Vittore Fossati, Olivo Barbieri, Fulvio Ventura, Studio Fossati, Alessandria, 1979\" data-attachment-id=\"3913\" class=\"fg-thumb\"><span class=\"fg-image-wrap\"><img title=\"&lt;i&gt;Paesaggio a nord-ovest - itinerari piemontesi&lt;\/i&gt; Paysage \u00e0 nord-ouest - itin\u00e9raires pi\u00e9montais, exposition de Luigi Ghirri, Vittore Fossati, Olivo Barbieri, Fulvio Ventura, Studio Fossati, Alessandria, 1979\" width=\"200\" height=\"133\" data-src-fg=\"https:\/\/fulvioventura.org\/wp-content\/uploads\/cache\/2020\/12\/Paesaggio-a-nord-ovest-1979\/469165183.jpg\" class=\"fg-image\" \/><\/span><\/a><figcaption class=\"fg-caption\"><div class=\"fg-caption-inner\"><div class=\"fg-caption-desc\"><i>Paesaggio a nord-ovest - itinerari piemontesi<\/i> Paysage \u00e0 nord-ouest - itin\u00e9raires pi\u00e9montais, exposition de Luigi Ghirri, Vittore Fossati, Olivo Barbieri, Fulvio Ventura, Studio Fossati, Alessandria, 1979<\/div><\/div><\/figcaption><\/figure><div class=\"fg-loader\"><\/div><\/div><div class=\"fg-item\"><figure class=\"fg-item-inner\"><a href=\"https:\/\/fulvioventura.org\/wp-content\/uploads\/2020\/12\/Le-foglie-e-le-erbe-Prato-1980.jpg\" data-caption-title=\"&lt;i&gt;Le foglie e le erbe&lt;\/i&gt; Les feuilles et les herbes, exposition de Fulvio Ventura et Attilio Gigli, Galerie Dryphoto, Prato, 1980\" data-caption-desc=\"&lt;i&gt;Le foglie e le erbe&lt;\/i&gt; Les feuilles et les herbes, exposition de Fulvio Ventura et Attilio Gigli, Galerie Dryphoto, Prato, 1980\" data-attachment-id=\"3885\" class=\"fg-thumb\"><span class=\"fg-image-wrap\"><img title=\"&lt;i&gt;Le foglie e le erbe&lt;\/i&gt; Les feuilles et les herbes, exposition de Fulvio Ventura et Attilio Gigli, Galerie Dryphoto, Prato, 1980\" width=\"200\" height=\"170.21276595745\" data-src-fg=\"https:\/\/fulvioventura.org\/wp-content\/uploads\/2020\/12\/Le-foglie-e-le-erbe-Prato-1980.jpg\" class=\"fg-image\" \/><\/span><\/a><figcaption class=\"fg-caption\"><div class=\"fg-caption-inner\"><div class=\"fg-caption-desc\"><i>Le foglie e le erbe<\/i> Les feuilles et les herbes, exposition de Fulvio Ventura et Attilio Gigli, Galerie Dryphoto, Prato, 1980<\/div><\/div><\/figcaption><\/figure><div class=\"fg-loader\"><\/div><\/div><div class=\"fg-item\"><figure class=\"fg-item-inner\"><a href=\"https:\/\/fulvioventura.org\/wp-content\/uploads\/2020\/12\/Galleria-Nuova-Fotografia-Treviso-1980.jpg\" data-caption-title=\"&lt;i&gt;Fulvio Ventura&lt;\/i&gt;, exposition personnelle, Galerie Nuova Fotografia, Treviso, 1980\" data-caption-desc=\"&lt;i&gt;Fulvio Ventura&lt;\/i&gt;, exposition personnelle, Galerie Nuova Fotografia, Treviso, 1980\" data-attachment-id=\"3869\" class=\"fg-thumb\"><span class=\"fg-image-wrap\"><img title=\"&lt;i&gt;Fulvio Ventura&lt;\/i&gt;, exposition personnelle, Galerie Nuova Fotografia, Treviso, 1980\" width=\"200\" height=\"134\" data-src-fg=\"https:\/\/fulvioventura.org\/wp-content\/uploads\/cache\/2020\/12\/Galleria-Nuova-Fotografia-Treviso-1980\/1008601146.jpg\" class=\"fg-image\" \/><\/span><\/a><figcaption class=\"fg-caption\"><div class=\"fg-caption-inner\"><div class=\"fg-caption-desc\"><i>Fulvio Ventura<\/i>, exposition personnelle, Galerie Nuova Fotografia, Treviso, 1980<\/div><\/div><\/figcaption><\/figure><div class=\"fg-loader\"><\/div><\/div><div class=\"fg-item\"><figure class=\"fg-item-inner\"><a href=\"https:\/\/fulvioventura.org\/wp-content\/uploads\/2020\/12\/fotodecorazione-oggettiva-1981.jpg\" data-caption-title=\"&lt;i&gt;Foto Decorazione Oggettiva&lt;\/i&gt; Photo D\u00e9coration Objective, exposition collective, Pinacoteca comunale, Milan, 1981\" data-caption-desc=\"&lt;i&gt;Foto Decorazione Oggettiva&lt;\/i&gt; Photo D\u00e9coration Objective, exposition collective, Pinacoteca comunale, Milan, 1981\" data-attachment-id=\"3825\" class=\"fg-thumb\"><span class=\"fg-image-wrap\"><img title=\"&lt;i&gt;Foto Decorazione Oggettiva&lt;\/i&gt; Photo D\u00e9coration Objective, exposition collective, Pinacoteca comunale, Milan, 1981\" width=\"200\" height=\"302.53807106599\" data-src-fg=\"https:\/\/fulvioventura.org\/wp-content\/uploads\/2020\/12\/fotodecorazione-oggettiva-1981.jpg\" class=\"fg-image\" \/><\/span><\/a><figcaption class=\"fg-caption\"><div class=\"fg-caption-inner\"><div class=\"fg-caption-desc\"><i>Foto Decorazione Oggettiva<\/i> Photo D\u00e9coration Objective, exposition collective, Pinacoteca comunale, Milan, 1981<\/div><\/div><\/figcaption><\/figure><div class=\"fg-loader\"><\/div><\/div><div class=\"fg-item\"><figure class=\"fg-item-inner\"><a href=\"https:\/\/fulvioventura.org\/wp-content\/uploads\/2020\/12\/Fotomedia-2-Ravenna-1981.jpg\" data-caption-title=\"&lt;i&gt;Fotomedia 2&lt;\/i&gt;, exposition collective, Fotomedia 2, Ravenna, 1981\" data-caption-desc=\"&lt;i&gt;Fotomedia 2&lt;\/i&gt;, exposition collective, Fotomedia 2, Ravenna, 1981\" data-attachment-id=\"3837\" class=\"fg-thumb\"><span class=\"fg-image-wrap\"><img title=\"&lt;i&gt;Fotomedia 2&lt;\/i&gt;, exposition collective, Fotomedia 2, Ravenna, 1981\" width=\"200\" height=\"135\" data-src-fg=\"https:\/\/fulvioventura.org\/wp-content\/uploads\/cache\/2020\/12\/Fotomedia-2-Ravenna-1981\/2473410181.jpg\" class=\"fg-image\" \/><\/span><\/a><figcaption class=\"fg-caption\"><div class=\"fg-caption-inner\"><div class=\"fg-caption-desc\"><i>Fotomedia 2<\/i>, exposition collective, Fotomedia 2, Ravenna, 1981<\/div><\/div><\/figcaption><\/figure><div class=\"fg-loader\"><\/div><\/div><div class=\"fg-item\"><figure class=\"fg-item-inner\"><a href=\"https:\/\/fulvioventura.org\/wp-content\/uploads\/2020\/12\/Galleria-Agora-Torino-1981.jpg\" data-caption-title=\"&lt;i&gt;Salamandra&lt;\/i&gt; Salamandre, exposition personnelle, Galerie Agor\u00e0, Turin, 1981\" data-caption-desc=\"&lt;i&gt;Salamandra&lt;\/i&gt; Salamandre, exposition personnelle, Galerie Agor\u00e0, Turin, 1981\" data-attachment-id=\"3841\" class=\"fg-thumb\"><span class=\"fg-image-wrap\"><img title=\"&lt;i&gt;Salamandra&lt;\/i&gt; Salamandre, exposition personnelle, Galerie Agor\u00e0, Turin, 1981\" width=\"200\" height=\"140\" data-src-fg=\"https:\/\/fulvioventura.org\/wp-content\/uploads\/cache\/2020\/12\/Galleria-Agora-Torino-1981\/1164215548.jpg\" class=\"fg-image\" \/><\/span><\/a><figcaption class=\"fg-caption\"><div class=\"fg-caption-inner\"><div class=\"fg-caption-desc\"><i>Salamandra<\/i> Salamandre, exposition personnelle, Galerie Agor\u00e0, Turin, 1981<\/div><\/div><\/figcaption><\/figure><div class=\"fg-loader\"><\/div><\/div><div class=\"fg-item\"><figure class=\"fg-item-inner\"><a href=\"https:\/\/fulvioventura.org\/wp-content\/uploads\/2020\/12\/Galleria-Figura-Biella-1981.jpg\" data-caption-title=\"&lt;i&gt;Fulvio Ventura&lt;\/i&gt;, exposition personnelle, Galerie Figura, Biella, 1981\" data-caption-desc=\"&lt;i&gt;Fulvio Ventura&lt;\/i&gt;, exposition personnelle, Galerie Figura, Biella, 1981\" data-attachment-id=\"3853\" class=\"fg-thumb\"><span class=\"fg-image-wrap\"><img title=\"&lt;i&gt;Fulvio Ventura&lt;\/i&gt;, exposition personnelle, Galerie Figura, Biella, 1981\" width=\"200\" height=\"135\" data-src-fg=\"https:\/\/fulvioventura.org\/wp-content\/uploads\/cache\/2020\/12\/Galleria-Figura-Biella-1981\/2155974811.jpg\" class=\"fg-image\" \/><\/span><\/a><figcaption class=\"fg-caption\"><div class=\"fg-caption-inner\"><div class=\"fg-caption-desc\"><i>Fulvio Ventura<\/i>, exposition personnelle, Galerie Figura, Biella, 1981<\/div><\/div><\/figcaption><\/figure><div class=\"fg-loader\"><\/div><\/div><div class=\"fg-item\"><figure class=\"fg-item-inner\"><a href=\"https:\/\/fulvioventura.org\/wp-content\/uploads\/2020\/12\/Galleria-il-Milione-1981.jpg\" data-caption-title=\"&lt;i&gt;Fotografia&lt;\/i&gt;, exposition collective, Galerie il Milione, Milan, 1981\" data-caption-desc=\"&lt;i&gt;Fotografia&lt;\/i&gt;, exposition collective, Galerie il Milione, Milan, 1981\" data-attachment-id=\"3861\" class=\"fg-thumb\"><span class=\"fg-image-wrap\"><img title=\"&lt;i&gt;Fotografia&lt;\/i&gt;, exposition collective, Galerie il Milione, Milan, 1981\" width=\"200\" height=\"142\" data-src-fg=\"https:\/\/fulvioventura.org\/wp-content\/uploads\/cache\/2020\/12\/Galleria-il-Milione-1981\/2186970853.jpg\" class=\"fg-image\" \/><\/span><\/a><figcaption class=\"fg-caption\"><div class=\"fg-caption-inner\"><div class=\"fg-caption-desc\"><i>Fotografia<\/i>, exposition collective, Galerie il Milione, Milan, 1981<\/div><\/div><\/figcaption><\/figure><div class=\"fg-loader\"><\/div><\/div><div class=\"fg-item\"><figure class=\"fg-item-inner\"><a href=\"https:\/\/fulvioventura.org\/wp-content\/uploads\/2020\/12\/Il-giro-del-mondo-1981.jpg\" data-caption-title=\"&lt;i&gt;Il giro del mondo in 80 giorni&lt;\/i&gt; Le tour du monde en 80 jours, exposition de Luigi Ghirri, Roberto Salbitani, Fulvio Ventura, Biblioteca Civica, Reggio Emilia, 1981\" data-caption-desc=\"&lt;i&gt;Il giro del mondo in 80 giorni&lt;\/i&gt; Le tour du monde en 80 jours, exposition de Luigi Ghirri, Roberto Salbitani, Fulvio Ventura, Biblioteca Civica, Reggio Emilia, 1981\" data-attachment-id=\"3881\" class=\"fg-thumb\"><span class=\"fg-image-wrap\"><img title=\"&lt;i&gt;Il giro del mondo in 80 giorni&lt;\/i&gt; Le tour du monde en 80 jours, exposition de Luigi Ghirri, Roberto Salbitani, Fulvio Ventura, Biblioteca Civica, Reggio Emilia, 1981\" width=\"200\" height=\"136.26373626374\" data-src-fg=\"https:\/\/fulvioventura.org\/wp-content\/uploads\/2020\/12\/Il-giro-del-mondo-1981.jpg\" class=\"fg-image\" \/><\/span><\/a><figcaption class=\"fg-caption\"><div class=\"fg-caption-inner\"><div class=\"fg-caption-desc\"><i>Il giro del mondo in 80 giorni<\/i> Le tour du monde en 80 jours, exposition de Luigi Ghirri, Roberto Salbitani, Fulvio Ventura, Biblioteca Civica, Reggio Emilia, 1981<\/div><\/div><\/figcaption><\/figure><div class=\"fg-loader\"><\/div><\/div><div class=\"fg-item\"><figure class=\"fg-item-inner\"><a href=\"https:\/\/fulvioventura.org\/wp-content\/uploads\/2020\/12\/Fotografia-oggi-Dryphoto-Prato-1983.jpg\" data-caption-title=\"&lt;i&gt;Fotografia oggi&lt;\/i&gt; Photographie aujourd\u2019hui, exposition collective, Galerie Dryphoto, Prato, 1983\" data-caption-desc=\"&lt;i&gt;Fotografia oggi&lt;\/i&gt; Photographie aujourd\u2019hui, exposition collective, Galerie Dryphoto, Prato, 1983\" data-attachment-id=\"3833\" class=\"fg-thumb\"><span class=\"fg-image-wrap\"><img title=\"&lt;i&gt;Fotografia oggi&lt;\/i&gt; Photographie aujourd\u2019hui, exposition collective, Galerie Dryphoto, Prato, 1983\" width=\"200\" height=\"139\" data-src-fg=\"https:\/\/fulvioventura.org\/wp-content\/uploads\/cache\/2020\/12\/Fotografia-oggi-Dryphoto-Prato-1983\/2783682121.jpg\" class=\"fg-image\" \/><\/span><\/a><figcaption class=\"fg-caption\"><div class=\"fg-caption-inner\"><div class=\"fg-caption-desc\"><i>Fotografia oggi<\/i> Photographie aujourd\u2019hui, exposition collective, Galerie Dryphoto, Prato, 1983<\/div><\/div><\/figcaption><\/figure><div class=\"fg-loader\"><\/div><\/div><div class=\"fg-item\"><figure class=\"fg-item-inner\"><a href=\"https:\/\/fulvioventura.org\/wp-content\/uploads\/2020\/12\/Viaggio-in-Italia-1984.jpg\" data-caption-title=\"&lt;i&gt;Viaggio in Italia&lt;\/i&gt; Voyage en Italie, exposition collective, Spazio Immagine, Fiera del Levante, Bari, 1984\" data-caption-desc=\"&lt;i&gt;Viaggio in Italia&lt;\/i&gt; Voyage en Italie, exposition collective, Spazio Immagine, Fiera del Levante, Bari, 1984\" data-attachment-id=\"3949\" class=\"fg-thumb\"><span class=\"fg-image-wrap\"><img title=\"&lt;i&gt;Viaggio in Italia&lt;\/i&gt; Voyage en Italie, exposition collective, Spazio Immagine, Fiera del Levante, Bari, 1984\" width=\"200\" height=\"134\" data-src-fg=\"https:\/\/fulvioventura.org\/wp-content\/uploads\/cache\/2020\/12\/Viaggio-in-Italia-1984\/2836735276.jpg\" class=\"fg-image\" \/><\/span><\/a><figcaption class=\"fg-caption\"><div class=\"fg-caption-inner\"><div class=\"fg-caption-desc\"><i>Viaggio in Italia<\/i> Voyage en Italie, exposition collective, Spazio Immagine, Fiera del Levante, Bari, 1984<\/div><\/div><\/figcaption><\/figure><div class=\"fg-loader\"><\/div><\/div><div class=\"fg-item\"><figure class=\"fg-item-inner\"><a href=\"https:\/\/fulvioventura.org\/wp-content\/uploads\/2020\/12\/otto-fotografi-MILLA.jpeg\" data-caption-title=\"&lt;i&gt;Otto fotografi per interni&lt;\/i&gt; Huit photographes pour int\u00e9rieurs, exposition collective, Galerie Adriana Milla, Milan, 1984\" data-caption-desc=\"&lt;i&gt;Otto fotografi per interni&lt;\/i&gt; Huit photographes pour int\u00e9rieurs, exposition collective, Galerie Adriana Milla, Milan, 1984\" data-attachment-id=\"3909\" class=\"fg-thumb\"><span class=\"fg-image-wrap\"><img title=\"&lt;i&gt;Otto fotografi per interni&lt;\/i&gt; Huit photographes pour int\u00e9rieurs, exposition collective, Galerie Adriana Milla, Milan, 1984\" width=\"200\" height=\"273\" data-src-fg=\"https:\/\/fulvioventura.org\/wp-content\/uploads\/cache\/2020\/12\/otto-fotografi-MILLA\/34746067.jpeg\" class=\"fg-image\" \/><\/span><\/a><figcaption class=\"fg-caption\"><div class=\"fg-caption-inner\"><div class=\"fg-caption-desc\"><i>Otto fotografi per interni<\/i> Huit photographes pour int\u00e9rieurs, exposition collective, Galerie Adriana Milla, Milan, 1984<\/div><\/div><\/figcaption><\/figure><div class=\"fg-loader\"><\/div><\/div><div class=\"fg-item\"><figure class=\"fg-item-inner\"><a href=\"https:\/\/fulvioventura.org\/wp-content\/uploads\/2020\/12\/Quatrieme-Triennale-Fribourg-1985.jpg\" data-caption-title=\"&lt;i&gt;Quatri\u00e8me Triennale Internationale de la Photographie&lt;\/i&gt;, exposition collective, Fribourg, 1985\" data-caption-desc=\"&lt;i&gt;Quatri\u00e8me Triennale Internationale de la Photographie&lt;\/i&gt;, exposition collective, Fribourg, 1985\" data-attachment-id=\"3929\" class=\"fg-thumb\"><span class=\"fg-image-wrap\"><img title=\"&lt;i&gt;Quatri\u00e8me Triennale Internationale de la Photographie&lt;\/i&gt;, exposition collective, Fribourg, 1985\" width=\"200\" height=\"193.54838709677\" data-src-fg=\"https:\/\/fulvioventura.org\/wp-content\/uploads\/2020\/12\/Quatrieme-Triennale-Fribourg-1985.jpg\" class=\"fg-image\" \/><\/span><\/a><figcaption class=\"fg-caption\"><div class=\"fg-caption-inner\"><div class=\"fg-caption-desc\"><i>Quatri\u00e8me Triennale Internationale de la Photographie<\/i>, exposition collective, Fribourg, 1985<\/div><\/div><\/figcaption><\/figure><div class=\"fg-loader\"><\/div><\/div><div class=\"fg-item\"><figure class=\"fg-item-inner\"><a href=\"https:\/\/fulvioventura.org\/wp-content\/uploads\/2020\/12\/Napoli-85-Napoli-1985.jpg\" data-caption-title=\"&lt;i&gt;Napoli \u201985 - Cartoline da Napoli&lt;\/i&gt; Naples \u201985 - Cartes postales de Naples, exposition collective, Mus\u00e9e Diego Aragona, Naples, 1985\" data-caption-desc=\"&lt;i&gt;Napoli \u201985 - Cartoline da Napoli&lt;\/i&gt; Naples \u201985 - Cartes postales de Naples, exposition collective, Mus\u00e9e Diego Aragona, Naples, 1985\" data-attachment-id=\"3905\" class=\"fg-thumb\"><span class=\"fg-image-wrap\"><img title=\"&lt;i&gt;Napoli \u201985 - Cartoline da Napoli&lt;\/i&gt; Naples \u201985 - Cartes postales de Naples, exposition collective, Mus\u00e9e Diego Aragona, Naples, 1985\" width=\"200\" height=\"135\" data-src-fg=\"https:\/\/fulvioventura.org\/wp-content\/uploads\/cache\/2020\/12\/Napoli-85-Napoli-1985\/1793082027.jpg\" class=\"fg-image\" \/><\/span><\/a><figcaption class=\"fg-caption\"><div class=\"fg-caption-inner\"><div class=\"fg-caption-desc\"><i>Napoli \u201985 - Cartoline da Napoli<\/i> Naples \u201985 - Cartes postales de Naples, exposition collective, Mus\u00e9e Diego Aragona, Naples, 1985<\/div><\/div><\/figcaption><\/figure><div class=\"fg-loader\"><\/div><\/div><div class=\"fg-item\"><figure class=\"fg-item-inner\"><a href=\"https:\/\/fulvioventura.org\/wp-content\/uploads\/2020\/11\/Autoscatto-Torino-1986.jpeg\" data-caption-title=\"&lt;i&gt;Selfie \u2013 1956-1986 Trente ans de photographie et voitures&lt;\/i&gt;, exposition collective, Forum Quattroruote, Turin, 1986\" data-caption-desc=\"&lt;i&gt;Selfie \u2013 1956-1986 Trente ans de photographie et voitures&lt;\/i&gt;, exposition collective, Forum Quattroruote, Turin, 1986\" data-attachment-id=\"5676\" class=\"fg-thumb\"><span class=\"fg-image-wrap\"><img title=\"&lt;i&gt;Selfie \u2013 1956-1986 Trente ans de photographie et voitures&lt;\/i&gt;, exposition collective, Forum Quattroruote, Turin, 1986\" width=\"200\" height=\"133\" data-src-fg=\"https:\/\/fulvioventura.org\/wp-content\/uploads\/cache\/2020\/11\/Autoscatto-Torino-1986\/1678136434.jpeg\" class=\"fg-image\" \/><\/span><\/a><figcaption class=\"fg-caption\"><div class=\"fg-caption-inner\"><div class=\"fg-caption-desc\"><i>Selfie \u2013 1956-1986 Trente ans de photographie et voitures<\/i>, exposition collective, Forum Quattroruote, Turin, 1986<\/div><\/div><\/figcaption><\/figure><div class=\"fg-loader\"><\/div><\/div><div class=\"fg-item\"><figure class=\"fg-item-inner\"><a href=\"https:\/\/fulvioventura.org\/wp-content\/uploads\/2020\/12\/Napoli-85-\u2013-Roma-1986.jpg\" data-caption-title=\"&lt;i&gt;Napoli \u201985 - Cartoline da Napoli&lt;\/i&gt; Naples \u201985 - Cartes postales de Naples, exposition collective, Institut national pour la grafique\/calcographie, Rome, 1986\" data-caption-desc=\"&lt;i&gt;Napoli \u201985 - Cartoline da Napoli&lt;\/i&gt; Naples \u201985 - Cartes postales de Naples, exposition collective, Institut national pour la grafique\/calcographie, Rome, 1986\" data-attachment-id=\"3897\" class=\"fg-thumb\"><span class=\"fg-image-wrap\"><img title=\"&lt;i&gt;Napoli \u201985 - Cartoline da Napoli&lt;\/i&gt; Naples \u201985 - Cartes postales de Naples, exposition collective, Institut national pour la grafique\/calcographie, Rome, 1986\" width=\"200\" height=\"137\" data-src-fg=\"https:\/\/fulvioventura.org\/wp-content\/uploads\/cache\/2020\/12\/Napoli-85-\u2013-Roma-1986\/1316387143.jpg\" class=\"fg-image\" \/><\/span><\/a><figcaption class=\"fg-caption\"><div class=\"fg-caption-inner\"><div class=\"fg-caption-desc\"><i>Napoli \u201985 - Cartoline da Napoli<\/i> Naples \u201985 - Cartes postales de Naples, exposition collective, Institut national pour la grafique\/calcographie, Rome, 1986<\/div><\/div><\/figcaption><\/figure><div class=\"fg-loader\"><\/div><\/div><div class=\"fg-item\"><figure class=\"fg-item-inner\"><a href=\"https:\/\/fulvioventura.org\/wp-content\/uploads\/2020\/12\/Foto-contemporanea-Milano-1988.jpg\" data-caption-title=\"&lt;i&gt;Fotografia contemporanea&lt;\/i&gt; Photographie contemporaine, exposition collective, Triennale, Milan, 1988\" data-caption-desc=\"&lt;i&gt;Fotografia contemporanea&lt;\/i&gt; Photographie contemporaine, exposition collective, Triennale, Milan, 1988\" data-attachment-id=\"3821\" class=\"fg-thumb\"><span class=\"fg-image-wrap\"><img title=\"&lt;i&gt;Fotografia contemporanea&lt;\/i&gt; Photographie contemporaine, exposition collective, Triennale, Milan, 1988\" width=\"200\" height=\"203.38983050847\" data-src-fg=\"https:\/\/fulvioventura.org\/wp-content\/uploads\/2020\/12\/Foto-contemporanea-Milano-1988.jpg\" class=\"fg-image\" \/><\/span><\/a><figcaption class=\"fg-caption\"><div class=\"fg-caption-inner\"><div class=\"fg-caption-desc\"><i>Fotografia contemporanea<\/i> Photographie contemporaine, exposition collective, Triennale, Milan, 1988<\/div><\/div><\/figcaption><\/figure><div class=\"fg-loader\"><\/div><\/div><div class=\"fg-item\"><figure class=\"fg-item-inner\"><a href=\"https:\/\/fulvioventura.org\/wp-content\/uploads\/2020\/11\/Sullacqua-1988.jpeg\" data-caption-title=\"&lt;i&gt;Sull\u2019acqua&lt;\/i&gt; Sur l\u2019eau, exposition collective, Museo del Paesaggio, Verbania, 1988\" data-caption-desc=\"&lt;i&gt;Sull\u2019acqua&lt;\/i&gt; Sur l\u2019eau, exposition collective, Museo del Paesaggio, Verbania, 1988\" data-attachment-id=\"5684\" class=\"fg-thumb\"><span class=\"fg-image-wrap\"><img title=\"&lt;i&gt;Sull\u2019acqua&lt;\/i&gt; Sur l\u2019eau, exposition collective, Museo del Paesaggio, Verbania, 1988\" width=\"200\" height=\"200\" data-src-fg=\"https:\/\/fulvioventura.org\/wp-content\/uploads\/cache\/2020\/11\/Sullacqua-1988\/2733934481.jpeg\" class=\"fg-image\" \/><\/span><\/a><figcaption class=\"fg-caption\"><div class=\"fg-caption-inner\"><div class=\"fg-caption-desc\"><i>Sull\u2019acqua<\/i> Sur l\u2019eau, exposition collective, Museo del Paesaggio, Verbania, 1988<\/div><\/div><\/figcaption><\/figure><div class=\"fg-loader\"><\/div><\/div><div class=\"fg-item\"><figure class=\"fg-item-inner\"><a href=\"https:\/\/fulvioventura.org\/wp-content\/uploads\/2020\/12\/Giardini-dEuropa-Reggio-Emilia-1988.jpg\" data-caption-title=\"&lt;i&gt;Giardini d\u2019Europa&lt;\/i&gt; Jardins d\u2019Europe, exposition collective, Biblioteca Civica, Reggio Emilia, 1988\" data-caption-desc=\"&lt;i&gt;Giardini d\u2019Europa&lt;\/i&gt; Jardins d\u2019Europe, exposition collective, Biblioteca Civica, Reggio Emilia, 1988\" data-attachment-id=\"3873\" class=\"fg-thumb\"><span class=\"fg-image-wrap\"><img title=\"&lt;i&gt;Giardini d\u2019Europa&lt;\/i&gt; Jardins d\u2019Europe, exposition collective, Biblioteca Civica, Reggio Emilia, 1988\" width=\"200\" height=\"192.51336898396\" data-src-fg=\"https:\/\/fulvioventura.org\/wp-content\/uploads\/2020\/12\/Giardini-dEuropa-Reggio-Emilia-1988.jpg\" class=\"fg-image\" \/><\/span><\/a><figcaption class=\"fg-caption\"><div class=\"fg-caption-inner\"><div class=\"fg-caption-desc\"><i>Giardini d\u2019Europa<\/i> Jardins d\u2019Europe, exposition collective, Biblioteca Civica, Reggio Emilia, 1988<\/div><\/div><\/figcaption><\/figure><div class=\"fg-loader\"><\/div><\/div><div class=\"fg-item\"><figure class=\"fg-item-inner\"><a href=\"https:\/\/fulvioventura.org\/wp-content\/uploads\/2020\/12\/Galleria-Agora-Torino-1992.jpg\" data-caption-title=\"&lt;i&gt;Giardini&lt;\/i&gt; Jardins, exposition personnelle, Galerie Agor\u00e0, Turin, 1992\" data-caption-desc=\"&lt;i&gt;Giardini&lt;\/i&gt; Jardins, exposition personnelle, Galerie Agor\u00e0, Turin, 1992\" data-attachment-id=\"3845\" class=\"fg-thumb\"><span class=\"fg-image-wrap\"><img title=\"&lt;i&gt;Giardini&lt;\/i&gt; Jardins, exposition personnelle, Galerie Agor\u00e0, Turin, 1992\" width=\"200\" height=\"137\" data-src-fg=\"https:\/\/fulvioventura.org\/wp-content\/uploads\/cache\/2020\/12\/Galleria-Agora-Torino-1992\/1326756365.jpg\" class=\"fg-image\" \/><\/span><\/a><figcaption class=\"fg-caption\"><div class=\"fg-caption-inner\"><div class=\"fg-caption-desc\"><i>Giardini<\/i> Jardins, exposition personnelle, Galerie Agor\u00e0, Turin, 1992<\/div><\/div><\/figcaption><\/figure><div class=\"fg-loader\"><\/div><\/div><div class=\"fg-item\"><figure class=\"fg-item-inner\"><a href=\"https:\/\/fulvioventura.org\/wp-content\/uploads\/2020\/12\/Secondo-Paradiso-Torino-1992.jpg\" data-caption-title=\"&lt;i&gt;Il Secondo Paradiso&lt;\/i&gt; Le Deuxi\u00e8me Paradis, exposition collective, Mole Antonelliana, Turin, 1992\" data-caption-desc=\"&lt;i&gt;Il Secondo Paradiso&lt;\/i&gt; Le Deuxi\u00e8me Paradis, exposition collective, Mole Antonelliana, Turin, 1992\" data-attachment-id=\"3941\" class=\"fg-thumb\"><span class=\"fg-image-wrap\"><img title=\"&lt;i&gt;Il Secondo Paradiso&lt;\/i&gt; Le Deuxi\u00e8me Paradis, exposition collective, Mole Antonelliana, Turin, 1992\" width=\"200\" height=\"201.11731843575\" data-src-fg=\"https:\/\/fulvioventura.org\/wp-content\/uploads\/2020\/12\/Secondo-Paradiso-Torino-1992.jpg\" class=\"fg-image\" \/><\/span><\/a><figcaption class=\"fg-caption\"><div class=\"fg-caption-inner\"><div class=\"fg-caption-desc\"><i>Il Secondo Paradiso<\/i> Le Deuxi\u00e8me Paradis, exposition collective, Mole Antonelliana, Turin, 1992<\/div><\/div><\/figcaption><\/figure><div class=\"fg-loader\"><\/div><\/div><div class=\"fg-item\"><figure class=\"fg-item-inner\"><a href=\"https:\/\/fulvioventura.org\/wp-content\/uploads\/2020\/12\/Archivio-dello-Spazio-Lainate-1993.jpg\" data-caption-title=\"&lt;i&gt;Archivio dello Spazio&lt;\/i&gt; Archive de l\u2019Espace, photos de la commune de Lainate, Palais de la Province, Milan, 1993\" data-caption-desc=\"&lt;i&gt;Archivio dello Spazio&lt;\/i&gt; Archive de l\u2019Espace, photos de la commune de Lainate, Palais de la Province, Milan, 1993\" data-attachment-id=\"3801\" class=\"fg-thumb\"><span class=\"fg-image-wrap\"><img title=\"&lt;i&gt;Archivio dello Spazio&lt;\/i&gt; Archive de l\u2019Espace, photos de la commune de Lainate, Palais de la Province, Milan, 1993\" width=\"200\" height=\"198\" data-src-fg=\"https:\/\/fulvioventura.org\/wp-content\/uploads\/cache\/2020\/12\/Archivio-dello-Spazio-Lainate-1993\/270153445.jpg\" class=\"fg-image\" \/><\/span><\/a><figcaption class=\"fg-caption\"><div class=\"fg-caption-inner\"><div class=\"fg-caption-desc\"><i>Archivio dello Spazio<\/i> Archive de l\u2019Espace, photos de la commune de Lainate, Palais de la Province, Milan, 1993<\/div><\/div><\/figcaption><\/figure><div class=\"fg-loader\"><\/div><\/div><div class=\"fg-item\"><figure class=\"fg-item-inner\"><a href=\"https:\/\/fulvioventura.org\/wp-content\/uploads\/2020\/12\/Muri-di-Carta-Venezia-1993.jpg\" data-caption-title=\"&lt;i&gt;Muri di Carta. Fotografia e Paesaggio dopo le Avanguardie&lt;\/i&gt; Murs en papier. Photographie et Paysage apr\u00e8s les Avant-gardes, exposition collective, Biennale, Venise, 1993\" data-caption-desc=\"&lt;i&gt;Muri di Carta. Fotografia e Paesaggio dopo le Avanguardie&lt;\/i&gt; Murs en papier. Photographie et Paysage apr\u00e8s les Avant-gardes, exposition collective, Biennale, Venise, 1993\" data-attachment-id=\"3893\" class=\"fg-thumb\"><span class=\"fg-image-wrap\"><img title=\"&lt;i&gt;Muri di Carta. Fotografia e Paesaggio dopo le Avanguardie&lt;\/i&gt; Murs en papier. Photographie et Paysage apr\u00e8s les Avant-gardes, exposition collective, Biennale, Venise, 1993\" width=\"200\" height=\"141\" data-src-fg=\"https:\/\/fulvioventura.org\/wp-content\/uploads\/cache\/2020\/12\/Muri-di-Carta-Venezia-1993\/2695957481.jpg\" class=\"fg-image\" \/><\/span><\/a><figcaption class=\"fg-caption\"><div class=\"fg-caption-inner\"><div class=\"fg-caption-desc\"><i>Muri di Carta. Fotografia e Paesaggio dopo le Avanguardie<\/i> Murs en papier. Photographie et Paysage apr\u00e8s les Avant-gardes, exposition collective, Biennale, Venise, 1993<\/div><\/div><\/figcaption><\/figure><div class=\"fg-loader\"><\/div><\/div><div class=\"fg-item\"><figure class=\"fg-item-inner\"><a href=\"https:\/\/fulvioventura.org\/wp-content\/uploads\/2020\/12\/Archivio-dello-Spazio-Limbiate-1994.jpg\" data-caption-title=\"&lt;i&gt;Archivio dello Spazio&lt;\/i&gt; Archive de l\u2019Espace, photos de la commune de Limbiate, Palais de la Province, Milan, 1994\" data-caption-desc=\"&lt;i&gt;Archivio dello Spazio&lt;\/i&gt; Archive de l\u2019Espace, photos de la commune de Limbiate, Palais de la Province, Milan, 1994\" data-attachment-id=\"3805\" class=\"fg-thumb\"><span class=\"fg-image-wrap\"><img title=\"&lt;i&gt;Archivio dello Spazio&lt;\/i&gt; Archive de l\u2019Espace, photos de la commune de Limbiate, Palais de la Province, Milan, 1994\" width=\"200\" height=\"143\" data-src-fg=\"https:\/\/fulvioventura.org\/wp-content\/uploads\/cache\/2020\/12\/Archivio-dello-Spazio-Limbiate-1994\/568219892.jpg\" class=\"fg-image\" \/><\/span><\/a><figcaption class=\"fg-caption\"><div class=\"fg-caption-inner\"><div class=\"fg-caption-desc\"><i>Archivio dello Spazio<\/i> Archive de l\u2019Espace, photos de la commune de Limbiate, Palais de la Province, Milan, 1994<\/div><\/div><\/figcaption><\/figure><div class=\"fg-loader\"><\/div><\/div><div class=\"fg-item\"><figure class=\"fg-item-inner\"><a href=\"https:\/\/fulvioventura.org\/wp-content\/uploads\/2020\/12\/Archivio-dello-Spazio-Ozzero-1995.jpg\" data-caption-title=\"&lt;i&gt;Archivio dello Spazio&lt;\/i&gt; Archive de l\u2019Espace, photos de la commune de Ozzero, Palais de la Province, Milan, 1995\" data-caption-desc=\"&lt;i&gt;Archivio dello Spazio&lt;\/i&gt; Archive de l\u2019Espace, photos de la commune de Ozzero, Palais de la Province, Milan, 1995\" data-attachment-id=\"3809\" class=\"fg-thumb\"><span class=\"fg-image-wrap\"><img title=\"&lt;i&gt;Archivio dello Spazio&lt;\/i&gt; Archive de l\u2019Espace, photos de la commune de Ozzero, Palais de la Province, Milan, 1995\" width=\"200\" height=\"153\" data-src-fg=\"https:\/\/fulvioventura.org\/wp-content\/uploads\/cache\/2020\/12\/Archivio-dello-Spazio-Ozzero-1995\/43077778.jpg\" class=\"fg-image\" \/><\/span><\/a><figcaption class=\"fg-caption\"><div class=\"fg-caption-inner\"><div class=\"fg-caption-desc\"><i>Archivio dello Spazio<\/i> Archive de l\u2019Espace, photos de la commune de Ozzero, Palais de la Province, Milan, 1995<\/div><\/div><\/figcaption><\/figure><div class=\"fg-loader\"><\/div><\/div><div class=\"fg-item\"><figure class=\"fg-item-inner\"><a href=\"https:\/\/fulvioventura.org\/wp-content\/uploads\/2020\/12\/Paesaggio-con-auto-1995.jpg\" data-caption-title=\"&lt;i&gt;Paesaggio con auto&lt;\/i&gt; Paysage avec auto, exposition personnelle, Universit\u00e9 Bocconi, Milan, 1995\" data-caption-desc=\"&lt;i&gt;Paesaggio con auto&lt;\/i&gt; Paysage avec auto, exposition personnelle, Universit\u00e9 Bocconi, Milan, 1995\" data-attachment-id=\"3917\" class=\"fg-thumb\"><span class=\"fg-image-wrap\"><img title=\"&lt;i&gt;Paesaggio con auto&lt;\/i&gt; Paysage avec auto, exposition personnelle, Universit\u00e9 Bocconi, Milan, 1995\" width=\"200\" height=\"205.12820512821\" data-src-fg=\"https:\/\/fulvioventura.org\/wp-content\/uploads\/2020\/12\/Paesaggio-con-auto-1995.jpg\" class=\"fg-image\" \/><\/span><\/a><figcaption class=\"fg-caption\"><div class=\"fg-caption-inner\"><div class=\"fg-caption-desc\"><i>Paesaggio con auto<\/i> Paysage avec auto, exposition personnelle, Universit\u00e9 Bocconi, Milan, 1995<\/div><\/div><\/figcaption><\/figure><div class=\"fg-loader\"><\/div><\/div><div class=\"fg-item\"><figure class=\"fg-item-inner\"><a href=\"https:\/\/fulvioventura.org\/wp-content\/uploads\/2020\/12\/Pagine-di-fotografia-1998.jpg\" data-caption-title=\"&lt;i&gt;Pagine di fotografia italiana&lt;\/i&gt; Pages de photographie italienne, exposition collective, Galerie Gottardo, Lugano, 1998\" data-caption-desc=\"&lt;i&gt;Pagine di fotografia italiana&lt;\/i&gt; Pages de photographie italienne, exposition collective, Galerie Gottardo, Lugano, 1998\" data-attachment-id=\"3921\" class=\"fg-thumb\"><span class=\"fg-image-wrap\"><img title=\"&lt;i&gt;Pagine di fotografia italiana&lt;\/i&gt; Pages de photographie italienne, exposition collective, Galerie Gottardo, Lugano, 1998\" width=\"200\" height=\"147\" data-src-fg=\"https:\/\/fulvioventura.org\/wp-content\/uploads\/cache\/2020\/12\/Pagine-di-fotografia-1998\/3978300647.jpg\" class=\"fg-image\" \/><\/span><\/a><figcaption class=\"fg-caption\"><div class=\"fg-caption-inner\"><div class=\"fg-caption-desc\"><i>Pagine di fotografia italiana<\/i> Pages de photographie italienne, exposition collective, Galerie Gottardo, Lugano, 1998<\/div><\/div><\/figcaption><\/figure><div class=\"fg-loader\"><\/div><\/div><div class=\"fg-item\"><figure class=\"fg-item-inner\"><a href=\"https:\/\/fulvioventura.org\/wp-content\/uploads\/2020\/12\/Archivio-dello-Spazio-1998.jpg\" data-caption-title=\"&lt;i&gt;Archivio dello Spazio 1987-\u201997&lt;\/i&gt; Archive de l\u2019Espace, exposition collective, Palais de la Province, Milan, 1998\" data-caption-desc=\"&lt;i&gt;Archivio dello Spazio 1987-\u201997&lt;\/i&gt; Archive de l\u2019Espace, exposition collective, Palais de la Province, Milan, 1998\" data-attachment-id=\"3797\" class=\"fg-thumb\"><span class=\"fg-image-wrap\"><img title=\"&lt;i&gt;Archivio dello Spazio 1987-\u201997&lt;\/i&gt; Archive de l\u2019Espace, exposition collective, Palais de la Province, Milan, 1998\" width=\"200\" height=\"152\" data-src-fg=\"https:\/\/fulvioventura.org\/wp-content\/uploads\/cache\/2020\/12\/Archivio-dello-Spazio-1998\/1465082191.jpg\" class=\"fg-image\" \/><\/span><\/a><figcaption class=\"fg-caption\"><div class=\"fg-caption-inner\"><div class=\"fg-caption-desc\"><i>Archivio dello Spazio 1987-\u201997<\/i> Archive de l\u2019Espace, exposition collective, Palais de la Province, Milan, 1998<\/div><\/div><\/figcaption><\/figure><div class=\"fg-loader\"><\/div><\/div><div class=\"fg-item\"><figure class=\"fg-item-inner\"><a href=\"https:\/\/fulvioventura.org\/wp-content\/uploads\/2020\/12\/Racconti-dal-paesaggio-2004.jpg\" data-caption-title=\"&lt;i&gt;Racconti dal Paesaggio 1984-2004 - A vent\u2019anni da Viaggio in Italia&lt;\/i&gt; Contes du Paysage. Vingt ans apr\u00e8s &lt;i&gt;Voyage en Italie&lt;\/i&gt;, exposition collective, Triennale, Milan, 2004\" data-caption-desc=\"&lt;i&gt;Racconti dal Paesaggio 1984-2004 - A vent\u2019anni da Viaggio in Italia&lt;\/i&gt; Contes du Paysage. Vingt ans apr\u00e8s &lt;i&gt;Voyage en Italie&lt;\/i&gt;, exposition collective, Triennale, Milan, 2004\" data-attachment-id=\"3933\" class=\"fg-thumb\"><span class=\"fg-image-wrap\"><img title=\"&lt;i&gt;Racconti dal Paesaggio 1984-2004 - A vent\u2019anni da Viaggio in Italia&lt;\/i&gt; Contes du Paysage. Vingt ans apr\u00e8s &lt;i&gt;Voyage en Italie&lt;\/i&gt;, exposition collective, Triennale, Milan, 2004\" width=\"200\" height=\"136\" data-src-fg=\"https:\/\/fulvioventura.org\/wp-content\/uploads\/cache\/2020\/12\/Racconti-dal-paesaggio-2004\/2751952681.jpg\" class=\"fg-image\" \/><\/span><\/a><figcaption class=\"fg-caption\"><div class=\"fg-caption-inner\"><div class=\"fg-caption-desc\"><i>Racconti dal Paesaggio 1984-2004 - A vent\u2019anni da Viaggio in Italia<\/i> Contes du Paysage. Vingt ans apr\u00e8s <i>Voyage en Italie<\/i>, exposition collective, Triennale, Milan, 2004<\/div><\/div><\/figcaption><\/figure><div class=\"fg-loader\"><\/div><\/div><div class=\"fg-item\"><figure class=\"fg-item-inner\"><a href=\"https:\/\/fulvioventura.org\/wp-content\/uploads\/2021\/03\/VOD45C_052-web.jpg\" data-caption-title=\"&lt;i&gt;Naturale. Grammatica della Natura&lt;\/i&gt;, exposition collective, Villa Ghirlanda, Cinisello Balsamo, 2006\" data-caption-desc=\"&lt;i&gt;Naturale. Grammatica della Natura&lt;\/i&gt;, exposition collective, Villa Ghirlanda, Cinisello Balsamo, 2006\" data-attachment-id=\"5692\" class=\"fg-thumb\"><span class=\"fg-image-wrap\"><img title=\"&lt;i&gt;Naturale. Grammatica della Natura&lt;\/i&gt;, exposition collective, Villa Ghirlanda, Cinisello Balsamo, 2006\" width=\"200\" height=\"156\" data-src-fg=\"https:\/\/fulvioventura.org\/wp-content\/uploads\/cache\/2021\/03\/VOD45C_052-web\/3491633980.jpg\" class=\"fg-image\" \/><\/span><\/a><figcaption class=\"fg-caption\"><div class=\"fg-caption-inner\"><div class=\"fg-caption-desc\"><i>Naturale. Grammatica della Natura<\/i>, exposition collective, Villa Ghirlanda, Cinisello Balsamo, 2006<\/div><\/div><\/figcaption><\/figure><div class=\"fg-loader\"><\/div><\/div><div class=\"fg-item\"><figure class=\"fg-item-inner\"><a href=\"https:\/\/fulvioventura.org\/wp-content\/uploads\/2020\/12\/Fotografia-le-collezioni-Roma-2010.jpg\" data-caption-title=\"&lt;i&gt;Fotografia: le Collezioni&lt;\/i&gt;, exposition collective, Museo nazionale delle arti del XXI\u00b0 secolo, Rome, 2010\" data-caption-desc=\"&lt;i&gt;Fotografia: le Collezioni&lt;\/i&gt;, exposition collective, Museo nazionale delle arti del XXI\u00b0 secolo, Rome, 2010\" data-attachment-id=\"3829\" class=\"fg-thumb\"><span class=\"fg-image-wrap\"><img title=\"&lt;i&gt;Fotografia: le Collezioni&lt;\/i&gt;, exposition collective, Museo nazionale delle arti del XXI\u00b0 secolo, Rome, 2010\" width=\"200\" height=\"136\" data-src-fg=\"https:\/\/fulvioventura.org\/wp-content\/uploads\/cache\/2020\/12\/Fotografia-le-collezioni-Roma-2010\/2638080592.jpg\" class=\"fg-image\" \/><\/span><\/a><figcaption class=\"fg-caption\"><div class=\"fg-caption-inner\"><div class=\"fg-caption-desc\"><i>Fotografia: le Collezioni<\/i>, exposition collective, Museo nazionale delle arti del XXI\u00b0 secolo, Rome, 2010<\/div><\/div><\/figcaption><\/figure><div class=\"fg-loader\"><\/div><\/div><div class=\"fg-item\"><figure class=\"fg-item-inner\"><a href=\"https:\/\/fulvioventura.org\/wp-content\/uploads\/2020\/12\/Atlante-italiano-007-MAXXI-Roma-2007.jpg\" data-caption-title=\"&lt;i&gt;Atlante italiano 007. Rischio paesaggio. Ritratto dell&#039;Italia che cambia&lt;\/i&gt; Atlas italien. Risque paysage. Portrait de l\u2019Italie qui change, exposition collective, Museo nazionale delle arti del XXI\u00b0 secolo, Rome, 2007\" data-caption-desc=\"&lt;i&gt;Atlante italiano 007. Rischio paesaggio. Ritratto dell&#039;Italia che cambia&lt;\/i&gt; Atlas italien. Risque paysage. Portrait de l\u2019Italie qui change, exposition collective, Museo nazionale delle arti del XXI\u00b0 secolo, Rome, 2007\" data-attachment-id=\"3813\" class=\"fg-thumb\"><span class=\"fg-image-wrap\"><img title=\"&lt;i&gt;Atlante italiano 007. Rischio paesaggio. Ritratto dell&#039;Italia che cambia&lt;\/i&gt; Atlas italien. Risque paysage. Portrait de l\u2019Italie qui change, exposition collective, Museo nazionale delle arti del XXI\u00b0 secolo, Rome, 2007\" width=\"200\" height=\"136\" data-src-fg=\"https:\/\/fulvioventura.org\/wp-content\/uploads\/cache\/2020\/12\/Atlante-italiano-007-MAXXI-Roma-2007\/1781872170.jpg\" class=\"fg-image\" \/><\/span><\/a><figcaption class=\"fg-caption\"><div class=\"fg-caption-inner\"><div class=\"fg-caption-desc\"><i>Atlante italiano 007. Rischio paesaggio. Ritratto dell'Italia che cambia<\/i> Atlas italien. Risque paysage. Portrait de l\u2019Italie qui change, exposition collective, Museo nazionale delle arti del XXI\u00b0 secolo, Rome, 2007<\/div><\/div><\/figcaption><\/figure><div class=\"fg-loader\"><\/div><\/div><div class=\"fg-item\"><figure class=\"fg-item-inner\"><a href=\"https:\/\/fulvioventura.org\/wp-content\/uploads\/2020\/12\/MuFoCo-2014.jpg\" data-caption-title=\"&lt;i&gt;2004-2014: opere e progetti del Museo di Fotografia Contemporanea&lt;\/i&gt; \u0152uvres et projets du Mus\u00e9e de Photographie Contemporaine, exposition collective, MuFoCo, Cinisello Balsamo, 2014\" data-caption-desc=\"&lt;i&gt;2004-2014: opere e progetti del Museo di Fotografia Contemporanea&lt;\/i&gt; \u0152uvres et projets du Mus\u00e9e de Photographie Contemporaine, exposition collective, MuFoCo, Cinisello Balsamo, 2014\" data-attachment-id=\"3889\" class=\"fg-thumb\"><span class=\"fg-image-wrap\"><img title=\"&lt;i&gt;2004-2014: opere e progetti del Museo di Fotografia Contemporanea&lt;\/i&gt; \u0152uvres et projets du Mus\u00e9e de Photographie Contemporaine, exposition collective, MuFoCo, Cinisello Balsamo, 2014\" width=\"200\" height=\"143\" data-src-fg=\"https:\/\/fulvioventura.org\/wp-content\/uploads\/cache\/2020\/12\/MuFoCo-2014\/710224169.jpg\" class=\"fg-image\" \/><\/span><\/a><figcaption class=\"fg-caption\"><div class=\"fg-caption-inner\"><div class=\"fg-caption-desc\"><i>2004-2014: opere e progetti del Museo di Fotografia Contemporanea<\/i> \u0152uvres et projets du Mus\u00e9e de Photographie Contemporaine, exposition collective, MuFoCo, Cinisello Balsamo, 2014<\/div><\/div><\/figcaption><\/figure><div class=\"fg-loader\"><\/div><\/div><div class=\"fg-item\"><figure class=\"fg-item-inner\"><a href=\"https:\/\/fulvioventura.org\/wp-content\/uploads\/2020\/12\/Napoli-85-Cartoline-da-Napoli-2015.jpg\" data-caption-title=\"&lt;i&gt;Blow Up - Fotografia a Napoli 1980-1990&lt;\/i&gt;, exposition collective, Mus\u00e9e Pignatelli, Naples, 2015\" data-caption-desc=\"&lt;i&gt;Blow Up - Fotografia a Napoli 1980-1990&lt;\/i&gt;, exposition collective, Mus\u00e9e Pignatelli, Naples, 2015\" data-attachment-id=\"3901\" class=\"fg-thumb\"><span class=\"fg-image-wrap\"><img title=\"&lt;i&gt;Blow Up - Fotografia a Napoli 1980-1990&lt;\/i&gt;, exposition collective, Mus\u00e9e Pignatelli, Naples, 2015\" width=\"200\" height=\"179.78723404255\" data-src-fg=\"https:\/\/fulvioventura.org\/wp-content\/uploads\/2020\/12\/Napoli-85-Cartoline-da-Napoli-2015.jpg\" class=\"fg-image\" \/><\/span><\/a><figcaption class=\"fg-caption\"><div class=\"fg-caption-inner\"><div class=\"fg-caption-desc\"><i>Blow Up - Fotografia a Napoli 1980-1990<\/i>, exposition collective, Mus\u00e9e Pignatelli, Naples, 2015<\/div><\/div><\/figcaption><\/figure><div class=\"fg-loader\"><\/div><\/div><div class=\"fg-item\"><figure class=\"fg-item-inner\"><a href=\"https:\/\/fulvioventura.org\/wp-content\/uploads\/2020\/11\/hanshan_006.jpg\" data-caption-title=\"&lt;i&gt;Guardare al paesaggio&lt;\/i&gt;, exposition collective, Galerie Dryphoto, Prato, 2016\" data-caption-desc=\"&lt;i&gt;Guardare al paesaggio&lt;\/i&gt;, exposition collective, Galerie Dryphoto, Prato, 2016\" data-attachment-id=\"5460\" class=\"fg-thumb\"><span class=\"fg-image-wrap\"><img title=\"&lt;i&gt;Guardare al paesaggio&lt;\/i&gt;, exposition collective, Galerie Dryphoto, Prato, 2016\" width=\"200\" height=\"148\" data-src-fg=\"https:\/\/fulvioventura.org\/wp-content\/uploads\/cache\/2020\/11\/hanshan_006\/1656648786.jpg\" class=\"fg-image\" \/><\/span><\/a><figcaption class=\"fg-caption\"><div class=\"fg-caption-inner\"><div class=\"fg-caption-desc\"><i>Guardare al paesaggio<\/i>, exposition collective, Galerie Dryphoto, Prato, 2016<\/div><\/div><\/figcaption><\/figure><div class=\"fg-loader\"><\/div><\/div><div class=\"fg-item\"><figure class=\"fg-item-inner\"><a href=\"https:\/\/fulvioventura.org\/wp-content\/uploads\/2023\/04\/JR45BN_002.jpg\" data-caption-title=\"&lt;i&gt;Un piede nell\u2019Eden&lt;\/i&gt;, exposition collective, Palazzo dei Musei, Reggio Emilia, 2023\" data-caption-desc=\"&lt;i&gt;Un piede nell\u2019Eden&lt;\/i&gt;, exposition collective, Palazzo dei Musei, Reggio Emilia, 2023\" data-attachment-id=\"6616\" class=\"fg-thumb\"><span class=\"fg-image-wrap\"><img title=\"&lt;i&gt;Un piede nell\u2019Eden&lt;\/i&gt;, exposition collective, Palazzo dei Musei, Reggio Emilia, 2023\" width=\"200\" height=\"131\" data-src-fg=\"https:\/\/fulvioventura.org\/wp-content\/uploads\/cache\/2023\/04\/JR45BN_002\/3921975888.jpg\" class=\"fg-image\" \/><\/span><\/a><figcaption class=\"fg-caption\"><div class=\"fg-caption-inner\"><div class=\"fg-caption-desc\"><i>Un piede nell\u2019Eden<\/i>, exposition collective, Palazzo dei Musei, Reggio Emilia, 2023<\/div><\/div><\/figcaption><\/figure><div class=\"fg-loader\"><\/div><\/div><div class=\"fg-item\"><figure class=\"fg-item-inner\"><a href=\"https:\/\/fulvioventura.org\/wp-content\/uploads\/2023\/08\/POSTER_Sacre_Selve_70x100_x_visione_11-agosto_page-0001-scaled.jpg\" data-caption-title=\"&lt;i&gt;Dalla parte della natura&lt;\/i&gt;, exposition personnelle, Cappella dell\u2019Incoronata, Ghiffa (Verbania), 2023\" data-caption-desc=\"&lt;i&gt;Dalla parte della natura&lt;\/i&gt;, exposition personnelle, Cappella dell\u2019Incoronata, Ghiffa (Verbania), 2023\" data-attachment-id=\"6757\" class=\"fg-thumb\"><span class=\"fg-image-wrap\"><img title=\"&lt;i&gt;Dalla parte della natura&lt;\/i&gt;, exposition personnelle, Cappella dell\u2019Incoronata, Ghiffa (Verbania), 2023\" width=\"200\" height=\"285\" data-src-fg=\"https:\/\/fulvioventura.org\/wp-content\/uploads\/cache\/2023\/08\/POSTER_Sacre_Selve_70x100_x_visione_11-agosto_page-0001-scaled\/2347761547.jpg\" class=\"fg-image\" \/><\/span><\/a><figcaption class=\"fg-caption\"><div class=\"fg-caption-inner\"><div class=\"fg-caption-desc\"><i>Dalla parte della natura<\/i>, exposition personnelle, Cappella dell\u2019Incoronata, Ghiffa (Verbania), 2023<\/div><\/div><\/figcaption><\/figure><div class=\"fg-loader\"><\/div><\/div><div class=\"fg-item\"><figure class=\"fg-item-inner\"><a href=\"https:\/\/fulvioventura.org\/wp-content\/uploads\/2020\/11\/348903255_6302368184798_9190049949356099513_n.jpg\" data-caption-title=\"&lt;i&gt;L\u2019Italia \u00e8 un desiderio&lt;\/i&gt;, exposition collective, Scuderie del Quirinale, Roma, 2023\" data-caption-desc=\"&lt;i&gt;L\u2019Italia \u00e8 un desiderio&lt;\/i&gt;, exposition collective, Scuderie del Quirinale, Roma, 2023\" data-attachment-id=\"6769\" class=\"fg-thumb\"><span class=\"fg-image-wrap\"><img title=\"&lt;i&gt;L\u2019Italia \u00e8 un desiderio&lt;\/i&gt;, exposition collective, Scuderie del Quirinale, Roma, 2023\" width=\"200\" height=\"200\" data-src-fg=\"https:\/\/fulvioventura.org\/wp-content\/uploads\/cache\/2020\/11\/348903255_6302368184798_9190049949356099513_n\/2710661252.jpg\" class=\"fg-image\" \/><\/span><\/a><figcaption class=\"fg-caption\"><div class=\"fg-caption-inner\"><div class=\"fg-caption-desc\"><i>L\u2019Italia \u00e8 un desiderio<\/i>, exposition collective, Scuderie del Quirinale, Roma, 2023<\/div><\/div><\/figcaption><\/figure><div class=\"fg-loader\"><\/div><\/div><div class=\"fg-item\"><figure class=\"fg-item-inner\"><a href=\"https:\/\/fulvioventura.org\/wp-content\/uploads\/2025\/02\/465270991_572186488518285_2001824775792631648_n.jpg\" data-caption-title=\"&lt;i&gt;Viaggio in Italia&lt;\/i&gt;, exposition collective, Institut Italien de Culture, Paris, 2024\" data-caption-desc=\"&lt;i&gt;Viaggio in Italia&lt;\/i&gt;, exposition collective, Institut Italien de Culture, Paris, 2024\" data-attachment-id=\"6836\" class=\"fg-thumb\"><span class=\"fg-image-wrap\"><img title=\"&lt;i&gt;Viaggio in Italia&lt;\/i&gt;, exposition collective, Institut Italien de Culture, Paris, 2024\" width=\"200\" height=\"267\" data-src-fg=\"https:\/\/fulvioventura.org\/wp-content\/uploads\/cache\/2025\/02\/465270991_572186488518285_2001824775792631648_n\/1465506749.jpg\" class=\"fg-image\" \/><\/span><\/a><figcaption class=\"fg-caption\"><div class=\"fg-caption-inner\"><div class=\"fg-caption-desc\"><i>Viaggio in Italia<\/i>, exposition collective, Institut Italien de Culture, Paris, 2024<\/div><\/div><\/figcaption><\/figure><div class=\"fg-loader\"><\/div><\/div><div class=\"fg-item\"><figure class=\"fg-item-inner\"><a href=\"https:\/\/fulvioventura.org\/wp-content\/uploads\/2025\/02\/Gabriella-Guerci-copie.jpeg\" data-caption-title=\"&lt;i&gt;Viaggio in Italia&lt;\/i&gt;, exposition collective, Institut Italien de Culture, Londre, 2025\" data-caption-desc=\"&lt;i&gt;Viaggio in Italia&lt;\/i&gt;, exposition collective, Institut Italien de Culture, Londre, 2025\" data-attachment-id=\"6814\" class=\"fg-thumb\"><span class=\"fg-image-wrap\"><img title=\"&lt;i&gt;Viaggio in Italia&lt;\/i&gt;, exposition collective, Institut Italien de Culture, Londre, 2025\" width=\"200\" height=\"227\" data-src-fg=\"https:\/\/fulvioventura.org\/wp-content\/uploads\/cache\/2025\/02\/Gabriella-Guerci-copie\/862025472.jpeg\" class=\"fg-image\" \/><\/span><\/a><figcaption class=\"fg-caption\"><div class=\"fg-caption-inner\"><div class=\"fg-caption-desc\"><i>Viaggio in Italia<\/i>, exposition collective, Institut Italien de Culture, Londre, 2025<\/div><\/div><\/figcaption><\/figure><div class=\"fg-loader\"><\/div><\/div><\/div>\n","protected":false},"excerpt":{"rendered":"<p>expositions<\/p>\n","protected":false},"author":1,"featured_media":0,"parent":0,"menu_order":0,"comment_status":"closed","ping_status":"closed","template":"","meta":[],"_links":{"self":[{"href":"https:\/\/fulvioventura.org\/fr\/wp-json\/wp\/v2\/pages\/431"}],"collection":[{"href":"https:\/\/fulvioventura.org\/fr\/wp-json\/wp\/v2\/pages"}],"about":[{"href":"https:\/\/fulvioventura.org\/fr\/wp-json\/wp\/v2\/types\/page"}],"author":[{"embeddable":true,"href":"https:\/\/fulvioventura.org\/fr\/wp-json\/wp\/v2\/users\/1"}],"replies":[{"embeddable":true,"href":"https:\/\/fulvioventura.org\/fr\/wp-json\/wp\/v2\/comments?post=431"}],"version-history":[{"count":4,"href":"https:\/\/fulvioventura.org\/fr\/wp-json\/wp\/v2\/pages\/431\/revisions"}],"predecessor-version":[{"id":3966,"href":"https:\/\/fulvioventura.org\/fr\/wp-json\/wp\/v2\/pages\/431\/revisions\/3966"}],"wp:attachment":[{"href":"https:\/\/fulvioventura.org\/fr\/wp-json\/wp\/v2\/media?parent=431"}],"curies":[{"name":"wp","href":"https:\/\/api.w.org\/{rel}","templated":true}]}}