{"id":374,"date":"2020-09-01T20:30:03","date_gmt":"2020-09-01T18:30:03","guid":{"rendered":"https:\/\/fulvioventura.org\/publication\/"},"modified":"2020-12-27T18:26:59","modified_gmt":"2020-12-27T17:26:59","slug":"publications","status":"publish","type":"page","link":"https:\/\/fulvioventura.org\/fr\/publications\/","title":{"rendered":"publications"},"content":{"rendered":"<p>[vc_row][vc_column][vc_custom_heading text=\u00a0\u00bbpublications\u00a0\u00bb font_container=\u00a0\u00bbtag:h2|text_align:center\u00a0\u00bb google_fonts=\u00a0\u00bbfont_family:Roboto%3A100%2C100italic%2C300%2C300italic%2Cregular%2Citalic%2C500%2C500italic%2C700%2C700italic%2C900%2C900italic|font_style:400%20regular%3A400%3Anormal\u00a0\u00bb css=\u00a0\u00bb.vc_custom_1609090018414{margin-top: 20px !important;}\u00a0\u00bb][vc_column_text]<\/p>\n<div class=\"foogallery foogallery-container foogallery-masonry foogallery-lightbox-foobox fg-center fg-masonry fg-light fg-shadow-small fg-loaded-fade-in fg-captions-bottom fg-hover-fade fg-ready\" id=\"foogallery-gallery-640\" data-foogallery=\"{&quot;item&quot;:{&quot;showCaptionTitle&quot;:false,&quot;showCaptionDescription&quot;:true},&quot;lazy&quot;:true,&quot;src&quot;:&quot;data-src-fg&quot;,&quot;srcset&quot;:&quot;data-srcset-fg&quot;,&quot;template&quot;:{&quot;layout&quot;:&quot;fixed&quot;,&quot;columnWidth&quot;:200,&quot;gutter&quot;:10}}\" data-fg-common-fields=\"1\" >\r\n\t<div class=\"fg-item\"><figure class=\"fg-item-inner\"><a data-caption-title=\"Poster pour Rudi Dutschke et couverture du livre &lt;i&gt;La ribellione degli studenti&lt;\/i&gt;, \u00e9d. Feltrinelli, 1968\" data-caption-desc=\"Poster pour Rudi Dutschke et couverture du livre &lt;i&gt;La ribellione degli studenti&lt;\/i&gt;, \u00e9d. Feltrinelli, 1968\" data-attachment-id=\"3762\" class=\"fg-thumb\"><span class=\"fg-image-wrap\"><img title=\"Poster pour Rudi Dutschke et couverture du livre &lt;i&gt;La ribellione degli studenti&lt;\/i&gt;, \u00e9d. Feltrinelli, 1968\" width=\"200\" height=\"237\" data-src-fg=\"https:\/\/fulvioventura.org\/wp-content\/uploads\/cache\/2020\/12\/Rudi-Dutschke-a\/3454255149.jpg\" class=\"fg-image\" \/><\/span><\/a><figcaption class=\"fg-caption\"><div class=\"fg-caption-inner\"><div class=\"fg-caption-desc\">Poster pour Rudi Dutschke et couverture du livre <i>La ribellione degli studenti<\/i>, \u00e9d. Feltrinelli, 1968<\/div><\/div><\/figcaption><\/figure><div class=\"fg-loader\"><\/div><\/div><div class=\"fg-item\"><figure class=\"fg-item-inner\"><a data-caption-title=\"Photos de sc\u00e8ne pour le disque &lt;i&gt;Aktuala&lt;\/i&gt;, \u00e9d. Bla Bla, 1973\" data-caption-desc=\"Photos de sc\u00e8ne pour le disque &lt;i&gt;Aktuala&lt;\/i&gt;, \u00e9d. Bla Bla, 1973\" data-attachment-id=\"3226\" class=\"fg-thumb\"><span class=\"fg-image-wrap\"><img title=\"Photos de sc\u00e8ne pour le disque &lt;i&gt;Aktuala&lt;\/i&gt;, \u00e9d. Bla Bla, 1973\" width=\"200\" height=\"201\" data-src-fg=\"https:\/\/fulvioventura.org\/wp-content\/uploads\/cache\/2020\/10\/Pagine-interne-del-disco-Aktuala-ed_-Bla-Bla-1973-a\/1626805624.jpg\" class=\"fg-image\" \/><\/span><\/a><figcaption class=\"fg-caption\"><div class=\"fg-caption-inner\"><div class=\"fg-caption-desc\">Photos de sc\u00e8ne pour le disque <i>Aktuala<\/i>, \u00e9d. Bla Bla, 1973<\/div><\/div><\/figcaption><\/figure><div class=\"fg-loader\"><\/div><\/div><div class=\"fg-item\"><figure class=\"fg-item-inner\"><a data-caption-title=\"Livre Fotografia Italiana - numero speciale sul paesaggio (Photographie italienne - num\u00e9ro sp\u00e9cial sur le paysage) , \u0153uvre collective, Galerie Il Diaframma, Milan, 1974\" data-caption-desc=\"Livre &lt;i&gt;Fotografia Italiana - numero speciale sul paesaggio&lt;\/i&gt; (Photographie italienne - num\u00e9ro sp\u00e9cial sur le paysage), \u0153uvre collective, Galerie Il Diaframma, Milan, 1974\" data-attachment-id=\"2945\" class=\"fg-thumb\"><span class=\"fg-image-wrap\"><img title=\"Livre Fotografia Italiana - numero speciale sul paesaggio (Photographie italienne - num\u00e9ro sp\u00e9cial sur le paysage) , \u0153uvre collective, Galerie Il Diaframma, Milan, 1974\" width=\"200\" height=\"237\" data-src-fg=\"https:\/\/fulvioventura.org\/wp-content\/uploads\/cache\/2020\/09\/Galleria-Il-Diaframma-1974\/3312824372.jpg\" class=\"fg-image\" \/><\/span><\/a><figcaption class=\"fg-caption\"><div class=\"fg-caption-inner\"><div class=\"fg-caption-desc\">Livre <i>Fotografia Italiana - numero speciale sul paesaggio<\/i> (Photographie italienne - num\u00e9ro sp\u00e9cial sur le paysage), \u0153uvre collective, Galerie Il Diaframma, Milan, 1974<\/div><\/div><\/figcaption><\/figure><div class=\"fg-loader\"><\/div><\/div><div class=\"fg-item\"><figure class=\"fg-item-inner\"><a data-caption-title=\"Livre &lt;i&gt;Premi\u00e8re Triennale Internationale de la photographie de Fribourg&lt;\/i&gt;, \u0153uvre collective, 1975\" data-caption-desc=\"Livre &lt;i&gt;Premi\u00e8re Triennale Internationale de la photographie de Fribourg&lt;\/i&gt;, \u0153uvre collective, 1975\" data-attachment-id=\"2942\" class=\"fg-thumb\"><span class=\"fg-image-wrap\"><img title=\"Livre &lt;i&gt;Premi\u00e8re Triennale Internationale de la photographie de Fribourg&lt;\/i&gt;, \u0153uvre collective, 1975\" width=\"200\" height=\"198\" data-src-fg=\"https:\/\/fulvioventura.org\/wp-content\/uploads\/cache\/2020\/09\/Premiere-Triennale-Fribourg-1985\/2538885817.jpg\" class=\"fg-image\" \/><\/span><\/a><figcaption class=\"fg-caption\"><div class=\"fg-caption-inner\"><div class=\"fg-caption-desc\">Livre <i>Premi\u00e8re Triennale Internationale de la photographie de Fribourg<\/i>, \u0153uvre collective, 1975<\/div><\/div><\/figcaption><\/figure><div class=\"fg-loader\"><\/div><\/div><div class=\"fg-item\"><figure class=\"fg-item-inner\"><a data-caption-title=\"Livre 70 Anni di Fotografia in Italia, \u0153uvre collective dirig\u00e9e par Italo Zannier, \u00e9d. Punto e Virgola, 1978\" data-caption-desc=\"Livre &lt;i&gt;70 Anni di Fotografia in Italia&lt;\/i&gt; (70 ans de photographie en Italie), \u0153uvre collective dirig\u00e9e par Italo Zannier, \u00e9d. Punto e Virgola, 1978\" data-attachment-id=\"2948\" class=\"fg-thumb\"><span class=\"fg-image-wrap\"><img title=\"Livre 70 Anni di Fotografia in Italia, \u0153uvre collective dirig\u00e9e par Italo Zannier, \u00e9d. Punto e Virgola, 1978\" width=\"200\" height=\"258\" data-src-fg=\"https:\/\/fulvioventura.org\/wp-content\/uploads\/cache\/2020\/09\/70-Anni-di-Fotografia-in-Italia-PuntoVirgola-1978\/3883013379.jpg\" class=\"fg-image\" \/><\/span><\/a><figcaption class=\"fg-caption\"><div class=\"fg-caption-inner\"><div class=\"fg-caption-desc\">Livre <i>70 Anni di Fotografia in Italia<\/i> (70 ans de photographie en Italie), \u0153uvre collective dirig\u00e9e par Italo Zannier, \u00e9d. Punto e Virgola, 1978<\/div><\/div><\/figcaption><\/figure><div class=\"fg-loader\"><\/div><\/div><div class=\"fg-item\"><figure class=\"fg-item-inner\"><a data-caption-title=\"&lt;i&gt;Quando una foto \u00e8 fatta di niente&lt;\/i&gt;\" data-caption-desc=\"&lt;i&gt;Quando una foto \u00e8 fatta di niente&lt;\/i&gt; (Quand une photo est faite de rien), 6 pages, magazine Il fotografo, avril 1979\" data-attachment-id=\"3554\" class=\"fg-thumb\"><span class=\"fg-image-wrap\"><img title=\"&lt;i&gt;Quando una foto \u00e8 fatta di niente&lt;\/i&gt;\" width=\"200\" height=\"263\" data-src-fg=\"https:\/\/fulvioventura.org\/wp-content\/uploads\/cache\/2020\/09\/Il-Fotografo-apr-79-1\/4271879125.jpg\" class=\"fg-image\" \/><\/span><\/a><figcaption class=\"fg-caption\"><div class=\"fg-caption-inner\"><div class=\"fg-caption-desc\"><i>Quando una foto \u00e8 fatta di niente<\/i> (Quand une photo est faite de rien), 6 pages, magazine Il fotografo, avril 1979<\/div><\/div><\/figcaption><\/figure><div class=\"fg-loader\"><\/div><\/div><div class=\"fg-item\"><figure class=\"fg-item-inner\"><a data-caption-title=\"Livre Iconicitt\u00e0\/1 - Una visione sul reale, \u0153uvre collective dirig\u00e9e par Luigi Ghirri, \u00e9d. Punto e Virgola, 1979\" data-caption-desc=\"Livre &lt;i&gt;Iconicitt\u00e0\/1 - Una visione sul reale&lt;\/i&gt; (Une vision sur le r\u00e9el), \u0153uvre collective dirig\u00e9e par Luigi Ghirri, \u00e9d. Punto e Virgola, 1979\" data-attachment-id=\"799\" class=\"fg-thumb\"><span class=\"fg-image-wrap\"><img title=\"Livre Iconicitt\u00e0\/1 - Una visione sul reale, \u0153uvre collective dirig\u00e9e par Luigi Ghirri, \u00e9d. Punto e Virgola, 1979\" width=\"200\" height=\"181\" data-src-fg=\"https:\/\/fulvioventura.org\/wp-content\/uploads\/cache\/2020\/09\/Iconicitta1-\/2735716911.jpg\" class=\"fg-image\" \/><\/span><\/a><figcaption class=\"fg-caption\"><div class=\"fg-caption-inner\"><div class=\"fg-caption-desc\">Livre <i>Iconicitt\u00e0\/1 - Una visione sul reale<\/i> (Une vision sur le r\u00e9el), \u0153uvre collective dirig\u00e9e par Luigi Ghirri, \u00e9d. Punto e Virgola, 1979<\/div><\/div><\/figcaption><\/figure><div class=\"fg-loader\"><\/div><\/div><div class=\"fg-item\"><figure class=\"fg-item-inner\"><a data-caption-title=\"Livre &lt;i&gt;Enciclopedia pratica per fotografare&lt;\/i&gt; (Encyclop\u00e9die pratique pour photographier), \u0153uvre collective, \u00e9d. Fabbri, 1979\" data-caption-desc=\"Livre &lt;i&gt;Enciclopedia pratica per fotografare&lt;\/i&gt; (Encyclop\u00e9die pratique pour photographier), \u0153uvre collective, \u00e9d. Fabbri, 1979\" data-attachment-id=\"3743\" class=\"fg-thumb\"><span class=\"fg-image-wrap\"><img title=\"Livre &lt;i&gt;Enciclopedia pratica per fotografare&lt;\/i&gt; (Encyclop\u00e9die pratique pour photographier), \u0153uvre collective, \u00e9d. Fabbri, 1979\" width=\"200\" height=\"280\" data-src-fg=\"https:\/\/fulvioventura.org\/wp-content\/uploads\/cache\/2020\/09\/Enciclopedia-pratica-per-fotografare-jpg\/1571920148.jpg\" class=\"fg-image\" \/><\/span><\/a><figcaption class=\"fg-caption\"><div class=\"fg-caption-inner\"><div class=\"fg-caption-desc\">Livre <i>Enciclopedia pratica per fotografare<\/i> (Encyclop\u00e9die pratique pour photographier), \u0153uvre collective, \u00e9d. Fabbri, 1979<\/div><\/div><\/figcaption><\/figure><div class=\"fg-loader\"><\/div><\/div><div class=\"fg-item\"><figure class=\"fg-item-inner\"><a data-caption-title=\"Pochette du disque &lt;i&gt;Alice&lt;\/i&gt; de la chanteuse Alice, \u00e9d. EMI, 1981\" data-caption-desc=\"Pochette du disque &lt;i&gt;Alice&lt;\/i&gt; de la chanteuse Alice, \u00e9d. EMI, 1981\" data-attachment-id=\"2915\" class=\"fg-thumb\"><span class=\"fg-image-wrap\"><img title=\"Pochette du disque &lt;i&gt;Alice&lt;\/i&gt; de la chanteuse Alice, \u00e9d. EMI, 1981\" width=\"200\" height=\"200\" data-src-fg=\"https:\/\/fulvioventura.org\/wp-content\/uploads\/cache\/2020\/09\/R-2525397-1600387387-1261_jpeg\/2202374578.jpg\" class=\"fg-image\" \/><\/span><\/a><figcaption class=\"fg-caption\"><div class=\"fg-caption-inner\"><div class=\"fg-caption-desc\">Pochette du disque <i>Alice<\/i> de la chanteuse Alice, \u00e9d. EMI, 1981<\/div><\/div><\/figcaption><\/figure><div class=\"fg-loader\"><\/div><\/div><div class=\"fg-item\"><figure class=\"fg-item-inner\"><a data-caption-title=\"Livre Il giro del mondo in 80 giorni, Luigi Ghirri, Roberto Salbitani, Fulvio Ventura, \u00e9d. Th\u00e9\u00e2tre Valli, Reggio Emilia, 1981\" data-caption-desc=\"Livre &lt;i&gt;Il giro del mondo in 80 giorni&lt;\/i&gt; (Le tour du monde en 80 jours), Luigi Ghirri, Roberto Salbitani, Fulvio Ventura, \u00e9d. Th\u00e9\u00e2tre Valli, Reggio Emilia, 1981\" data-attachment-id=\"808\" class=\"fg-thumb\"><span class=\"fg-image-wrap\"><img title=\"Livre Il giro del mondo in 80 giorni, Luigi Ghirri, Roberto Salbitani, Fulvio Ventura, \u00e9d. Th\u00e9\u00e2tre Valli, Reggio Emilia, 1981\" width=\"200\" height=\"88\" data-src-fg=\"https:\/\/fulvioventura.org\/wp-content\/uploads\/cache\/2020\/09\/Luigi-Ghirri-Roberto-Salbitani-Fulvio-Ventura-Il-giro-del-mondo-in-80-giorni1981\/2808972419.jpg\" class=\"fg-image\" \/><\/span><\/a><figcaption class=\"fg-caption\"><div class=\"fg-caption-inner\"><div class=\"fg-caption-desc\">Livre <i>Il giro del mondo in 80 giorni<\/i> (Le tour du monde en 80 jours), Luigi Ghirri, Roberto Salbitani, Fulvio Ventura, \u00e9d. Th\u00e9\u00e2tre Valli, Reggio Emilia, 1981<\/div><\/div><\/figcaption><\/figure><div class=\"fg-loader\"><\/div><\/div><div class=\"fg-item\"><figure class=\"fg-item-inner\"><a data-caption-title=\"Livre Fotografie in Europa Heute, Dumont Foto IV. 1982\" data-caption-desc=\"Livre &lt;i&gt;Fotografie in Europa Heute&lt;\/i&gt; (Photographies en Europe aujourd&#039;hui), Dumont Foto IV. 1982\" data-attachment-id=\"2933\" class=\"fg-thumb\"><span class=\"fg-image-wrap\"><img title=\"Livre Fotografie in Europa Heute, Dumont Foto IV. 1982\" width=\"200\" height=\"254\" data-src-fg=\"https:\/\/fulvioventura.org\/wp-content\/uploads\/cache\/2020\/09\/Dumont-Foto-IV_-Fotografie-in-Europa-Heute-1982\/564288034.jpg\" class=\"fg-image\" \/><\/span><\/a><figcaption class=\"fg-caption\"><div class=\"fg-caption-inner\"><div class=\"fg-caption-desc\">Livre <i>Fotografie in Europa Heute<\/i> (Photographies en Europe aujourd'hui), Dumont Foto IV. 1982<\/div><\/div><\/figcaption><\/figure><div class=\"fg-loader\"><\/div><\/div><div class=\"fg-item\"><figure class=\"fg-item-inner\"><a data-caption-title=\"Livre &lt;i&gt;Viaggio in Italia&lt;\/i&gt;, \u0153uvre collective dirig\u00e9e par Luigi Ghirri, Gianni Leone, Enzo Velati, \u00e9d. Il Quadrante, 1984\" data-caption-desc=\"Livre &lt;i&gt;Viaggio in Italia&lt;\/i&gt;, \u0153uvre collective dirig\u00e9e par Luigi Ghirri, Gianni Leone, Enzo Velati, \u00e9d. Il Quadrante, 1984\" data-attachment-id=\"6830\" class=\"fg-thumb\"><span class=\"fg-image-wrap\"><img title=\"Livre &lt;i&gt;Viaggio in Italia&lt;\/i&gt;, \u0153uvre collective dirig\u00e9e par Luigi Ghirri, Gianni Leone, Enzo Velati, \u00e9d. Il Quadrante, 1984\" width=\"200\" height=\"233\" data-src-fg=\"https:\/\/fulvioventura.org\/wp-content\/uploads\/cache\/2020\/09\/Viaggio-in-Italia-Quadrante-1984\/3488784219.jpg\" class=\"fg-image\" \/><\/span><\/a><figcaption class=\"fg-caption\"><div class=\"fg-caption-inner\"><div class=\"fg-caption-desc\">Livre <i>Viaggio in Italia<\/i>, \u0153uvre collective dirig\u00e9e par Luigi Ghirri, Gianni Leone, Enzo Velati, \u00e9d. Il Quadrante, 1984<\/div><\/div><\/figcaption><\/figure><div class=\"fg-loader\"><\/div><\/div><div class=\"fg-item\"><figure class=\"fg-item-inner\"><a data-caption-title=\"Livre Paesaggio a nord-ovest, itinerari piemontesi, Luigi Ghirri, Vittore Fossati, Olivo Barbieri, Fulvio Ventura, \u00e9d. Il Quadrante, 1986\" data-caption-desc=\"Livre &lt;i&gt;Paesaggio a nord-ovest, itinerari piemontesi &lt;\/i&gt;(Paysage \u00e0 nord-ouest, itin\u00e9raires pi\u00e9montais), Luigi Ghirri, Vittore Fossati, Olivo Barbieri, Fulvio Ventura, \u00e9d. Il Quadrante, 1986\" data-attachment-id=\"2939\" class=\"fg-thumb\"><span class=\"fg-image-wrap\"><img title=\"Livre Paesaggio a nord-ovest, itinerari piemontesi, Luigi Ghirri, Vittore Fossati, Olivo Barbieri, Fulvio Ventura, \u00e9d. Il Quadrante, 1986\" width=\"200\" height=\"266\" data-src-fg=\"https:\/\/fulvioventura.org\/wp-content\/uploads\/cache\/2020\/09\/Paesaggio-a-nord-ovest-itinerari-piemontesi-ed_-Il-Quadrante-1986\/3443393295.jpg\" class=\"fg-image\" \/><\/span><\/a><figcaption class=\"fg-caption\"><div class=\"fg-caption-inner\"><div class=\"fg-caption-desc\">Livre <i>Paesaggio a nord-ovest, itinerari piemontesi <\/i>(Paysage \u00e0 nord-ouest, itin\u00e9raires pi\u00e9montais), Luigi Ghirri, Vittore Fossati, Olivo Barbieri, Fulvio Ventura, \u00e9d. Il Quadrante, 1986<\/div><\/div><\/figcaption><\/figure><div class=\"fg-loader\"><\/div><\/div><div class=\"fg-item\"><figure class=\"fg-item-inner\"><a data-caption-title=\"Livre Napoli \u201985 - Cartoline da Napoli (Naples &#039;85 - Cartes postales de Naples), \u0153uvre collective, \u00e9d. Electa, 1986\" data-caption-desc=\"Livre &lt;i&gt;Napoli \u201985 - Cartoline da Napoli&lt;\/i&gt; (Naples &#039;85 - Cartes postales de Naples), \u0153uvre collective, \u00e9d. Electa, 1986\" data-attachment-id=\"811\" class=\"fg-thumb\"><span class=\"fg-image-wrap\"><img title=\"Livre Napoli \u201985 - Cartoline da Napoli (Naples &#039;85 - Cartes postales de Naples), \u0153uvre collective, \u00e9d. Electa, 1986\" width=\"200\" height=\"120\" data-src-fg=\"https:\/\/fulvioventura.org\/wp-content\/uploads\/cache\/2020\/09\/Napoli-85-\u2013-Cartoline-da-Napoli-oepra-collettiva-ed_-Electa-1986-\/2234361617.jpg\" class=\"fg-image\" \/><\/span><\/a><figcaption class=\"fg-caption\"><div class=\"fg-caption-inner\"><div class=\"fg-caption-desc\">Livre <i>Napoli \u201985 - Cartoline da Napoli<\/i> (Naples '85 - Cartes postales de Naples), \u0153uvre collective, \u00e9d. Electa, 1986<\/div><\/div><\/figcaption><\/figure><div class=\"fg-loader\"><\/div><\/div><div class=\"fg-item\"><figure class=\"fg-item-inner\"><a data-caption-title=\"Couverture du disque &lt;i&gt;Park Hotel&lt;\/i&gt; de la chanteuse Alice, \u00e9d. EMI, 1986\" data-caption-desc=\"Couverture du disque &lt;i&gt;Park Hotel&lt;\/i&gt; de la chanteuse Alice, \u00e9d. EMI, 1986\" data-attachment-id=\"627\" class=\"fg-thumb\"><span class=\"fg-image-wrap\"><img title=\"Couverture du disque &lt;i&gt;Park Hotel&lt;\/i&gt; de la chanteuse Alice, \u00e9d. EMI, 1986\" width=\"200\" height=\"201\" data-src-fg=\"https:\/\/fulvioventura.org\/wp-content\/uploads\/cache\/2020\/09\/Alice-Park-Hotel-1986\/3288659387.jpg\" class=\"fg-image\" \/><\/span><\/a><figcaption class=\"fg-caption\"><div class=\"fg-caption-inner\"><div class=\"fg-caption-desc\">Couverture du disque <i>Park Hotel<\/i> de la chanteuse Alice, \u00e9d. EMI, 1986<\/div><\/div><\/figcaption><\/figure><div class=\"fg-loader\"><\/div><\/div><div class=\"fg-item\"><figure class=\"fg-item-inner\"><a data-caption-title=\"Livre &lt;i&gt;Autoscatto \u2013 1956-1986 Trente ans de photographie et voitures&lt;\/i&gt;, \u0153uvre collective, \u00e9d. Editoriale Domus, 1986\" data-caption-desc=\"Livre &lt;i&gt;Autoscatto \u2013 1956-1986 Trente ans de photographie et voitures&lt;\/i&gt;, \u0153uvre collective, \u00e9d. Editoriale Domus, 1986\" data-attachment-id=\"5680\" class=\"fg-thumb\"><span class=\"fg-image-wrap\"><img title=\"Livre &lt;i&gt;Autoscatto \u2013 1956-1986 Trente ans de photographie et voitures&lt;\/i&gt;, \u0153uvre collective, \u00e9d. Editoriale Domus, 1986\" width=\"200\" height=\"282\" data-src-fg=\"https:\/\/fulvioventura.org\/wp-content\/uploads\/cache\/2020\/09\/Autoscatto-Editoriale-Domus-1986\/100761389.jpeg\" class=\"fg-image\" \/><\/span><\/a><figcaption class=\"fg-caption\"><div class=\"fg-caption-inner\"><div class=\"fg-caption-desc\">Livre <i>Autoscatto \u2013 1956-1986 Trente ans de photographie et voitures<\/i>, \u0153uvre collective, \u00e9d. Editoriale Domus, 1986<\/div><\/div><\/figcaption><\/figure><div class=\"fg-loader\"><\/div><\/div><div class=\"fg-item\"><figure class=\"fg-item-inner\"><a data-caption-title=\"Alice - M\u00e9lodie Passag\u00e8re 1988\" data-caption-desc=\"Couverture du disque \u2018M\u00e9lodie Passag\u00e8re\u2019 de la chanteuse Alice, ed. EMI 1988\" data-attachment-id=\"630\" class=\"fg-thumb\"><span class=\"fg-image-wrap\"><img title=\"Alice - M\u00e9lodie Passag\u00e8re 1988\" width=\"200\" height=\"200\" data-src-fg=\"https:\/\/fulvioventura.org\/wp-content\/uploads\/cache\/2020\/09\/Alice-Melodies-passageres-1988\/34920279.jpg\" class=\"fg-image\" \/><\/span><\/a><figcaption class=\"fg-caption\"><div class=\"fg-caption-inner\"><div class=\"fg-caption-desc\">Couverture du disque \u2018M\u00e9lodie Passag\u00e8re\u2019 de la chanteuse Alice, ed. EMI 1988<\/div><\/div><\/figcaption><\/figure><div class=\"fg-loader\"><\/div><\/div><div class=\"fg-item\"><figure class=\"fg-item-inner\"><a data-caption-title=\"Pochette du disque &lt;i&gt;Sohbet&lt;\/i&gt; de Kudsi Erguner et Mahmoud Tabrizi Zadeh, \u00e9d. L\u2019Ottava, 1988\" data-caption-desc=\"Pochette du disque &lt;i&gt;Sohbet&lt;\/i&gt; de Kudsi Erguner et Mahmoud Tabrizi Zadeh, \u00e9d. L\u2019Ottava, 1988\" data-attachment-id=\"2960\" class=\"fg-thumb\"><span class=\"fg-image-wrap\"><img title=\"Pochette du disque &lt;i&gt;Sohbet&lt;\/i&gt; de Kudsi Erguner et Mahmoud Tabrizi Zadeh, \u00e9d. L\u2019Ottava, 1988\" width=\"200\" height=\"200\" data-src-fg=\"https:\/\/fulvioventura.org\/wp-content\/uploads\/cache\/2020\/09\/folder\/2350356512.jpg\" class=\"fg-image\" \/><\/span><\/a><figcaption class=\"fg-caption\"><div class=\"fg-caption-inner\"><div class=\"fg-caption-desc\">Pochette du disque <i>Sohbet<\/i> de Kudsi Erguner et Mahmoud Tabrizi Zadeh, \u00e9d. L\u2019Ottava, 1988<\/div><\/div><\/figcaption><\/figure><div class=\"fg-loader\"><\/div><\/div><div class=\"fg-item\"><figure class=\"fg-item-inner\"><a data-caption-title=\"Catalogue de l\u2019exposition &lt;i&gt;Sull\u2019acqua&lt;\/i&gt;, Sur l\u2019eau, Museo del Paeasaggio, Verbania, 1988\" data-caption-desc=\"Catalogue de l\u2019exposition &lt;i&gt;Sull\u2019acqua&lt;\/i&gt;, Sur l\u2019eau, Museo del Paeasaggio, Verbania, 1988\" data-attachment-id=\"5716\" class=\"fg-thumb\"><span class=\"fg-image-wrap\"><img title=\"Catalogue de l\u2019exposition &lt;i&gt;Sull\u2019acqua&lt;\/i&gt;, Sur l\u2019eau, Museo del Paeasaggio, Verbania, 1988\" width=\"200\" height=\"204\" data-src-fg=\"https:\/\/fulvioventura.org\/wp-content\/uploads\/cache\/2021\/03\/Sullacqua-1988-copie\/3020763786.jpg\" class=\"fg-image\" \/><\/span><\/a><figcaption class=\"fg-caption\"><div class=\"fg-caption-inner\"><div class=\"fg-caption-desc\">Catalogue de l\u2019exposition <i>Sull\u2019acqua<\/i>, Sur l\u2019eau, Museo del Paeasaggio, Verbania, 1988<\/div><\/div><\/figcaption><\/figure><div class=\"fg-loader\"><\/div><\/div><div class=\"fg-item\"><figure class=\"fg-item-inner\"><a data-caption-title=\"Livre Giardini in Europa (Jardins en Europe), \u0153uvre collective dirig\u00e9e par Giulio Bizzarri et Luigi Ghirri, \u00e9d. Essegi, 1988\" data-caption-desc=\"Livre &lt;i&gt;Giardini in Europa&lt;\/i&gt; (Jardins en Europe), \u0153uvre collective dirig\u00e9e par Giulio Bizzarri et Luigi Ghirri, \u00e9d. Essegi, 1988\" data-attachment-id=\"644\" class=\"fg-thumb\"><span class=\"fg-image-wrap\"><img title=\"Livre Giardini in Europa (Jardins en Europe), \u0153uvre collective dirig\u00e9e par Giulio Bizzarri et Luigi Ghirri, \u00e9d. Essegi, 1988\" width=\"200\" height=\"263\" data-src-fg=\"https:\/\/fulvioventura.org\/wp-content\/uploads\/cache\/2020\/09\/Giardini-in-Europa\/711085732.jpg\" class=\"fg-image\" \/><\/span><\/a><figcaption class=\"fg-caption\"><div class=\"fg-caption-inner\"><div class=\"fg-caption-desc\">Livre <i>Giardini in Europa<\/i> (Jardins en Europe), \u0153uvre collective dirig\u00e9e par Giulio Bizzarri et Luigi Ghirri, \u00e9d. Essegi, 1988<\/div><\/div><\/figcaption><\/figure><div class=\"fg-loader\"><\/div><\/div><div class=\"fg-item\"><figure class=\"fg-item-inner\"><a data-caption-title=\"Livre L&#039;architettura dei giardini d&#039;Occidente, Mosser et Teyssot, \u0153uvre collective, \u00e9d. Electa, 1990\" data-caption-desc=\"Livre &lt;i&gt;L&#039;architettura dei giardini d&#039;Occidente&lt;\/i&gt; (L&#039;architecture des jardins d&#039;occident), Mosser et Teyssot, \u0153uvre collective, \u00e9d. Electa, 1990\" data-attachment-id=\"3217\" class=\"fg-thumb\"><span class=\"fg-image-wrap\"><img title=\"Livre L&#039;architettura dei giardini d&#039;Occidente, Mosser et Teyssot, \u0153uvre collective, \u00e9d. Electa, 1990\" width=\"200\" height=\"172\" data-src-fg=\"https:\/\/fulvioventura.org\/wp-content\/uploads\/cache\/2020\/09\/Larchitettura-dei-giardini-dOccidente-opera-collettiva-ed_-Mosser-et-Teyssot-1990-scaled\/236643091.png\" class=\"fg-image\" \/><\/span><\/a><figcaption class=\"fg-caption\"><div class=\"fg-caption-inner\"><div class=\"fg-caption-desc\">Livre <i>L'architettura dei giardini d'Occidente<\/i> (L'architecture des jardins d'occident), Mosser et Teyssot, \u0153uvre collective, \u00e9d. Electa, 1990<\/div><\/div><\/figcaption><\/figure><div class=\"fg-loader\"><\/div><\/div><div class=\"fg-item\"><figure class=\"fg-item-inner\"><a data-caption-title=\"Pochette du disque &lt;i&gt;Sufi Music of Turkey&lt;\/i&gt; de Kudsi et S\u00fcleyman Erguner, \u00e9d. CMP Records, 1990\" data-caption-desc=\"Pochette du disque &lt;i&gt;Sufi Music of Turkey&lt;\/i&gt; de Kudsi et S\u00fcleyman Erguner, \u00e9d. CMP Records, 1990\" data-attachment-id=\"3235\" class=\"fg-thumb\"><span class=\"fg-image-wrap\"><img title=\"Pochette du disque &lt;i&gt;Sufi Music of Turkey&lt;\/i&gt; de Kudsi et S\u00fcleyman Erguner, \u00e9d. CMP Records, 1990\" width=\"200\" height=\"202\" data-src-fg=\"https:\/\/fulvioventura.org\/wp-content\/uploads\/cache\/2020\/10\/Copertina-del-disco-Sufi-Music-of-Turkey-di-Kudsi-e-Suleyman-Erguner-ed_-CMP-Records-1990\/2993243350.jpg\" class=\"fg-image\" \/><\/span><\/a><figcaption class=\"fg-caption\"><div class=\"fg-caption-inner\"><div class=\"fg-caption-desc\">Pochette du disque <i>Sufi Music of Turkey<\/i> de Kudsi et S\u00fcleyman Erguner, \u00e9d. CMP Records, 1990<\/div><\/div><\/figcaption><\/figure><div class=\"fg-loader\"><\/div><\/div><div class=\"fg-item\"><figure class=\"fg-item-inner\"><a data-caption-title=\"Il Secondo Paradiso, opera collettiva a cura di Daniela Palazzoli, ed. Fabbri, 1992\" data-caption-desc=\"Livre &lt;i&gt;Il Secondo Paradiso&lt;\/i&gt; (Le second paradis), oeuvre collective dirig\u00e9e par Daniela Palazzoli, \u00e9d. Fabbri, 1992\" data-attachment-id=\"2963\" class=\"fg-thumb\"><span class=\"fg-image-wrap\"><img title=\"Il Secondo Paradiso, opera collettiva a cura di Daniela Palazzoli, ed. Fabbri, 1992\" width=\"200\" height=\"250\" data-src-fg=\"https:\/\/fulvioventura.org\/wp-content\/uploads\/cache\/2020\/09\/Secondo-Paradiso-1992\/2434595572.jpg\" class=\"fg-image\" \/><\/span><\/a><figcaption class=\"fg-caption\"><div class=\"fg-caption-inner\"><div class=\"fg-caption-desc\">Livre <i>Il Secondo Paradiso<\/i> (Le second paradis), oeuvre collective dirig\u00e9e par Daniela Palazzoli, \u00e9d. Fabbri, 1992<\/div><\/div><\/figcaption><\/figure><div class=\"fg-loader\"><\/div><\/div><div class=\"fg-item\"><figure class=\"fg-item-inner\"><a data-caption-title=\"Livre Muri di Carta. Fotografia e Paesaggio dopo le Avanguardie, Biennale de Venise, dirig\u00e9e par Quintavalle, \u00e9d. Electa, 1993\" data-caption-desc=\"Livre &lt;i&gt;Muri di Carta. Fotografia e Paesaggio dopo le Avanguardie&lt;\/i&gt; (Murs en papier. Photographie et paysage apr\u00e8s les Avant-gardes), \u0153uvre collective dirig\u00e9e par Quintavalle, Biennale de Venise, \u00e9d. Electa, 1993\" data-attachment-id=\"693\" class=\"fg-thumb\"><span class=\"fg-image-wrap\"><img title=\"Livre Muri di Carta. Fotografia e Paesaggio dopo le Avanguardie, Biennale de Venise, dirig\u00e9e par Quintavalle, \u00e9d. Electa, 1993\" width=\"200\" height=\"225\" data-src-fg=\"https:\/\/fulvioventura.org\/wp-content\/uploads\/cache\/2020\/09\/Muri-di-Carta\/188148986.jpg\" class=\"fg-image\" \/><\/span><\/a><figcaption class=\"fg-caption\"><div class=\"fg-caption-inner\"><div class=\"fg-caption-desc\">Livre <i>Muri di Carta. Fotografia e Paesaggio dopo le Avanguardie<\/i> (Murs en papier. Photographie et paysage apr\u00e8s les Avant-gardes), \u0153uvre collective dirig\u00e9e par Quintavalle, Biennale de Venise, \u00e9d. Electa, 1993<\/div><\/div><\/figcaption><\/figure><div class=\"fg-loader\"><\/div><\/div><div class=\"fg-item\"><figure class=\"fg-item-inner\"><a data-caption-title=\"Livre Fotografi Italiani - Diario immaginario di Lanfranco Colombo, \u00e9d. Bolis, 1993\" data-caption-desc=\"Livre &lt;i&gt;Fotografi Italiani - Diario immaginario di Lanfranco Colombo&lt;\/i&gt; (Photographes italiens. Journal imaginaire de Lanfranco Colombo), \u00e9d. Bolis, 1993\" data-attachment-id=\"2930\" class=\"fg-thumb\"><span class=\"fg-image-wrap\"><img title=\"Livre Fotografi Italiani - Diario immaginario di Lanfranco Colombo, \u00e9d. Bolis, 1993\" width=\"200\" height=\"228\" data-src-fg=\"https:\/\/fulvioventura.org\/wp-content\/uploads\/cache\/2020\/09\/Fotografi-Italiani-Diario-Immaginario-di-Lanfranco-Colombo-ed_-Bolis-1993\/1198484420.jpg\" class=\"fg-image\" \/><\/span><\/a><figcaption class=\"fg-caption\"><div class=\"fg-caption-inner\"><div class=\"fg-caption-desc\">Livre <i>Fotografi Italiani - Diario immaginario di Lanfranco Colombo<\/i> (Photographes italiens. Journal imaginaire de Lanfranco Colombo), \u00e9d. Bolis, 1993<\/div><\/div><\/figcaption><\/figure><div class=\"fg-loader\"><\/div><\/div><div class=\"fg-item\"><figure class=\"fg-item-inner\"><a data-caption-title=\"Pochettes des 2 CD &lt;i&gt;Century XXI UK&lt;\/i&gt;, \u00e9d. New Tone Records, 1996\" data-caption-desc=\"Pochettes des 2 CD &lt;i&gt;Century XXI UK&lt;\/i&gt;, \u00e9d. New Tone Records, 1996\" data-attachment-id=\"3205\" class=\"fg-thumb\"><span class=\"fg-image-wrap\"><img title=\"Pochettes des 2 CD &lt;i&gt;Century XXI UK&lt;\/i&gt;, \u00e9d. New Tone Records, 1996\" width=\"200\" height=\"202\" data-src-fg=\"https:\/\/fulvioventura.org\/wp-content\/uploads\/cache\/2020\/09\/Copertina-dei-2-CD-Century-XXI-New-Tone-Records1996\/748328247.jpeg\" class=\"fg-image\" \/><\/span><\/a><figcaption class=\"fg-caption\"><div class=\"fg-caption-inner\"><div class=\"fg-caption-desc\">Pochettes des 2 CD <i>Century XXI UK<\/i>, \u00e9d. New Tone Records, 1996<\/div><\/div><\/figcaption><\/figure><div class=\"fg-loader\"><\/div><\/div><div class=\"fg-item\"><figure class=\"fg-item-inner\"><a data-caption-title=\"Livre Archivio dello Spazio 1987-\u201997 , \u0153uvre collective dirig\u00e9e par Achille Sacconi et Roberta Valtorta, \u00e9d. Arti Grafiche Friulane, 1998\" data-caption-desc=\"Livre &lt;i&gt;Archivio dello Spazio 1987-\u201997&lt;\/i&gt; (Archives de l&#039;Espace 1987-&#039;97), \u0153uvre collective dirig\u00e9e par Achille Sacconi et Roberta Valtorta, \u00e9d. Arti Grafiche Friulane, 1998\" data-attachment-id=\"805\" class=\"fg-thumb\"><span class=\"fg-image-wrap\"><img title=\"Livre Archivio dello Spazio 1987-\u201997 , \u0153uvre collective dirig\u00e9e par Achille Sacconi et Roberta Valtorta, \u00e9d. Arti Grafiche Friulane, 1998\" width=\"200\" height=\"154\" data-src-fg=\"https:\/\/fulvioventura.org\/wp-content\/uploads\/cache\/2020\/09\/Museo-di-fotographia-contemporanea\/118498798.jpg\" class=\"fg-image\" \/><\/span><\/a><figcaption class=\"fg-caption\"><div class=\"fg-caption-inner\"><div class=\"fg-caption-desc\">Livre <i>Archivio dello Spazio 1987-\u201997<\/i> (Archives de l'Espace 1987-'97), \u0153uvre collective dirig\u00e9e par Achille Sacconi et Roberta Valtorta, \u00e9d. Arti Grafiche Friulane, 1998<\/div><\/div><\/figcaption><\/figure><div class=\"fg-loader\"><\/div><\/div><div class=\"fg-item\"><figure class=\"fg-item-inner\"><a data-caption-title=\"Livre &lt;i&gt;Fin dove pu\u00f2 arrivare l\u2019infinito (Jusqu\u2019o\u00f9 peut arriver l\u2019infini ?) A Luigi e Paola Ghirri&lt;\/i&gt;, \u0153uvre collective, \u00e9d. Skira, 1998\" data-caption-desc=\"Livre &lt;i&gt;Fin dove pu\u00f2 arrivare l\u2019infinito (Jusqu\u2019o\u00f9 peut arriver l\u2019infini ?) A Luigi e Paola Ghirri&lt;\/i&gt;, \u0153uvre collective, \u00e9d. Skira, 1998\" data-attachment-id=\"3747\" class=\"fg-thumb\"><span class=\"fg-image-wrap\"><img title=\"Livre &lt;i&gt;Fin dove pu\u00f2 arrivare l\u2019infinito (Jusqu\u2019o\u00f9 peut arriver l\u2019infini ?) A Luigi e Paola Ghirri&lt;\/i&gt;, \u0153uvre collective, \u00e9d. Skira, 1998\" width=\"200\" height=\"264\" data-src-fg=\"https:\/\/fulvioventura.org\/wp-content\/uploads\/cache\/2020\/09\/fin-dove-puo-arrivare-linfinito\/1740110620.jpg\" class=\"fg-image\" \/><\/span><\/a><figcaption class=\"fg-caption\"><div class=\"fg-caption-inner\"><div class=\"fg-caption-desc\">Livre <i>Fin dove pu\u00f2 arrivare l\u2019infinito (Jusqu\u2019o\u00f9 peut arriver l\u2019infini ?) A Luigi e Paola Ghirri<\/i>, \u0153uvre collective, \u00e9d. Skira, 1998<\/div><\/div><\/figcaption><\/figure><div class=\"fg-loader\"><\/div><\/div><div class=\"fg-item\"><figure class=\"fg-item-inner\"><a data-caption-title=\"Patricia Highsmith - Inseguimento - 2001\" data-caption-desc=\"Couverture du livre \u2018Inseguimento\u2019 de Patricia Highsmith, \u00e9d. Bompiani, 2001\" data-attachment-id=\"633\" class=\"fg-thumb\"><span class=\"fg-image-wrap\"><img title=\"Patricia Highsmith - Inseguimento - 2001\" width=\"200\" height=\"305\" data-src-fg=\"https:\/\/fulvioventura.org\/wp-content\/uploads\/cache\/2020\/09\/Patricia-Highsmith-Inseguimento-2001\/710301077.jpg\" class=\"fg-image\" \/><\/span><\/a><figcaption class=\"fg-caption\"><div class=\"fg-caption-inner\"><div class=\"fg-caption-desc\">Couverture du livre \u2018Inseguimento\u2019 de Patricia Highsmith, \u00e9d. Bompiani, 2001<\/div><\/div><\/figcaption><\/figure><div class=\"fg-loader\"><\/div><\/div><div class=\"fg-item\"><figure class=\"fg-item-inner\"><a data-caption-title=\"Livre &lt;i&gt;Arles &amp;amp; la photographie - Portrait d\u2019une collection&lt;\/i&gt;, \u0153uvre collective dirig\u00e9e par Michelle Moutashar, \u00e9d. Actes Sud\/Mus\u00e9e R\u00e9attu, 2002\" data-caption-desc=\"Livre &lt;i&gt;Arles &amp;amp; la photographie - Portrait d\u2019une collection&lt;\/i&gt;, \u0153uvre collective dirig\u00e9e par Michelle Moutashar, \u00e9d. Actes Sud\/Mus\u00e9e R\u00e9attu, 2002\" data-attachment-id=\"3782\" class=\"fg-thumb\"><span class=\"fg-image-wrap\"><img title=\"Livre &lt;i&gt;Arles &amp; la photographie - Portrait d\u2019une collection&lt;\/i&gt;, \u0153uvre collective dirig\u00e9e par Michelle Moutashar, \u00e9d. Actes Sud\/Mus\u00e9e R\u00e9attu, 2002\" width=\"200\" height=\"250\" data-src-fg=\"https:\/\/fulvioventura.org\/wp-content\/uploads\/cache\/2020\/12\/Arles-et-la-photographie-2002\/1051269195.jpg\" class=\"fg-image\" \/><\/span><\/a><figcaption class=\"fg-caption\"><div class=\"fg-caption-inner\"><div class=\"fg-caption-desc\">Livre <i>Arles &amp; la photographie - Portrait d\u2019une collection<\/i>, \u0153uvre collective dirig\u00e9e par Michelle Moutashar, \u00e9d. Actes Sud\/Mus\u00e9e R\u00e9attu, 2002<\/div><\/div><\/figcaption><\/figure><div class=\"fg-loader\"><\/div><\/div><div class=\"fg-item\"><figure class=\"fg-item-inner\"><a data-caption-title=\"Pochette du disque &lt;i&gt;Chorale&lt;\/i&gt; de Simone Guiducci Gramelot Ensemble, \u00e9d. New Tone Records, 2002\" data-caption-desc=\"Pochette du disque &lt;i&gt;Chorale&lt;\/i&gt; de Simone Guiducci Gramelot Ensemble, \u00e9d. New Tone Records, 2002\" data-attachment-id=\"3208\" class=\"fg-thumb\"><span class=\"fg-image-wrap\"><img title=\"Pochette du disque &lt;i&gt;Chorale&lt;\/i&gt; de Simone Guiducci Gramelot Ensemble, \u00e9d. New Tone Records, 2002\" width=\"200\" height=\"198\" data-src-fg=\"https:\/\/fulvioventura.org\/wp-content\/uploads\/cache\/2020\/09\/Copertina-del-disco-di-Simone-Guiducci-Gramelot-Ensemble-Chorale-ed_-New-Tone-Records-2002\/1091257390.jpeg\" class=\"fg-image\" \/><\/span><\/a><figcaption class=\"fg-caption\"><div class=\"fg-caption-inner\"><div class=\"fg-caption-desc\">Pochette du disque <i>Chorale<\/i> de Simone Guiducci Gramelot Ensemble, \u00e9d. New Tone Records, 2002<\/div><\/div><\/figcaption><\/figure><div class=\"fg-loader\"><\/div><\/div><div class=\"fg-item\"><figure class=\"fg-item-inner\"><a data-caption-title=\"Couverture du livre Io difendo l\u2019uomo, d\u2019Erich Fromm, \u00e9d. Bompiani, 2004\" data-caption-desc=\"Couverture du livre &lt;i&gt;Io difendo l\u2019uomo&lt;\/i&gt; d\u2019Erich Fromm, \u00e9d. Bompiani, 2004\" data-attachment-id=\"654\" class=\"fg-thumb\"><span class=\"fg-image-wrap\"><img title=\"Couverture du livre Io difendo l\u2019uomo, d\u2019Erich Fromm, \u00e9d. Bompiani, 2004\" width=\"200\" height=\"312\" data-src-fg=\"https:\/\/fulvioventura.org\/wp-content\/uploads\/2020\/09\/Erich-Fromm-Io-difendo-luomo-2004.jpg\" class=\"fg-image\" \/><\/span><\/a><figcaption class=\"fg-caption\"><div class=\"fg-caption-inner\"><div class=\"fg-caption-desc\">Couverture du livre <i>Io difendo l\u2019uomo<\/i> d\u2019Erich Fromm, \u00e9d. Bompiani, 2004<\/div><\/div><\/figcaption><\/figure><div class=\"fg-loader\"><\/div><\/div><div class=\"fg-item\"><figure class=\"fg-item-inner\"><a data-caption-title=\"Pochette du disque &lt;i&gt;Dancin&#039; Riots&lt;\/i&gt; de Simone Guiducci Gramelot Ensemble, \u00e9d. Felmay, 2004\" data-caption-desc=\"Pochette du disque &lt;i&gt;Dancin&#039; Riots&lt;\/i&gt; de Simone Guiducci Gramelot Ensemble, \u00e9d. Felmay, 2004\" data-attachment-id=\"3211\" class=\"fg-thumb\"><span class=\"fg-image-wrap\"><img title=\"Pochette du disque &lt;i&gt;Dancin&#039; Riots&lt;\/i&gt; de Simone Guiducci Gramelot Ensemble, \u00e9d. Felmay, 2004\" width=\"200\" height=\"180\" data-src-fg=\"https:\/\/fulvioventura.org\/wp-content\/uploads\/cache\/2020\/09\/Copertina-del-disco-di-Simone-Guiducci-Gramelot-Ensemble-Dancin-Riots-ed_-Felmay-2004\/564322390.jpeg\" class=\"fg-image\" \/><\/span><\/a><figcaption class=\"fg-caption\"><div class=\"fg-caption-inner\"><div class=\"fg-caption-desc\">Pochette du disque <i>Dancin' Riots<\/i> de Simone Guiducci Gramelot Ensemble, \u00e9d. Felmay, 2004<\/div><\/div><\/figcaption><\/figure><div class=\"fg-loader\"><\/div><\/div><div class=\"fg-item\"><figure class=\"fg-item-inner\"><a data-caption-title=\"Couverture du livre Nemico, amico, amante... d\u2019Alice Munro, \u00e9d. Einaudi, 2003\" data-caption-desc=\"Couverture du livre &lt;i&gt;Nemico, amico, amante...&lt;\/i&gt; d\u2019Alice Munro, \u00e9d. Einaudi, 2003\" data-attachment-id=\"651\" class=\"fg-thumb\"><span class=\"fg-image-wrap\"><img title=\"Couverture du livre Nemico, amico, amante... d\u2019Alice Munro, \u00e9d. Einaudi, 2003\" width=\"200\" height=\"319\" data-src-fg=\"https:\/\/fulvioventura.org\/wp-content\/uploads\/cache\/2020\/09\/Alice-Munro-2003\/146704363.jpg\" class=\"fg-image\" \/><\/span><\/a><figcaption class=\"fg-caption\"><div class=\"fg-caption-inner\"><div class=\"fg-caption-desc\">Couverture du livre <i>Nemico, amico, amante...<\/i> d\u2019Alice Munro, \u00e9d. Einaudi, 2003<\/div><\/div><\/figcaption><\/figure><div class=\"fg-loader\"><\/div><\/div><div class=\"fg-item\"><figure class=\"fg-item-inner\"><a data-caption-title=\"Livre Racconti dal Paesaggio 1984-2004. A vent\u2019anni da Viaggio in Italia, \u0153uvre collective dirig\u00e9e par Roberta Valtorta, Museo di Fotografia Contemporanea, 2004\" data-caption-desc=\"Livre &lt;i&gt;Racconti dal Paesaggio 1984-2004. A vent\u2019anni da Viaggio in Italia&lt;\/i&gt; (Contes du paysage 1984-2004. Vingt ans apr\u00e8s Voyage en Italie), \u0153uvre collective dirig\u00e9e par Roberta Valtorta, Museo di Fotografia Contemporanea, 2004\" data-attachment-id=\"2936\" class=\"fg-thumb\"><span class=\"fg-image-wrap\"><img title=\"Livre Racconti dal Paesaggio 1984-2004. A vent\u2019anni da Viaggio in Italia, \u0153uvre collective dirig\u00e9e par Roberta Valtorta, Museo di Fotografia Contemporanea, 2004\" width=\"200\" height=\"299\" data-src-fg=\"https:\/\/fulvioventura.org\/wp-content\/uploads\/2020\/09\/Racconti-dal-paesaggio.jpg\" class=\"fg-image\" \/><\/span><\/a><figcaption class=\"fg-caption\"><div class=\"fg-caption-inner\"><div class=\"fg-caption-desc\">Livre <i>Racconti dal Paesaggio 1984-2004. A vent\u2019anni da Viaggio in Italia<\/i> (Contes du paysage 1984-2004. Vingt ans apr\u00e8s Voyage en Italie), \u0153uvre collective dirig\u00e9e par Roberta Valtorta, Museo di Fotografia Contemporanea, 2004<\/div><\/div><\/figcaption><\/figure><div class=\"fg-loader\"><\/div><\/div><div class=\"fg-item\"><figure class=\"fg-item-inner\"><a data-caption-title=\"Catalogue de l\u2019exposition &lt;i&gt;Sull\u2019acqua&lt;\/i&gt;, Sur l\u2019eau, Museo del Paeasaggio, Verbania, 1988\" data-caption-desc=\"Catalogue de l\u2019exposition &lt;i&gt;Sull\u2019acqua&lt;\/i&gt;, Sur l\u2019eau, Museo del Paeasaggio, Verbania, 1988\" data-attachment-id=\"5712\" class=\"fg-thumb\"><span class=\"fg-image-wrap\"><img title=\"Catalogue de l\u2019exposition &lt;i&gt;Sull\u2019acqua&lt;\/i&gt;, Sur l\u2019eau, Museo del Paeasaggio, Verbania, 1988\" width=\"200\" height=\"202\" data-src-fg=\"https:\/\/fulvioventura.org\/wp-content\/uploads\/cache\/2021\/03\/Naturale-2006-copie\/2553031416.jpg\" class=\"fg-image\" \/><\/span><\/a><figcaption class=\"fg-caption\"><div class=\"fg-caption-inner\"><div class=\"fg-caption-desc\">Catalogue de l\u2019exposition <i>Sull\u2019acqua<\/i>, Sur l\u2019eau, Museo del Paeasaggio, Verbania, 1988<\/div><\/div><\/figcaption><\/figure><div class=\"fg-loader\"><\/div><\/div><div class=\"fg-item\"><figure class=\"fg-item-inner\"><a data-caption-title=\"Livre Italia 1945-2005. Le grandi fotografie della nostra storia, \u0153uvre collective, \u00e9d. Hachette\/Contrasto, 2006\" data-caption-desc=\"Livre &lt;i&gt;Italia 1945-2005. Le grandi fotografie della nostra storia&lt;\/i&gt; (Les grandes photographies de notre histoire), \u0153uvre collective, \u00e9d. Hachette\/Contrasto, 2006\" data-attachment-id=\"2951\" class=\"fg-thumb\"><span class=\"fg-image-wrap\"><img title=\"Livre Italia 1945-2005. Le grandi fotografie della nostra storia, \u0153uvre collective, \u00e9d. Hachette\/Contrasto, 2006\" width=\"200\" height=\"150\" data-src-fg=\"https:\/\/fulvioventura.org\/wp-content\/uploads\/cache\/2020\/09\/AAVV-Italia-1945-2005_-Le-grandi-fotografie-della-nostra-storia-Hacette-Contrasto-2006\/2297910303.jpg\" class=\"fg-image\" \/><\/span><\/a><figcaption class=\"fg-caption\"><div class=\"fg-caption-inner\"><div class=\"fg-caption-desc\">Livre <i>Italia 1945-2005. Le grandi fotografie della nostra storia<\/i> (Les grandes photographies de notre histoire), \u0153uvre collective, \u00e9d. Hachette\/Contrasto, 2006<\/div><\/div><\/figcaption><\/figure><div class=\"fg-loader\"><\/div><\/div><div class=\"fg-item\"><figure class=\"fg-item-inner\"><a data-caption-title=\"Livre Atlante italiano 007. Rischio paesaggio. Ritratto dell&#039;Italia che cambia ( Atlas italien 007. Risque paysage. Portrait de l&#039;Italie qui change), \u0153uvre collective dirig\u00e9e par Francesca Fabiani, \u00e9d. Electa, 2007\" data-caption-desc=\"Livre &lt;i&gt;Atlante italiano 007. Rischio paesaggio. Ritratto dell&#039;Italia che cambia&lt;\/i&gt; (Atlas italien. Risque paysage. Portrait de l\u2019Italie qui change), \u0153uvre collective dirig\u00e9e par Francesca Fabiani, \u00e9d. Electa, 2007\" data-attachment-id=\"681\" class=\"fg-thumb\"><span class=\"fg-image-wrap\"><img title=\"Livre Atlante italiano 007. Rischio paesaggio. Ritratto dell&#039;Italia che cambia ( Atlas italien 007. Risque paysage. Portrait de l&#039;Italie qui change), \u0153uvre collective dirig\u00e9e par Francesca Fabiani, \u00e9d. Electa, 2007\" width=\"200\" height=\"158\" data-src-fg=\"https:\/\/fulvioventura.org\/wp-content\/uploads\/cache\/2020\/09\/Venezia-2007-copie\/2483664264.jpg\" class=\"fg-image\" \/><\/span><\/a><figcaption class=\"fg-caption\"><div class=\"fg-caption-inner\"><div class=\"fg-caption-desc\">Livre <i>Atlante italiano 007. Rischio paesaggio. Ritratto dell'Italia che cambia<\/i> (Atlas italien. Risque paysage. Portrait de l\u2019Italie qui change), \u0153uvre collective dirig\u00e9e par Francesca Fabiani, \u00e9d. Electa, 2007<\/div><\/div><\/figcaption><\/figure><div class=\"fg-loader\"><\/div><\/div><div class=\"fg-item\"><figure class=\"fg-item-inner\"><a data-caption-title=\"Livre Fotografia - le Collezioni, Museo Arte XXI\u00b0 secolo, Architettura, \u00e9d. Electa\/MAXXI, 2010\" data-caption-desc=\"Livre &lt;i&gt;Fotografia - le Collezioni&lt;\/i&gt; (Photographie - les Collections), Museo Arte XXI\u00b0 secolo, Architettura, \u00e9d. Electa\/MAXXI, 2010\" data-attachment-id=\"3214\" class=\"fg-thumb\"><span class=\"fg-image-wrap\"><img title=\"Livre Fotografia - le Collezioni, Museo Arte XXI\u00b0 secolo, Architettura, \u00e9d. Electa\/MAXXI, 2010\" width=\"200\" height=\"282\" data-src-fg=\"https:\/\/fulvioventura.org\/wp-content\/uploads\/cache\/2020\/09\/Fotografia-Le-collezioni-ed_-Electa-2009\/4278570494.jpg\" class=\"fg-image\" \/><\/span><\/a><figcaption class=\"fg-caption\"><div class=\"fg-caption-inner\"><div class=\"fg-caption-desc\">Livre <i>Fotografia - le Collezioni<\/i> (Photographie - les Collections), Museo Arte XXI\u00b0 secolo, Architettura, \u00e9d. Electa\/MAXXI, 2010<\/div><\/div><\/figcaption><\/figure><div class=\"fg-loader\"><\/div><\/div><div class=\"fg-item\"><figure class=\"fg-item-inner\"><a data-caption-title=\"Livre Il museo, le collezioni #2, Museo di Fotografia Contemporanea, \u0153uvre collective, \u00e9d. SilvanaEditoriale, 2009\" data-caption-desc=\"Livre &lt;i&gt;Il museo, le collezioni #2&lt;\/i&gt; (Le mus\u00e9e, les collections #2), Mus\u00e9e de la Photographie Contemporaine, \u0153uvre collective, \u00e9d. SilvanaEditoriale, 2009\" data-attachment-id=\"2957\" class=\"fg-thumb\"><span class=\"fg-image-wrap\"><img title=\"Livre Il museo, le collezioni #2, Museo di Fotografia Contemporanea, \u0153uvre collective, \u00e9d. SilvanaEditoriale, 2009\" width=\"200\" height=\"265\" data-src-fg=\"https:\/\/fulvioventura.org\/wp-content\/uploads\/cache\/2020\/10\/il-museo-le-collezioni-2009\/3205132713.jpg\" class=\"fg-image\" \/><\/span><\/a><figcaption class=\"fg-caption\"><div class=\"fg-caption-inner\"><div class=\"fg-caption-desc\">Livre <i>Il museo, le collezioni #2<\/i> (Le mus\u00e9e, les collections #2), Mus\u00e9e de la Photographie Contemporaine, \u0153uvre collective, \u00e9d. SilvanaEditoriale, 2009<\/div><\/div><\/figcaption><\/figure><div class=\"fg-loader\"><\/div><\/div><div class=\"fg-item\"><figure class=\"fg-item-inner\"><a data-caption-title=\"Couverture du livre Senza Piet\u00e0 (Sans piti\u00e9) de Patricia Highsmith, \u00e9d. Bompiani, 2012\" data-caption-desc=\"Couverture du livre &lt;i&gt;Senza Piet\u00e0&lt;\/i&gt; (Sans piti\u00e9) de Patricia Highsmith, \u00e9d. Bompiani, 2012\" data-attachment-id=\"690\" class=\"fg-thumb\"><span class=\"fg-image-wrap\"><img title=\"Couverture du livre Senza Piet\u00e0 (Sans piti\u00e9) de Patricia Highsmith, \u00e9d. Bompiani, 2012\" width=\"200\" height=\"308\" data-src-fg=\"https:\/\/fulvioventura.org\/wp-content\/uploads\/cache\/2020\/09\/Patricia-Highsmith-Senza-Pieta-2012\/3171548959.jpg\" class=\"fg-image\" \/><\/span><\/a><figcaption class=\"fg-caption\"><div class=\"fg-caption-inner\"><div class=\"fg-caption-desc\">Couverture du livre <i>Senza Piet\u00e0<\/i> (Sans piti\u00e9) de Patricia Highsmith, \u00e9d. Bompiani, 2012<\/div><\/div><\/figcaption><\/figure><div class=\"fg-loader\"><\/div><\/div><div class=\"fg-item\"><figure class=\"fg-item-inner\"><a data-caption-title=\"Livre 2004-2014: opere e progetti del Museo di Fotografia Contemporanea, \u0153uvre collective, \u00e9d. SilvanaEditoriale, 2014\" data-caption-desc=\"Livre &lt;i&gt;2004-2014: opere e progetti del Museo di Fotografia&lt;\/i&gt; Contemporanea (2004-2014: oeuvres et projets du Mus\u00e9e de la Photographie Contemporaine) , \u0153uvre collective, \u00e9d. SilvanaEditoriale, 2014\" data-attachment-id=\"2954\" class=\"fg-thumb\"><span class=\"fg-image-wrap\"><img title=\"Livre 2004-2014: opere e progetti del Museo di Fotografia Contemporanea, \u0153uvre collective, \u00e9d. SilvanaEditoriale, 2014\" width=\"200\" height=\"294\" data-src-fg=\"https:\/\/fulvioventura.org\/wp-content\/uploads\/cache\/2020\/10\/opere-e-progetti\/1112792293.jpg\" class=\"fg-image\" \/><\/span><\/a><figcaption class=\"fg-caption\"><div class=\"fg-caption-inner\"><div class=\"fg-caption-desc\">Livre <i>2004-2014: opere e progetti del Museo di Fotografia<\/i> Contemporanea (2004-2014: oeuvres et projets du Mus\u00e9e de la Photographie Contemporaine) , \u0153uvre collective, \u00e9d. SilvanaEditoriale, 2014<\/div><\/div><\/figcaption><\/figure><div class=\"fg-loader\"><\/div><\/div><div class=\"fg-item\"><figure class=\"fg-item-inner\"><a data-caption-title=\"Livre &lt;i&gt;Sagacity &lt;\/i&gt;, \u00e9d. The Ice Plant, au soin de Giulia Zorzi, juin 2021\" data-caption-desc=\"Livre &lt;i&gt;Sagacity &lt;\/i&gt;, \u00e9d. The Ice Plant, au soin de Giulia Zorzi, juin 2021\" data-attachment-id=\"5792\" class=\"fg-thumb\"><span class=\"fg-image-wrap\"><img title=\"Livre &lt;i&gt;Sagacity &lt;\/i&gt;, \u00e9d. The Ice Plant, au soin de Giulia Zorzi, juin 2021\" width=\"200\" height=\"141\" data-src-fg=\"https:\/\/fulvioventura.org\/wp-content\/uploads\/cache\/2021\/08\/Sagacity-juin-2021\/979973414.jpg\" class=\"fg-image\" \/><\/span><\/a><figcaption class=\"fg-caption\"><div class=\"fg-caption-inner\"><div class=\"fg-caption-desc\">Livre <i>Sagacity <\/i>, \u00e9d. The Ice Plant, au soin de Giulia Zorzi, juin 2021<\/div><\/div><\/figcaption><\/figure><div class=\"fg-loader\"><\/div><\/div><div class=\"fg-item\"><figure class=\"fg-item-inner\"><a data-caption-title=\"Livre &lt;i&gt;L\u2019alba dentro l\u2019imbrunire&lt;\/i&gt;, (16 photographies), \u00e9d. Rizzoli-Lizard, au soin de Francesco Messina et Stefano Senardi, novembre 2021\" data-caption-desc=\"Livre &lt;i&gt;L\u2019alba dentro l\u2019imbrunire&lt;\/i&gt;, (16 photographies), \u00e9d. Rizzoli-Lizard, au soin de Francesco Messina et Stefano Senardi, novembre 2021\" data-attachment-id=\"5909\" class=\"fg-thumb\"><span class=\"fg-image-wrap\"><img title=\"Livre &lt;i&gt;L\u2019alba dentro l\u2019imbrunire&lt;\/i&gt;, (16 photographies), \u00e9d. Rizzoli-Lizard, au soin de Francesco Messina et Stefano Senardi, novembre 2021\" width=\"200\" height=\"261\" data-src-fg=\"https:\/\/fulvioventura.org\/wp-content\/uploads\/cache\/2022\/08\/Libro-su-Battiato-copie\/2331348944.jpg\" class=\"fg-image\" \/><\/span><\/a><figcaption class=\"fg-caption\"><div class=\"fg-caption-inner\"><div class=\"fg-caption-desc\">Livre <i>L\u2019alba dentro l\u2019imbrunire<\/i>, (16 photographies), \u00e9d. Rizzoli-Lizard, au soin de Francesco Messina et Stefano Senardi, novembre 2021<\/div><\/div><\/figcaption><\/figure><div class=\"fg-loader\"><\/div><\/div><div class=\"fg-item\"><figure class=\"fg-item-inner\"><a data-caption-title=\"Livre &lt;i&gt;Viaggio in Italia&lt;\/i&gt;, \u0153uvre collective dirig\u00e9e par Luigi Ghirri, Gianni Leone, Enzo Velati, \u00e9d. Quodlibet, 2024\" data-caption-desc=\"Livre &lt;i&gt;Viaggio in Italia&lt;\/i&gt;, \u0153uvre collective dirig\u00e9e par Luigi Ghirri, Gianni Leone, Enzo Velati, \u00e9d. Quodlibet, 2024\" data-attachment-id=\"6826\" class=\"fg-thumb\"><span class=\"fg-image-wrap\"><img title=\"Livre &lt;i&gt;Viaggio in Italia&lt;\/i&gt;, \u0153uvre collective dirig\u00e9e par Luigi Ghirri, Gianni Leone, Enzo Velati, \u00e9d. Quodlibet, 2024\" width=\"200\" height=\"235\" data-src-fg=\"https:\/\/fulvioventura.org\/wp-content\/uploads\/cache\/2020\/09\/cover__id11364_w302_t1730285554\/1582840555.jpg\" class=\"fg-image\" \/><\/span><\/a><figcaption class=\"fg-caption\"><div class=\"fg-caption-inner\"><div class=\"fg-caption-desc\">Livre <i>Viaggio in Italia<\/i>, \u0153uvre collective dirig\u00e9e par Luigi Ghirri, Gianni Leone, Enzo Velati, \u00e9d. Quodlibet, 2024<\/div><\/div><\/figcaption><\/figure><div class=\"fg-loader\"><\/div><\/div><\/div>\n<p>[\/vc_column_text][\/vc_column][\/vc_row]<\/p>\n","protected":false},"excerpt":{"rendered":"<p>[vc_row][vc_column][vc_custom_heading text=\u00a0\u00bbpublications\u00a0\u00bb font_container=\u00a0\u00bbtag:h2|text_align:center\u00a0\u00bb google_fonts=\u00a0\u00bbfont_family:Roboto%3A100%2C100italic%2C300%2C300italic%2Cregular%2Citalic%2C500%2C500italic%2C700%2C700italic%2C900%2C900italic|font_style:400%20regular%3A400%3Anormal\u00a0\u00bb css=\u00a0\u00bb.vc_custom_1609090018414{margin-top: 20px !important;}\u00a0\u00bb][vc_column_text] [\/vc_column_text][\/vc_column][\/vc_row]<\/p>\n","protected":false},"author":1,"featured_media":0,"parent":0,"menu_order":0,"comment_status":"closed","ping_status":"closed","template":"","meta":[],"_links":{"self":[{"href":"https:\/\/fulvioventura.org\/fr\/wp-json\/wp\/v2\/pages\/374"}],"collection":[{"href":"https:\/\/fulvioventura.org\/fr\/wp-json\/wp\/v2\/pages"}],"about":[{"href":"https:\/\/fulvioventura.org\/fr\/wp-json\/wp\/v2\/types\/page"}],"author":[{"embeddable":true,"href":"https:\/\/fulvioventura.org\/fr\/wp-json\/wp\/v2\/users\/1"}],"replies":[{"embeddable":true,"href":"https:\/\/fulvioventura.org\/fr\/wp-json\/wp\/v2\/comments?post=374"}],"version-history":[{"count":12,"href":"https:\/\/fulvioventura.org\/fr\/wp-json\/wp\/v2\/pages\/374\/revisions"}],"predecessor-version":[{"id":5193,"href":"https:\/\/fulvioventura.org\/fr\/wp-json\/wp\/v2\/pages\/374\/revisions\/5193"}],"wp:attachment":[{"href":"https:\/\/fulvioventura.org\/fr\/wp-json\/wp\/v2\/media?parent=374"}],"curies":[{"name":"wp","href":"https:\/\/api.w.org\/{rel}","templated":true}]}}