{"id":5853,"date":"2021-10-14T12:53:56","date_gmt":"2021-10-14T10:53:56","guid":{"rendered":"https:\/\/fulvioventura.org\/?page_id=5853"},"modified":"2025-03-13T14:16:22","modified_gmt":"2025-03-13T13:16:22","slug":"nachrichten","status":"publish","type":"page","link":"https:\/\/fulvioventura.org\/de\/nachrichten\/","title":{"rendered":"Nachrichten"},"content":{"rendered":"<p>[vc_row][vc_column width=&#8220;1\/4&#8243;][vc_single_image image=&#8220;6827&#8243; img_size=&#8220;large&#8220;][\/vc_column][vc_column width=&#8220;3\/4&#8243;][vc_column_text]<\/p>\n<p style=\"text-align: justify;\">13. M\u00e4rz 2025<\/p>\n<p style=\"text-align: justify;\">Kommende Veranstaltungen:<\/p>\n<p style=\"text-align: justify;\"><b>London: Dienstag, 25. M\u00e4rz<\/b> um 18:00 Uhr, Pr\u00e4sentation der Neuauflage des Buches <b>Viaggio in Italia<\/b> in der Galerie <b>The Photographers Gallery<\/b>, 16-18 Ramillies St., London W1F 7LW.<\/p>\n<p style=\"text-align: justify;\"><b>Istanbul: Donnerstag, 24. April<\/b>, Er\u00f6ffnung der Ausstellung <b>Viaggio in Italia<\/b> im <b>Nationalmuseum f\u00fcr t\u00fcrkische und islamische Kunst<\/b>, T\u00fcrk ve \u0130slam Eserleri M\u00fczesi, Binbirdirek Mahallesi, Meydan\u0131 Caddesi 12, 34122 Sultanahmet, \u0130stanbul.<br \/>\nDie Ausstellung endet am 28. Mai, 2025.<\/p>\n<p style=\"text-align: justify;\"><b>Bari: Dienstag, 27. Mai<\/b>, um 18:00 Uhr, Pr\u00e4sentation der Neuauflage des Buches <b>Viaggio in Italia<\/b> in der <b>Pinacoteca metropolitana di Bari<\/b>, Via Spalato 19, 70121 Bari.<\/p>\n<p>[\/vc_column_text][\/vc_column][\/vc_row][vc_row][vc_column width=&#8220;2\/3&#8243;][vc_column_text]London, 11. Februar 2025<br \/>\nAusstellung und Pr\u00e4sentation der Neuauflage des Buches <b>Viaggio in Italia<\/b> im <b>Italienischen Kulturinstitut<\/b> zum 40. Jahrestag seiner Erstver\u00f6ffentlichung.<\/p>\n<p>Die Ausstellungser\u00f6ffnung findet am <b>Dienstag, 12. Februar<\/b> um 18.30 Uhr im Italian Cultural Institute, 39 Belgrave Square, London SW1X 8NX statt.<br \/>\nReden von Francesco Bongarr\u00e0, Direktor des Italienischen Kulturinstituts, Davide Rondoni, Pr\u00e4sident des MuFoCo, Museum f\u00fcr Zeitgen\u00f6ssische Fotografie, Gabriella Guerci, Direktorin des MuFoCo, Museum f\u00fcr Zeitgen\u00f6ssische Fotografie, und Matteo Balduzzi, Kurator der Ausstellung.<\/p>\n<p>Die Ausstellung endet am 28. M\u00e4rz 2025.<br \/>\n[\/vc_column_text][\/vc_column][vc_column width=&#8220;1\/3&#8243;][vc_single_image image=&#8220;6815&#8243; img_size=&#8220;medium&#8220;][\/vc_column][\/vc_row][vc_row][vc_column width=&#8220;1\/4&#8243;][vc_single_image image=&#8220;6790&#8243; img_size=&#8220;medium&#8220;][\/vc_column][vc_column width=&#8220;3\/4&#8243;][vc_column_text]<\/p>\n<p style=\"text-align: justify;\">Mailand, 6. Februar 2025<br \/>\nPr\u00e4sentation der Neuauflage des Buches <b>Viaggio in Italia<\/b> in der <b>Pinacoteca di Brera<\/b> zum 40. Jahrestag seiner Erstver\u00f6ffentlichung.<\/p>\n<p style=\"text-align: justify;\">Die Pr\u00e4sentation findet am <b>Donnerstag, 6. Februar<\/b> um 17:30 Uhr im Aldo Bassetti-Saal, Pinacoteca di Brera, Via Brera 28, 20121 Mailand statt.<br \/>\nEinf\u00fchrung durch Angelo Crespi, Direktor der Pinacoteca di Brera, Angelo Piero Cappello, Generaldirektor f\u00fcr zeitgen\u00f6ssische Kreativit\u00e4t des Kulturministeriums, Davide Rondoni, Pr\u00e4sident von MuFoCo, Museum f\u00fcr zeitgen\u00f6ssische Fotografie, und Adele Ghirri vom Archivio Eredi di Luigi Ghirri.<br \/>\nDiskussionsrunde zwischen den Fotografen Olivio Barbieri, Gianatonio Battistella, Vincenzo Castella und Andrea Cavazzuti.<br \/>\nModerator Matteo Balduzzi, Kurator des Museums f\u00fcr Zeitgen\u00f6ssische Fotografie.<\/p>\n<p>[\/vc_column_text][\/vc_column][\/vc_row][vc_row][vc_column width=&#8220;2\/3&#8243;][vc_column_text]<\/p>\n<p style=\"text-align: justify;\">Rom, 13. Dezember 2024<br \/>\nPr\u00e4sentation der Neuauflage des Buches <b>Viaggio in Italia<\/b> im <b>MAXXI<\/b>, Nationalmuseum f\u00fcr Kunst des 21. Jahrhunderts, zum 40. Jahrestag seiner Erstver\u00f6ffentlichung.<\/p>\n<p style=\"text-align: justify;\">Die Pr\u00e4sentation findet am <b>Freitag, 13. Dezember<\/b> um 18:30 Uhr im Saal Carlo Scarpa des MAXXI, Via Guido Reni 4a, 00196 Rom, statt.<br \/>\nEinf\u00fchrung von Lorenza Baroncelli, Direktorin des Maxxi.<br \/>\nAls Redner treten Angelo Piero Cappello, Generaldirektor von Contemporary Creativity des italienischen Kulturministeriums, Davide Rondoni, Pr\u00e4sident von MuFoCo, Museum f\u00fcr zeitgen\u00f6ssische Fotografie, Adele Ghirri vom Archiv der Luigi Ghirri-Erben und die Fotografen Vittore Fossati, Guido Guidi und Gianni Leone auf.<br \/>\nModerator Matteo Balduzzi, Kurator des Museums f\u00fcr Zeitgen\u00f6ssische Fotografie.<\/p>\n<p>[\/vc_column_text][\/vc_column][vc_column width=&#8220;1\/3&#8243;][vc_single_image image=&#8220;6790&#8243; img_size=&#8220;medium&#8220;][\/vc_column][\/vc_row][vc_row][vc_column width=&#8220;1\/4&#8243;][vc_single_image image=&#8220;6790&#8243; img_size=&#8220;large&#8220;][\/vc_column][vc_column width=&#8220;3\/4&#8243;][vc_column_text]<\/p>\n<p style=\"text-align: justify;\">Paris, 7.-8. November 2024<br \/>\nAusstellung und Pr\u00e4sentation der analogen Neuauflage des Buches <b>Viaggio in Italia<\/b> aus dem Jahr 1984, damals im Verlag Il Quadrante gedruckt und von Edizioni Quodlibet neu herausgegeben.<\/p>\n<p style=\"text-align: justify;\">Die Ausstellung feiert den vierzigsten Jahrestag von <b>Viaggio in Italia<\/b>, dem 1984 von Luigi Ghirri konzipierten Fotoprojekt, das als Meilenstein in der Geschichte der zeitgen\u00f6ssischen italienischen Fotografie gilt, und zeigt die 86 Bilder des Originalbuchs, das in einer Anastaskopie neu aufgelegt wurde. In der Neuauflage bleiben alle Details des Originalbuchs originalgetreu erhalten. Das Design, die Anordnung des Textes und die Reihenfolge der Originalbilder, die Materialeigenschaften und die Gr\u00f6\u00dfe der Seiten wurden \u00fcbernommen.<br \/>\nDie Feier zum 40. Jahrestag des Buches <b>Viaggio in Italia<\/b> wird von MuFoCo, Museo di Fotografia Contemporanea, mit der Generaldirektion f\u00fcr zeitgen\u00f6ssische Kreativit\u00e4t des italienischen Kulturministeriums, in Zusammenarbeit mit dem Archivio Ghirri und dem Italienischen Kulturinstitut in Paris sowie mit Beteiligung des MEP, Maison Europ\u00e9enne de la Photographie, in Paris gef\u00f6rdert.<\/p>\n<p style=\"text-align: justify;\"><b>Donnerstag, 7. November<\/b>, 18:00 Uhr im <b>Italienischen Kulturinstitut in Paris<\/b>, 50 Rue de Varenne, 75007 Paris: Er\u00f6ffnung der Ausstellung <b>Viaggio in Italia<\/b>, kuratiert von Matteo Balduzzi.<br \/>\n<b>Freitag, 8. November<\/b>, 18:00 Uhr im <b>MEP, Maison Europ\u00e9enne de la Photographie<\/b>, 5\/7 Rue de Fourcy, 75004 Paris: Pr\u00e4sentation der anastatischen Neuauflage des Bandes <b>Viaggio in Italia<\/b>. Diskussionsrunde zwischen den Fotografen Olivio Barbieri, Gianantonio Battistella, Mario Cresci und Claude Nori. Moderator Matteo Balduzzi, Kurator des Museums f\u00fcr Zeitgen\u00f6ssische Fotografie.<\/p>\n<p style=\"text-align: justify;\">Die Ausstellung endet am 8. Januar 2025.<\/p>\n<p>[\/vc_column_text][\/vc_column][\/vc_row][vc_row][vc_column width=&#8220;1\/2&#8243;][vc_column_text]<\/p>\n<p style=\"text-align: justify;\">15. August 2023<\/p>\n<p style=\"text-align: justify;\">Im Rahmen des Sacreselve Festivals in Ghiffa (Verbania) vom 15. bis 17. September 2023 wird in der Cappella dell&#8217;Incoronata eine Ausstellung mit Fotografien von Fulvio Ventura zum Thema der Region Verbano mit dem Titel <b>Dalla parte della natura<\/b>.<\/p>\n<p>[\/vc_column_text][\/vc_column][vc_column width=&#8220;1\/2&#8243;][vc_single_image image=&#8220;6758&#8243; img_size=&#8220;medium&#8220;][\/vc_column][\/vc_row][vc_row][vc_column width=&#8220;1\/2&#8243;][vc_single_image image=&#8220;6635&#8243; img_size=&#8220;large&#8220;][\/vc_column][vc_column width=&#8220;1\/2&#8243;][vc_column_text]15. Mai 2023<\/p>\n<p>Der Website von Fulvio Ventura wurde eine neue Galerie mit Schwarzwei\u00dffotos hinzugef\u00fcgt[\/vc_column_text][\/vc_column][\/vc_row][vc_row][vc_column width=&#8220;1\/2&#8243;][vc_column_text]<\/p>\n<p style=\"text-align: justify;\">13. April 2023<\/p>\n<p style=\"text-align: justify;\">Vom 28. April 2023 bis Februar 2024 werden acht Originalabz\u00fcge von Fotografien von Fulvio Ventura im Format 40&#215;40 im Museumspalast in Reggio Emilia (Italien), via Spallanzani 1, im Rahmen der Ausstellung <b>Un piede nell&#8217;Eden<\/b>. Die Fotografien, die im Fotoarchiv der Biblioteca Panizzi aufbewahrt werden, sind Teil der Gemeinschaftsausstellung <b>Giardini in Europa<\/b> von 1988 und wurden in Gordes, Paris, Urbino, Neapel, Lyon und Salzburg aufgenommen.<\/p>\n<p>[\/vc_column_text][\/vc_column][vc_column width=&#8220;1\/2&#8243;][vc_single_image image=&#8220;6617&#8243; img_size=&#8220;large&#8220;][\/vc_column][\/vc_row][vc_row][vc_column width=&#8220;1\/2&#8243;][vc_single_image image=&#8220;6341&#8243; img_size=&#8220;large&#8220;][\/vc_column][vc_column width=&#8220;1\/2&#8243;][vc_column_text]<\/p>\n<p style=\"text-align: justify;\">7. M\u00e4rz 2023<\/p>\n<p style=\"text-align: justify;\">Anl\u00e4sslich des dritten Jahrestages des Verschwindens von Fulvio Ventura, der Website wurden zwei neue Galerien hinzugef\u00fcgt: <b>Archivio dello Spazio<\/b>, Bilder von drei Gemeinden in der Provinz Mailand und <b>Vulcano<\/b>, Bilder dieser Insel des Archipels der Aeoliennes.<\/p>\n<p>[\/vc_column_text][vc_single_image image=&#8220;6558&#8243; img_size=&#8220;medium&#8220;][\/vc_column][\/vc_row][vc_row][vc_column width=&#8220;1\/2&#8243;][vc_column_text]24. Oktober 2021<\/p>\n<p style=\"text-align: justify;\">Das Buch <i>Sagacity<\/i> von Fulvio Ventura wurde am <b>20. Oktober 2021<\/b> um <b>18:30<\/b> in der <b>Galleria San Fedele<\/b>. in Mailand vorgestellt, via Ulrico Hoepli 3a.<\/p>\n<p style=\"text-align: justify;\">Organisiert von Giulia Zorzi von der Buchhandlung <i>Micamera<\/i> in Anwesenheit von Fulvios Partnerin Anna de Lorenzi vom Verleger Mike Slack, <i>(The Ice Plant)<\/i>, vom Fotografen Giovanni Chiaramonte und von Roberta Valtorta, Historikerin und Kritikerin der italienischen Fotografie. Moderiert von Luca Fiore, Journalist.<\/p>\n<p>[\/vc_column_text][\/vc_column][vc_column width=&#8220;1\/2&#8243;][vc_single_image image=&#8220;5870&#8243; img_size=&#8220;full&#8220; add_caption=&#8220;yes&#8220;][\/vc_column][\/vc_row][vc_row][vc_column width=&#8220;1\/2&#8243;][vc_single_image image=&#8220;5793&#8243; img_size=&#8220;full&#8220;][\/vc_column][vc_column width=&#8220;1\/2&#8243;][vc_column_text]<\/p>\n<p style=\"text-align: justify;\">30. Juni 2021<\/p>\n<p style=\"text-align: justify;\">Nach fast 50 Jahren Wartezeit ist hier endlich <i>Sagacity<\/i> von Fulvio Ventura. Als Ergebnis einer 1975 begonnenen Arbeit wurde die Ver\u00f6ffentlichung der meisten dieser Bilder bereits 1978 erwartet, als Luigi Ghirri die Ver\u00f6ffentlichung von <i>Souvenir(s)<\/i> ank\u00fcndigte, die aufgrund des Scheiterns von Verlag Punto e Virgola.<\/p>\n<p style=\"text-align: justify;\"><i>Sagacity, Sunstar and Salamandra<\/i> war der urspr\u00fcngliche und vollst\u00e4ndige Titel, wie eine zuf\u00e4llig in einer Druckerei gefundene Messingplakette zu lesen war. Ein Werk, das Ventura dann weiter transformierte, geleitet von einer Leidenschaft f\u00fcr esoterische Philosophie, Mystery, Zufall, Jazzmusik und surrealistische und mythologische Literatur.<\/p>\n<p style=\"text-align: justify;\">Die Sequenz dieser Monografie wird von Giulia Zorzi von Micamera kuratiert und ist das Ergebnis zahlreicher Treffen mit dem Autor in seinem Haus in Ghiffa am Lago Maggiore, die abrupt durch Venturas Tod am 7. M\u00e4rz 2020 unterbrochen wurden. Der Entwurf stammt von Jason Fulford.<\/p>\n<p style=\"text-align: justify;\">Die hier gesammelten Bilder wurden \u00fcber viele Jahre an verschiedenen Orten in Europa aufgenommen; Gleichzeitig und beabsichtigt, mysteri\u00f6s und ironisch, oft \u00fcberraschend filmisch, bilden sie ein koh\u00e4rentes und autonomes metaphysisches Universum, das von sichtbaren und unsichtbaren Kr\u00e4ften regiert wird.<\/p>\n<p>[\/vc_column_text][\/vc_column][\/vc_row][vc_row][vc_column][vc_column_text]The Ice Plant Editions, 2021 &#8211; 1. Auflage von 500 Exemplaren<br \/>\nHardcover, 26 x 18 cm &#8211; 64 Seiten, 33 Schwarzwei\u00dffotos<br \/>\nEnglische Sprache<br \/>\nPreis: 33 \u20ac<\/p>\n<p>Sie finden dieses Buch in der Buchhandlung Micamera, Via Medardo Rosso 19, 20159 Mailand<br \/>\noder bestellen Sie es auf der Micamera-Website: https:\/\/www.micamera.com\/prodotto\/sagacity-fulvio-ventura\/<br \/>\n[\/vc_column_text][\/vc_column][\/vc_row][vc_row][vc_column width=&#8220;1\/2&#8243;][vc_single_image image=&#8220;5817&#8243; img_size=&#8220;full&#8220;][\/vc_column][vc_column width=&#8220;1\/2&#8243;][vc_column_text]14. Juni 2021<\/p>\n<p>Dem Farbalbum <i>Fl\u00fcchtige Visionen<\/i> wurden sieben neue Fotografien hinzugef\u00fcgt[\/vc_column_text][\/vc_column][\/vc_row]<\/p>\n","protected":false},"excerpt":{"rendered":"<p>[vc_row][vc_column width=&#8220;1\/4&#8243;][vc_single_image image=&#8220;6827&#8243; img_size=&#8220;large&#8220;][\/vc_column][vc_column width=&#8220;3\/4&#8243;][vc_column_text] 13. M\u00e4rz 2025 Kommende Veranstaltungen: London: Dienstag, 25. M\u00e4rz um 18:00 Uhr, Pr\u00e4sentation der Neuauflage des Buches Viaggio in Italia in der Galerie The Photographers Gallery, 16-18 Ramillies St., London W1F 7LW. Istanbul: Donnerstag, 24. April, Er\u00f6ffnung der Ausstellung Viaggio in Italia im Nationalmuseum f\u00fcr t\u00fcrkische und islamische Kunst, T\u00fcrk&hellip;<\/p>\n","protected":false},"author":1,"featured_media":0,"parent":0,"menu_order":0,"comment_status":"closed","ping_status":"closed","template":"","meta":[],"_links":{"self":[{"href":"https:\/\/fulvioventura.org\/de\/wp-json\/wp\/v2\/pages\/5853"}],"collection":[{"href":"https:\/\/fulvioventura.org\/de\/wp-json\/wp\/v2\/pages"}],"about":[{"href":"https:\/\/fulvioventura.org\/de\/wp-json\/wp\/v2\/types\/page"}],"author":[{"embeddable":true,"href":"https:\/\/fulvioventura.org\/de\/wp-json\/wp\/v2\/users\/1"}],"replies":[{"embeddable":true,"href":"https:\/\/fulvioventura.org\/de\/wp-json\/wp\/v2\/comments?post=5853"}],"version-history":[{"count":20,"href":"https:\/\/fulvioventura.org\/de\/wp-json\/wp\/v2\/pages\/5853\/revisions"}],"predecessor-version":[{"id":6850,"href":"https:\/\/fulvioventura.org\/de\/wp-json\/wp\/v2\/pages\/5853\/revisions\/6850"}],"wp:attachment":[{"href":"https:\/\/fulvioventura.org\/de\/wp-json\/wp\/v2\/media?parent=5853"}],"curies":[{"name":"wp","href":"https:\/\/api.w.org\/{rel}","templated":true}]}}