{"id":5078,"date":"2020-12-23T18:22:33","date_gmt":"2020-12-23T17:22:33","guid":{"rendered":"https:\/\/fulvioventura.org\/veroeffentlichungen\/"},"modified":"2020-12-27T18:26:06","modified_gmt":"2020-12-27T17:26:06","slug":"veroeffentlichungen","status":"publish","type":"page","link":"https:\/\/fulvioventura.org\/de\/veroeffentlichungen\/","title":{"rendered":"Ver\u00f6ffentlichungen"},"content":{"rendered":"<p>[vc_row][vc_column][vc_custom_heading text=&#8220;Ver\u00f6ffentlichungen&#8220; font_container=&#8220;tag:h2|text_align:center&#8220; google_fonts=&#8220;font_family:Roboto%3A100%2C100italic%2C300%2C300italic%2Cregular%2Citalic%2C500%2C500italic%2C700%2C700italic%2C900%2C900italic|font_style:400%20regular%3A400%3Anormal&#8220; css=&#8220;.vc_custom_1609089941268{margin-top: 20px !important;}&#8220;][vc_column_text]<div class=\"foogallery foogallery-container foogallery-masonry foogallery-lightbox-foobox fg-center fg-masonry fg-light fg-shadow-small fg-loaded-fade-in fg-captions-bottom fg-hover-fade fg-ready\" id=\"foogallery-gallery-640\" data-foogallery=\"{&quot;item&quot;:{&quot;showCaptionTitle&quot;:false,&quot;showCaptionDescription&quot;:true},&quot;lazy&quot;:true,&quot;src&quot;:&quot;data-src-fg&quot;,&quot;srcset&quot;:&quot;data-srcset-fg&quot;,&quot;template&quot;:{&quot;layout&quot;:&quot;fixed&quot;,&quot;columnWidth&quot;:200,&quot;gutter&quot;:10}}\" data-fg-common-fields=\"1\" >\r\n\t<div class=\"fg-item\"><figure class=\"fg-item-inner\"><a data-caption-title=\"Poster von Rudi Dutschke und Buchumschlag &lt;i&gt;La ribellione degli studenti&lt;\/i&gt;, Feltrinelli Verlag, 1968\" data-caption-desc=\"Poster von Rudi Dutschke und Buchumschlag &lt;i&gt;La ribellione degli studenti&lt;\/i&gt;, Feltrinelli Verlag, 1968\" data-attachment-id=\"3763\" class=\"fg-thumb\"><span class=\"fg-image-wrap\"><img title=\"Poster von Rudi Dutschke und Buchumschlag &lt;i&gt;La ribellione degli studenti&lt;\/i&gt;, Feltrinelli Verlag, 1968\" width=\"200\" height=\"237\" data-src-fg=\"https:\/\/fulvioventura.org\/wp-content\/uploads\/cache\/2020\/12\/Rudi-Dutschke-a\/496664449.jpg\" class=\"fg-image\" \/><\/span><\/a><figcaption class=\"fg-caption\"><div class=\"fg-caption-inner\"><div class=\"fg-caption-desc\">Poster von Rudi Dutschke und Buchumschlag <i>La ribellione degli studenti<\/i>, Feltrinelli Verlag, 1968<\/div><\/div><\/figcaption><\/figure><div class=\"fg-loader\"><\/div><\/div><div class=\"fg-item\"><figure class=\"fg-item-inner\"><a data-caption-title=\"Szene Fotos f\u00fcr das Album &lt;i&gt;Aktuala&lt;\/i&gt;, Bla Bla Verlag, 1973\" data-caption-desc=\"Szene Fotos f\u00fcr das Album &lt;i&gt;Aktuala&lt;\/i&gt;, Bla Bla Verlag, 1973\" data-attachment-id=\"3785\" class=\"fg-thumb\"><span class=\"fg-image-wrap\"><img title=\"Szene Fotos f\u00fcr das Album &lt;i&gt;Aktuala&lt;\/i&gt;, Bla Bla Verlag, 1973\" width=\"200\" height=\"201\" data-src-fg=\"https:\/\/fulvioventura.org\/wp-content\/uploads\/cache\/2020\/10\/Pagine-interne-del-disco-Aktuala-ed_-Bla-Bla-1973-a\/2008030908.jpg\" class=\"fg-image\" \/><\/span><\/a><figcaption class=\"fg-caption\"><div class=\"fg-caption-inner\"><div class=\"fg-caption-desc\">Szene Fotos f\u00fcr das Album <i>Aktuala<\/i>, Bla Bla Verlag, 1973<\/div><\/div><\/figcaption><\/figure><div class=\"fg-loader\"><\/div><\/div><div class=\"fg-item\"><figure class=\"fg-item-inner\"><a data-caption-title=\"Buch &lt;i&gt;Fotografia Italiana - numero speciale sul paesaggio&lt;\/i&gt; (Sonderausgabe \u00fcber die Landschaft), Kollektive Kunstwerk, Galerie Il Diaframma, Mailand, 1974\" data-caption-desc=\"Buch &lt;i&gt;Fotografia Italiana - numero speciale sul paesaggio&lt;\/i&gt; (Sonderausgabe \u00fcber die Landschaft), Kollektive Kunstwerk, Galerie Il Diaframma, Mailand, 1974\" data-attachment-id=\"3770\" class=\"fg-thumb\"><span class=\"fg-image-wrap\"><img title=\"Buch &lt;i&gt;Fotografia Italiana - numero speciale sul paesaggio&lt;\/i&gt; (Sonderausgabe \u00fcber die Landschaft), Kollektive Kunstwerk, Galerie Il Diaframma, Mailand, 1974\" width=\"200\" height=\"237\" data-src-fg=\"https:\/\/fulvioventura.org\/wp-content\/uploads\/cache\/2020\/09\/Galleria-Il-Diaframma-1974\/289636498.jpg\" class=\"fg-image\" \/><\/span><\/a><figcaption class=\"fg-caption\"><div class=\"fg-caption-inner\"><div class=\"fg-caption-desc\">Buch <i>Fotografia Italiana &#8211; numero speciale sul paesaggio<\/i> (Sonderausgabe \u00fcber die Landschaft), Kollektive Kunstwerk, Galerie Il Diaframma, Mailand, 1974<\/div><\/div><\/figcaption><\/figure><div class=\"fg-loader\"><\/div><\/div><div class=\"fg-item\"><figure class=\"fg-item-inner\"><a data-caption-title=\"Buch &lt;i&gt;Premi\u00e8re Triennale Internationale de la Photographie&lt;\/i&gt; (Erste internationale Triennale der Fotografie), Kollektive Kunstwerk, Fribourg, 1975\" data-caption-desc=\"Buch &lt;i&gt;Premi\u00e8re Triennale Internationale de la Photographie&lt;\/i&gt; (Erste internationale Triennale der Fotografie), Kollektive Kunstwerk, Fribourg, 1975\" data-attachment-id=\"3771\" class=\"fg-thumb\"><span class=\"fg-image-wrap\"><img title=\"Buch &lt;i&gt;Premi\u00e8re Triennale Internationale de la Photographie&lt;\/i&gt; (Erste internationale Triennale der Fotografie), Kollektive Kunstwerk, Fribourg, 1975\" width=\"200\" height=\"198\" data-src-fg=\"https:\/\/fulvioventura.org\/wp-content\/uploads\/cache\/2020\/09\/Premiere-Triennale-Fribourg-1985\/226094014.jpg\" class=\"fg-image\" \/><\/span><\/a><figcaption class=\"fg-caption\"><div class=\"fg-caption-inner\"><div class=\"fg-caption-desc\">Buch <i>Premi\u00e8re Triennale Internationale de la Photographie<\/i> (Erste internationale Triennale der Fotografie), Kollektive Kunstwerk, Fribourg, 1975<\/div><\/div><\/figcaption><\/figure><div class=\"fg-loader\"><\/div><\/div><div class=\"fg-item\"><figure class=\"fg-item-inner\"><a data-caption-title=\"Book &lt;i&gt;70 Anni di Fotografia in Italia&lt;\/i&gt; (70 Jahre Fotografie in Italien), Kollektive Kunstwerk, Kurator Italo Zannier, Punto&amp;amp;Virgola Verlag, 1978\" data-caption-desc=\"Book &lt;i&gt;70 Anni di Fotografia in Italia&lt;\/i&gt; (70 Jahre Fotografie in Italien), Kollektive Kunstwerk, Kurator Italo Zannier, Punto&amp;amp;Virgola Verlag, 1978\" data-attachment-id=\"3769\" class=\"fg-thumb\"><span class=\"fg-image-wrap\"><img title=\"Book &lt;i&gt;70 Anni di Fotografia in Italia&lt;\/i&gt; (70 Jahre Fotografie in Italien), Kollektive Kunstwerk, Kurator Italo Zannier, Punto&amp;Virgola Verlag, 1978\" width=\"200\" height=\"258\" data-src-fg=\"https:\/\/fulvioventura.org\/wp-content\/uploads\/cache\/2020\/09\/70-Anni-di-Fotografia-in-Italia-PuntoVirgola-1978\/2659738806.jpg\" class=\"fg-image\" \/><\/span><\/a><figcaption class=\"fg-caption\"><div class=\"fg-caption-inner\"><div class=\"fg-caption-desc\">Book <i>70 Anni di Fotografia in Italia<\/i> (70 Jahre Fotografie in Italien), Kollektive Kunstwerk, Kurator Italo Zannier, Punto&amp;Virgola Verlag, 1978<\/div><\/div><\/figcaption><\/figure><div class=\"fg-loader\"><\/div><\/div><div class=\"fg-item\"><figure class=\"fg-item-inner\"><a data-caption-title=\"&lt;i&gt;Quando una foto \u00e8 fatta di niente&lt;\/i&gt; (Wenn ein Foto aus nichts gemacht ist) 6 Seiten, Zeitschrift Il Fotografo, April 1979\" data-caption-desc=\"&lt;i&gt;Quando una foto \u00e8 fatta di niente&lt;\/i&gt; (Wenn ein Foto aus nichts gemacht ist) 6 Seiten, Zeitschrift Il Fotografo, April 1979\" data-attachment-id=\"3959\" class=\"fg-thumb\"><span class=\"fg-image-wrap\"><img title=\"&lt;i&gt;Quando una foto \u00e8 fatta di niente&lt;\/i&gt; (Wenn ein Foto aus nichts gemacht ist) 6 Seiten, Zeitschrift Il Fotografo, April 1979\" width=\"200\" height=\"263\" data-src-fg=\"https:\/\/fulvioventura.org\/wp-content\/uploads\/cache\/2020\/09\/Il-Fotografo-apr-79-1\/2852916725.jpg\" class=\"fg-image\" \/><\/span><\/a><figcaption class=\"fg-caption\"><div class=\"fg-caption-inner\"><div class=\"fg-caption-desc\"><i>Quando una foto \u00e8 fatta di niente<\/i> (Wenn ein Foto aus nichts gemacht ist) 6 Seiten, Zeitschrift Il Fotografo, April 1979<\/div><\/div><\/figcaption><\/figure><div class=\"fg-loader\"><\/div><\/div><div class=\"fg-item\"><figure class=\"fg-item-inner\"><a data-caption-title=\"Buch &lt;i&gt;Iconicitt\u00e0\/1 Una visione sul reale&lt;\/i&gt; (Eine Vision \u00fcber die Realit\u00e4t), Kollektive Kunstwerk, Kurator Luigi Ghirri, Punto&amp;amp;Virgola Verlag, 1979\" data-caption-desc=\"Buch &lt;i&gt;Iconicitt\u00e0\/1 Una visione sul reale&lt;\/i&gt; (Eine Vision \u00fcber die Realit\u00e4t), Kollektive Kunstwerk, Kurator Luigi Ghirri, Punto&amp;amp;Virgola Verlag, 1979\" data-attachment-id=\"3776\" class=\"fg-thumb\"><span class=\"fg-image-wrap\"><img title=\"Buch &lt;i&gt;Iconicitt\u00e0\/1 Una visione sul reale&lt;\/i&gt; (Eine Vision \u00fcber die Realit\u00e4t), Kollektive Kunstwerk, Kurator Luigi Ghirri, Punto&amp;Virgola Verlag, 1979\" width=\"200\" height=\"181\" data-src-fg=\"https:\/\/fulvioventura.org\/wp-content\/uploads\/cache\/2020\/09\/Iconicitta1-\/1178643088.jpg\" class=\"fg-image\" \/><\/span><\/a><figcaption class=\"fg-caption\"><div class=\"fg-caption-inner\"><div class=\"fg-caption-desc\">Buch <i>Iconicitt\u00e0\/1 Una visione sul reale<\/i> (Eine Vision \u00fcber die Realit\u00e4t), Kollektive Kunstwerk, Kurator Luigi Ghirri, Punto&amp;Virgola Verlag, 1979<\/div><\/div><\/figcaption><\/figure><div class=\"fg-loader\"><\/div><\/div><div class=\"fg-item\"><figure class=\"fg-item-inner\"><a data-caption-title=\"Buch &lt;i&gt; Enciclopedia pratica per fotografare &lt;\/i&gt; (Praktische Enzyklop\u00e4die zum Fotografieren), Kollektive Kunstwerk, Fabbri Verlag, 1979\" data-caption-desc=\"Buch &lt;i&gt; Enciclopedia pratica per fotografare &lt;\/i&gt; (Praktische Enzyklop\u00e4die zum Fotografieren), Kollektive Kunstwerk, Fabbri Verlag, 1979\" data-attachment-id=\"3744\" class=\"fg-thumb\"><span class=\"fg-image-wrap\"><img title=\"Buch &lt;i&gt; Enciclopedia pratica per fotografare &lt;\/i&gt; (Praktische Enzyklop\u00e4die zum Fotografieren), Kollektive Kunstwerk, Fabbri Verlag, 1979\" width=\"200\" height=\"280\" data-src-fg=\"https:\/\/fulvioventura.org\/wp-content\/uploads\/cache\/2020\/09\/Enciclopedia-pratica-per-fotografare-jpg\/3382964708.jpg\" class=\"fg-image\" \/><\/span><\/a><figcaption class=\"fg-caption\"><div class=\"fg-caption-inner\"><div class=\"fg-caption-desc\">Buch <i> Enciclopedia pratica per fotografare <\/i> (Praktische Enzyklop\u00e4die zum Fotografieren), Kollektive Kunstwerk, Fabbri Verlag, 1979<\/div><\/div><\/figcaption><\/figure><div class=\"fg-loader\"><\/div><\/div><div class=\"fg-item\"><figure class=\"fg-item-inner\"><a data-caption-title=\"Cover f\u00fcr das Album &lt;i&gt;Alice&lt;\/i&gt;, von S\u00e4ngerin Alice, EMI Verlag, 1981\" data-caption-desc=\"Cover f\u00fcr das Album &lt;i&gt;Alice&lt;\/i&gt;, von S\u00e4ngerin Alice, EMI Verlag, 1981\" data-attachment-id=\"4815\" class=\"fg-thumb\"><span class=\"fg-image-wrap\"><img title=\"Cover f\u00fcr das Album &lt;i&gt;Alice&lt;\/i&gt;, von S\u00e4ngerin Alice, EMI Verlag, 1981\" width=\"200\" height=\"200\" data-src-fg=\"https:\/\/fulvioventura.org\/wp-content\/uploads\/cache\/2020\/09\/R-2525397-1600387387-1261_jpeg\/3536221942.jpg\" class=\"fg-image\" \/><\/span><\/a><figcaption class=\"fg-caption\"><div class=\"fg-caption-inner\"><div class=\"fg-caption-desc\">Cover f\u00fcr das Album <i>Alice<\/i>, von S\u00e4ngerin Alice, EMI Verlag, 1981<\/div><\/div><\/figcaption><\/figure><div class=\"fg-loader\"><\/div><\/div><div class=\"fg-item\"><figure class=\"fg-item-inner\"><a data-caption-title=\"Buch &lt;i&gt;Il giro del mondo in 80 giorni&lt;\/i&gt; (In 80 Tagen um die Welt), Luigi Ghirri, Roberto Salbitani, Fulvio Ventura, Theater Valli Verlag, Reggio Emilia, 1981\" data-caption-desc=\"Buch &lt;i&gt;Il giro del mondo in 80 giorni&lt;\/i&gt; (In 80 Tagen um die Welt), Luigi Ghirri, Roberto Salbitani, Fulvio Ventura, Theater Valli Verlag, Reggio Emilia, 1981\" data-attachment-id=\"3759\" class=\"fg-thumb\"><span class=\"fg-image-wrap\"><img title=\"Buch &lt;i&gt;Il giro del mondo in 80 giorni&lt;\/i&gt; (In 80 Tagen um die Welt), Luigi Ghirri, Roberto Salbitani, Fulvio Ventura, Theater Valli Verlag, Reggio Emilia, 1981\" width=\"200\" height=\"88\" data-src-fg=\"https:\/\/fulvioventura.org\/wp-content\/uploads\/cache\/2020\/09\/Luigi-Ghirri-Roberto-Salbitani-Fulvio-Ventura-Il-giro-del-mondo-in-80-giorni1981\/3698512359.jpg\" class=\"fg-image\" \/><\/span><\/a><figcaption class=\"fg-caption\"><div class=\"fg-caption-inner\"><div class=\"fg-caption-desc\">Buch <i>Il giro del mondo in 80 giorni<\/i> (In 80 Tagen um die Welt), Luigi Ghirri, Roberto Salbitani, Fulvio Ventura, Theater Valli Verlag, Reggio Emilia, 1981<\/div><\/div><\/figcaption><\/figure><div class=\"fg-loader\"><\/div><\/div><div class=\"fg-item\"><figure class=\"fg-item-inner\"><a data-caption-title=\"Buch &lt;i&gt;Fotografie in Europa Heute&lt;\/i&gt;, Dumont Foto IV. 1982\" data-caption-desc=\"Buch &lt;i&gt;Fotografie in Europa Heute&lt;\/i&gt;, Dumont Foto IV. 1982\" data-attachment-id=\"3758\" class=\"fg-thumb\"><span class=\"fg-image-wrap\"><img title=\"Buch &lt;i&gt;Fotografie in Europa Heute&lt;\/i&gt;, Dumont Foto IV. 1982\" width=\"200\" height=\"254\" data-src-fg=\"https:\/\/fulvioventura.org\/wp-content\/uploads\/cache\/2020\/09\/Dumont-Foto-IV_-Fotografie-in-Europa-Heute-1982\/571802866.jpg\" class=\"fg-image\" \/><\/span><\/a><figcaption class=\"fg-caption\"><div class=\"fg-caption-inner\"><div class=\"fg-caption-desc\">Buch <i>Fotografie in Europa Heute<\/i>, Dumont Foto IV. 1982<\/div><\/div><\/figcaption><\/figure><div class=\"fg-loader\"><\/div><\/div><div class=\"fg-item\"><figure class=\"fg-item-inner\"><a data-caption-title=\"Buch &lt;i&gt;Viaggio in Italia&lt;\/i&gt; (Italienreise), Kollektive Kunstwerk, Kuratoren Luigi Ghirri, Gianni Leone, Enzo Velati, Il Quadrante Verlag, 1984\" data-caption-desc=\"Buch &lt;i&gt;Viaggio in Italia&lt;\/i&gt; (Italienreise), Kollektive Kunstwerk, Kuratoren Luigi Ghirri, Gianni Leone, Enzo Velati, Il Quadrante Verlag, 1984\" data-attachment-id=\"6831\" class=\"fg-thumb\"><span class=\"fg-image-wrap\"><img title=\"Buch &lt;i&gt;Viaggio in Italia&lt;\/i&gt; (Italienreise), Kollektive Kunstwerk, Kuratoren Luigi Ghirri, Gianni Leone, Enzo Velati, Il Quadrante Verlag, 1984\" width=\"200\" height=\"233\" data-src-fg=\"https:\/\/fulvioventura.org\/wp-content\/uploads\/cache\/2020\/09\/Viaggio-in-Italia-Quadrante-1984\/2816033300.jpg\" class=\"fg-image\" \/><\/span><\/a><figcaption class=\"fg-caption\"><div class=\"fg-caption-inner\"><div class=\"fg-caption-desc\">Buch <i>Viaggio in Italia<\/i> (Italienreise), Kollektive Kunstwerk, Kuratoren Luigi Ghirri, Gianni Leone, Enzo Velati, Il Quadrante Verlag, 1984<\/div><\/div><\/figcaption><\/figure><div class=\"fg-loader\"><\/div><\/div><div class=\"fg-item\"><figure class=\"fg-item-inner\"><a data-caption-title=\"Buch &lt;i&gt;Paesaggio a nord-ovest, itinerari piemontesi&lt;\/i&gt; (Landschatf im Nordwesten - Piemontesische Routen), Luigi Ghirri, Vittore Fossati, Olivo Barbieri, Fulvio Ventura, Il Quadrante Verlag, 1986\" data-caption-desc=\"Buch &lt;i&gt;Paesaggio a nord-ovest, itinerari piemontesi&lt;\/i&gt; (Landschatf im Nordwesten - Piemontesische Routen), Luigi Ghirri, Vittore Fossati, Olivo Barbieri, Fulvio Ventura, Il Quadrante Verlag, 1986\" data-attachment-id=\"3757\" class=\"fg-thumb\"><span class=\"fg-image-wrap\"><img title=\"Buch &lt;i&gt;Paesaggio a nord-ovest, itinerari piemontesi&lt;\/i&gt; (Landschatf im Nordwesten - Piemontesische Routen), Luigi Ghirri, Vittore Fossati, Olivo Barbieri, Fulvio Ventura, Il Quadrante Verlag, 1986\" width=\"200\" height=\"266\" data-src-fg=\"https:\/\/fulvioventura.org\/wp-content\/uploads\/cache\/2020\/09\/Paesaggio-a-nord-ovest-itinerari-piemontesi-ed_-Il-Quadrante-1986\/3794655178.jpg\" class=\"fg-image\" \/><\/span><\/a><figcaption class=\"fg-caption\"><div class=\"fg-caption-inner\"><div class=\"fg-caption-desc\">Buch <i>Paesaggio a nord-ovest, itinerari piemontesi<\/i> (Landschatf im Nordwesten &#8211; Piemontesische Routen), Luigi Ghirri, Vittore Fossati, Olivo Barbieri, Fulvio Ventura, Il Quadrante Verlag, 1986<\/div><\/div><\/figcaption><\/figure><div class=\"fg-loader\"><\/div><\/div><div class=\"fg-item\"><figure class=\"fg-item-inner\"><a data-caption-title=\"Buch &lt;i&gt;Napoli \u201985 - Cartoline da Napoli&lt;\/i&gt; (Neaples &#039;85 - Postkarten aus Naples), Kollektive Kunstwerk, Electa Verlag, 1986\" data-caption-desc=\"Buch &lt;i&gt;Napoli \u201985 - Cartoline da Napoli&lt;\/i&gt; (Neaples &#039;85 - Postkarten aus Naples), Kollektive Kunstwerk, Electa Verlag, 1986\" data-attachment-id=\"3773\" class=\"fg-thumb\"><span class=\"fg-image-wrap\"><img title=\"Buch &lt;i&gt;Napoli \u201985 - Cartoline da Napoli&lt;\/i&gt; (Neaples &#039;85 - Postkarten aus Naples), Kollektive Kunstwerk, Electa Verlag, 1986\" width=\"200\" height=\"120\" data-src-fg=\"https:\/\/fulvioventura.org\/wp-content\/uploads\/cache\/2020\/09\/Napoli-85-\u2013-Cartoline-da-Napoli-oepra-collettiva-ed_-Electa-1986-\/2971219765.jpg\" class=\"fg-image\" \/><\/span><\/a><figcaption class=\"fg-caption\"><div class=\"fg-caption-inner\"><div class=\"fg-caption-desc\">Buch <i>Napoli \u201985 &#8211; Cartoline da Napoli<\/i> (Neaples &#8217;85 &#8211; Postkarten aus Naples), Kollektive Kunstwerk, Electa Verlag, 1986<\/div><\/div><\/figcaption><\/figure><div class=\"fg-loader\"><\/div><\/div><div class=\"fg-item\"><figure class=\"fg-item-inner\"><a data-caption-title=\"Cover f\u00fcr das Album &lt;i&gt;Park Hotel&lt;\/i&gt;, von S\u00e4ngerin Alice, EMI Verlag, 1986\" data-caption-desc=\"Cover f\u00fcr das Album &lt;i&gt;Park Hotel&lt;\/i&gt;, von S\u00e4ngerin Alice, EMI Verlag, 1986\" data-attachment-id=\"4198\" class=\"fg-thumb\"><span class=\"fg-image-wrap\"><img title=\"Cover f\u00fcr das Album &lt;i&gt;Park Hotel&lt;\/i&gt;, von S\u00e4ngerin Alice, EMI Verlag, 1986\" width=\"200\" height=\"201\" data-src-fg=\"https:\/\/fulvioventura.org\/wp-content\/uploads\/cache\/2020\/09\/Alice-Park-Hotel-1986\/486724974.jpg\" class=\"fg-image\" \/><\/span><\/a><figcaption class=\"fg-caption\"><div class=\"fg-caption-inner\"><div class=\"fg-caption-desc\">Cover f\u00fcr das Album <i>Park Hotel<\/i>, von S\u00e4ngerin Alice, EMI Verlag, 1986<\/div><\/div><\/figcaption><\/figure><div class=\"fg-loader\"><\/div><\/div><div class=\"fg-item\"><figure class=\"fg-item-inner\"><a data-caption-title=\"Buch &lt;i&gt;Autoscatto \u2013 1956-1986 30 Jahre Fotografie und Autos&lt;\/i&gt;, kollektive Kunstwerk, Editoriale Domus Verlag, 1986\" data-caption-desc=\"Buch &lt;i&gt;Autoscatto \u2013 1956-1986 30 Jahre Fotografie und Autos&lt;\/i&gt;, kollektive Kunstwerk, Editoriale Domus Verlag, 1986\" data-attachment-id=\"5681\" class=\"fg-thumb\"><span class=\"fg-image-wrap\"><img title=\"Buch &lt;i&gt;Autoscatto \u2013 1956-1986 30 Jahre Fotografie und Autos&lt;\/i&gt;, kollektive Kunstwerk, Editoriale Domus Verlag, 1986\" width=\"200\" height=\"282\" data-src-fg=\"https:\/\/fulvioventura.org\/wp-content\/uploads\/cache\/2020\/09\/Autoscatto-Editoriale-Domus-1986\/3758754033.jpeg\" class=\"fg-image\" \/><\/span><\/a><figcaption class=\"fg-caption\"><div class=\"fg-caption-inner\"><div class=\"fg-caption-desc\">Buch <i>Autoscatto \u2013 1956-1986 30 Jahre Fotografie und Autos<\/i>, kollektive Kunstwerk, Editoriale Domus Verlag, 1986<\/div><\/div><\/figcaption><\/figure><div class=\"fg-loader\"><\/div><\/div><div class=\"fg-item\"><figure class=\"fg-item-inner\"><a data-caption-title=\"Cover f\u00fcr das Album &lt;i&gt;M\u00e9lodie passag\u00e8res&lt;\/i&gt;, von S\u00e4ngerin Alice, EMI Verlag, 1988\" data-caption-desc=\"Cover f\u00fcr das Album &lt;i&gt;M\u00e9lodie passag\u00e8res&lt;\/i&gt;, von S\u00e4ngerin Alice, EMI Verlag, 1988\" data-attachment-id=\"4199\" class=\"fg-thumb\"><span class=\"fg-image-wrap\"><img title=\"Cover f\u00fcr das Album &lt;i&gt;M\u00e9lodie passag\u00e8res&lt;\/i&gt;, von S\u00e4ngerin Alice, EMI Verlag, 1988\" width=\"200\" height=\"200\" data-src-fg=\"https:\/\/fulvioventura.org\/wp-content\/uploads\/cache\/2020\/09\/Alice-Melodies-passageres-1988\/2876364551.jpg\" class=\"fg-image\" \/><\/span><\/a><figcaption class=\"fg-caption\"><div class=\"fg-caption-inner\"><div class=\"fg-caption-desc\">Cover f\u00fcr das Album <i>M\u00e9lodie passag\u00e8res<\/i>, von S\u00e4ngerin Alice, EMI Verlag, 1988<\/div><\/div><\/figcaption><\/figure><div class=\"fg-loader\"><\/div><\/div><div class=\"fg-item\"><figure class=\"fg-item-inner\"><a data-caption-title=\"Cover f\u00fcr das Album &lt;i&gt;Sohbet&lt;\/i&gt;, von Kudsi Erguner und Mahmoud Tabrizi Zadeh, L&#039;Ottava Verlag, 1988\" data-caption-desc=\"Cover f\u00fcr das Album &lt;i&gt;Sohbet&lt;\/i&gt;, von Kudsi Erguner und Mahmoud Tabrizi Zadeh, L&#039;Ottava Verlag, 1988\" data-attachment-id=\"3960\" class=\"fg-thumb\"><span class=\"fg-image-wrap\"><img title=\"Cover f\u00fcr das Album &lt;i&gt;Sohbet&lt;\/i&gt;, von Kudsi Erguner und Mahmoud Tabrizi Zadeh, L&#039;Ottava Verlag, 1988\" width=\"200\" height=\"200\" data-src-fg=\"https:\/\/fulvioventura.org\/wp-content\/uploads\/cache\/2020\/09\/folder\/2045973669.jpg\" class=\"fg-image\" \/><\/span><\/a><figcaption class=\"fg-caption\"><div class=\"fg-caption-inner\"><div class=\"fg-caption-desc\">Cover f\u00fcr das Album <i>Sohbet<\/i>, von Kudsi Erguner und Mahmoud Tabrizi Zadeh, L&#8217;Ottava Verlag, 1988<\/div><\/div><\/figcaption><\/figure><div class=\"fg-loader\"><\/div><\/div><div class=\"fg-item\"><figure class=\"fg-item-inner\"><a data-caption-title=\"Ausstellungskatalog &lt;i&gt;Sull\u2019acqua&lt;\/i&gt;, Auf dem Wasser, Museo del Paeasaggio, Verbania, 1988\" data-caption-desc=\"Ausstellungskatalog &lt;i&gt;Sull\u2019acqua&lt;\/i&gt;, Auf dem Wasser, Museo del Paeasaggio, Verbania, 1988\" data-attachment-id=\"5717\" class=\"fg-thumb\"><span class=\"fg-image-wrap\"><img title=\"Ausstellungskatalog &lt;i&gt;Sull\u2019acqua&lt;\/i&gt;, Auf dem Wasser, Museo del Paeasaggio, Verbania, 1988\" width=\"200\" height=\"204\" data-src-fg=\"https:\/\/fulvioventura.org\/wp-content\/uploads\/cache\/2021\/03\/Sullacqua-1988-copie\/2664663057.jpg\" class=\"fg-image\" \/><\/span><\/a><figcaption class=\"fg-caption\"><div class=\"fg-caption-inner\"><div class=\"fg-caption-desc\">Ausstellungskatalog <i>Sull\u2019acqua<\/i>, Auf dem Wasser, Museo del Paeasaggio, Verbania, 1988<\/div><\/div><\/figcaption><\/figure><div class=\"fg-loader\"><\/div><\/div><div class=\"fg-item\"><figure class=\"fg-item-inner\"><a data-caption-title=\"Buch &lt;i&gt;Giardini in Europa&lt;\/i&gt; (G\u00e4rten in Europa), Kollektive Kunstwerk, Kuratoren Giulio Bizzarri und Luigi Ghirri, Essegi Verlag, 1988\" data-caption-desc=\"Buch &lt;i&gt;Giardini in Europa&lt;\/i&gt; (G\u00e4rten in Europa), Kollektive Kunstwerk, Kuratoren Giulio Bizzarri und Luigi Ghirri, Essegi Verlag, 1988\" data-attachment-id=\"3779\" class=\"fg-thumb\"><span class=\"fg-image-wrap\"><img title=\"Buch &lt;i&gt;Giardini in Europa&lt;\/i&gt; (G\u00e4rten in Europa), Kollektive Kunstwerk, Kuratoren Giulio Bizzarri und Luigi Ghirri, Essegi Verlag, 1988\" width=\"200\" height=\"263\" data-src-fg=\"https:\/\/fulvioventura.org\/wp-content\/uploads\/cache\/2020\/09\/Giardini-in-Europa\/2679862977.jpg\" class=\"fg-image\" \/><\/span><\/a><figcaption class=\"fg-caption\"><div class=\"fg-caption-inner\"><div class=\"fg-caption-desc\">Buch <i>Giardini in Europa<\/i> (G\u00e4rten in Europa), Kollektive Kunstwerk, Kuratoren Giulio Bizzarri und Luigi Ghirri, Essegi Verlag, 1988<\/div><\/div><\/figcaption><\/figure><div class=\"fg-loader\"><\/div><\/div><div class=\"fg-item\"><figure class=\"fg-item-inner\"><a data-caption-title=\"Buch &lt;i&gt;L&#039;architettura dei giardini d&#039;Occidente&lt;\/i&gt;, Mosser und Teyssot, Kollektive Kunstwerk, Electa Verlag, 1990\" data-caption-desc=\"Buch &lt;i&gt;L&#039;architettura dei giardini d&#039;Occidente&lt;\/i&gt;, Mosser und Teyssot, Kollektive Kunstwerk, Electa Verlag, 1990\" data-attachment-id=\"3764\" class=\"fg-thumb\"><span class=\"fg-image-wrap\"><img title=\"Buch &lt;i&gt;L&#039;architettura dei giardini d&#039;Occidente&lt;\/i&gt;, Mosser und Teyssot, Kollektive Kunstwerk, Electa Verlag, 1990\" width=\"200\" height=\"172\" data-src-fg=\"https:\/\/fulvioventura.org\/wp-content\/uploads\/cache\/2020\/09\/Larchitettura-dei-giardini-dOccidente-opera-collettiva-ed_-Mosser-et-Teyssot-1990-scaled\/1850718594.png\" class=\"fg-image\" \/><\/span><\/a><figcaption class=\"fg-caption\"><div class=\"fg-caption-inner\"><div class=\"fg-caption-desc\">Buch <i>L&#8217;architettura dei giardini d&#8217;Occidente<\/i>, Mosser und Teyssot, Kollektive Kunstwerk, Electa Verlag, 1990<\/div><\/div><\/figcaption><\/figure><div class=\"fg-loader\"><\/div><\/div><div class=\"fg-item\"><figure class=\"fg-item-inner\"><a data-caption-title=\"Cover f\u00fcr das Album &lt;i&gt;Sufi music of Turkey&lt;\/i&gt;, von Kudsi und S\u00fcleyman Erguner, CPM Verlag, 1990\" data-caption-desc=\"Cover f\u00fcr das Album &lt;i&gt;Sufi music of Turkey&lt;\/i&gt;, von Kudsi und S\u00fcleyman Erguner, CPM Verlag, 1990\" data-attachment-id=\"3752\" class=\"fg-thumb\"><span class=\"fg-image-wrap\"><img title=\"Cover f\u00fcr das Album &lt;i&gt;Sufi music of Turkey&lt;\/i&gt;, von Kudsi und S\u00fcleyman Erguner, CPM Verlag, 1990\" width=\"200\" height=\"202\" data-src-fg=\"https:\/\/fulvioventura.org\/wp-content\/uploads\/cache\/2020\/10\/Copertina-del-disco-Sufi-Music-of-Turkey-di-Kudsi-e-Suleyman-Erguner-ed_-CMP-Records-1990\/3540196884.jpg\" class=\"fg-image\" \/><\/span><\/a><figcaption class=\"fg-caption\"><div class=\"fg-caption-inner\"><div class=\"fg-caption-desc\">Cover f\u00fcr das Album <i>Sufi music of Turkey<\/i>, von Kudsi und S\u00fcleyman Erguner, CPM Verlag, 1990<\/div><\/div><\/figcaption><\/figure><div class=\"fg-loader\"><\/div><\/div><div class=\"fg-item\"><figure class=\"fg-item-inner\"><a data-caption-title=\"Buch &lt;i&gt;Il Secondo Paradiso&lt;\/i&gt; (Das zweite Paradies), Kollektive Kunstwerk, Kuratorin Daniela Palazzoli, Fabbri Verlag, 1992\" data-caption-desc=\"Buch &lt;i&gt;Il Secondo Paradiso&lt;\/i&gt; (Das zweite Paradies), Kollektive Kunstwerk, Kuratorin Daniela Palazzoli, Fabbri Verlag, 1992\" data-attachment-id=\"3765\" class=\"fg-thumb\"><span class=\"fg-image-wrap\"><img title=\"Buch &lt;i&gt;Il Secondo Paradiso&lt;\/i&gt; (Das zweite Paradies), Kollektive Kunstwerk, Kuratorin Daniela Palazzoli, Fabbri Verlag, 1992\" width=\"200\" height=\"250\" data-src-fg=\"https:\/\/fulvioventura.org\/wp-content\/uploads\/cache\/2020\/09\/Secondo-Paradiso-1992\/1161801901.jpg\" class=\"fg-image\" \/><\/span><\/a><figcaption class=\"fg-caption\"><div class=\"fg-caption-inner\"><div class=\"fg-caption-desc\">Buch <i>Il Secondo Paradiso<\/i> (Das zweite Paradies), Kollektive Kunstwerk, Kuratorin Daniela Palazzoli, Fabbri Verlag, 1992<\/div><\/div><\/figcaption><\/figure><div class=\"fg-loader\"><\/div><\/div><div class=\"fg-item\"><figure class=\"fg-item-inner\"><a data-caption-title=\"Buch &lt;i&gt;Muri di Carta. Fotografia e Paesaggio dopo le Avanguardie&lt;\/i&gt; (Fotografie und Landschaft nach den Avantgarden), Kollektive Kunstwerk, Kurator Quintavalle, Biennale, Venedig, Electa Verlag, 1993\" data-caption-desc=\"Buch &lt;i&gt;Muri di Carta. Fotografia e Paesaggio dopo le Avanguardie&lt;\/i&gt; (Fotografie und Landschaft nach den Avantgarden), Kollektive Kunstwerk, Kurator Quintavalle, Biennale, Venedig, Electa Verlag, 1993\" data-attachment-id=\"3777\" class=\"fg-thumb\"><span class=\"fg-image-wrap\"><img title=\"Buch &lt;i&gt;Muri di Carta. Fotografia e Paesaggio dopo le Avanguardie&lt;\/i&gt; (Fotografie und Landschaft nach den Avantgarden), Kollektive Kunstwerk, Kurator Quintavalle, Biennale, Venedig, Electa Verlag, 1993\" width=\"200\" height=\"225\" data-src-fg=\"https:\/\/fulvioventura.org\/wp-content\/uploads\/cache\/2020\/09\/Muri-di-Carta\/2305471061.jpg\" class=\"fg-image\" \/><\/span><\/a><figcaption class=\"fg-caption\"><div class=\"fg-caption-inner\"><div class=\"fg-caption-desc\">Buch <i>Muri di Carta. Fotografia e Paesaggio dopo le Avanguardie<\/i> (Fotografie und Landschaft nach den Avantgarden), Kollektive Kunstwerk, Kurator Quintavalle, Biennale, Venedig, Electa Verlag, 1993<\/div><\/div><\/figcaption><\/figure><div class=\"fg-loader\"><\/div><\/div><div class=\"fg-item\"><figure class=\"fg-item-inner\"><a data-caption-title=\"Buch &lt;i&gt;Fotografi Italiani - Diario immaginario di Lanfranco Colombo&lt;\/i&gt; (Italienische Fotografen - Lanfranco Colombos imagin\u00e4res Tagebuch), Bolis Verlag, 1993\" data-caption-desc=\"Buch &lt;i&gt;Fotografi Italiani - Diario immaginario di Lanfranco Colombo&lt;\/i&gt; (Italienische Fotografen - Lanfranco Colombos imagin\u00e4res Tagebuch), Bolis Verlag, 199393\" data-attachment-id=\"3756\" class=\"fg-thumb\"><span class=\"fg-image-wrap\"><img title=\"Buch &lt;i&gt;Fotografi Italiani - Diario immaginario di Lanfranco Colombo&lt;\/i&gt; (Italienische Fotografen - Lanfranco Colombos imagin\u00e4res Tagebuch), Bolis Verlag, 1993\" width=\"200\" height=\"228\" data-src-fg=\"https:\/\/fulvioventura.org\/wp-content\/uploads\/cache\/2020\/09\/Fotografi-Italiani-Diario-Immaginario-di-Lanfranco-Colombo-ed_-Bolis-1993\/140453536.jpg\" class=\"fg-image\" \/><\/span><\/a><figcaption class=\"fg-caption\"><div class=\"fg-caption-inner\"><div class=\"fg-caption-desc\">Buch <i>Fotografi Italiani &#8211; Diario immaginario di Lanfranco Colombo<\/i> (Italienische Fotografen &#8211; Lanfranco Colombos imagin\u00e4res Tagebuch), Bolis Verlag, 199393<\/div><\/div><\/figcaption><\/figure><div class=\"fg-loader\"><\/div><\/div><div class=\"fg-item\"><figure class=\"fg-item-inner\"><a data-caption-title=\"Cover f\u00fcr 2 Alben &lt;i&gt;Century XXI&lt;\/i&gt;, New Tone Verlag, 1996\" data-caption-desc=\"Cover f\u00fcr 2 Alben &lt;i&gt;Century XXI&lt;\/i&gt;, New Tone Verlag, 1996\" data-attachment-id=\"4872\" class=\"fg-thumb\"><span class=\"fg-image-wrap\"><img title=\"Cover f\u00fcr 2 Alben &lt;i&gt;Century XXI&lt;\/i&gt;, New Tone Verlag, 1996\" width=\"200\" height=\"202\" data-src-fg=\"https:\/\/fulvioventura.org\/wp-content\/uploads\/cache\/2020\/09\/Copertina-dei-2-CD-Century-XXI-New-Tone-Records1996\/4238798717.jpeg\" class=\"fg-image\" \/><\/span><\/a><figcaption class=\"fg-caption\"><div class=\"fg-caption-inner\"><div class=\"fg-caption-desc\">Cover f\u00fcr 2 Alben <i>Century XXI<\/i>, New Tone Verlag, 1996<\/div><\/div><\/figcaption><\/figure><div class=\"fg-loader\"><\/div><\/div><div class=\"fg-item\"><figure class=\"fg-item-inner\"><a data-caption-title=\"Buch &lt;i&gt;Archivio dello Spazio 1987-\u201997 &lt;\/i&gt;, Kollektive Kunstwerk, Kuratoren Achille Sacconi und Roberto Valtorta, Arti Grafiche Friulane Verlag, 1998\" data-caption-desc=\"Buch &lt;i&gt;Archivio dello Spazio 1987-\u201997 &lt;\/i&gt;, Kollektive Kunstwerk, Kuratoren Achille Sacconi und Roberto Valtorta, Arti Grafiche Friulane Verlag, 1998\" data-attachment-id=\"3774\" class=\"fg-thumb\"><span class=\"fg-image-wrap\"><img title=\"Buch &lt;i&gt;Archivio dello Spazio 1987-\u201997 &lt;\/i&gt;, Kollektive Kunstwerk, Kuratoren Achille Sacconi und Roberto Valtorta, Arti Grafiche Friulane Verlag, 1998\" width=\"200\" height=\"154\" data-src-fg=\"https:\/\/fulvioventura.org\/wp-content\/uploads\/cache\/2020\/09\/Museo-di-fotographia-contemporanea\/186748679.jpg\" class=\"fg-image\" \/><\/span><\/a><figcaption class=\"fg-caption\"><div class=\"fg-caption-inner\"><div class=\"fg-caption-desc\">Buch <i>Archivio dello Spazio 1987-\u201997 <\/i>, Kollektive Kunstwerk, Kuratoren Achille Sacconi und Roberto Valtorta, Arti Grafiche Friulane Verlag, 1998<\/div><\/div><\/figcaption><\/figure><div class=\"fg-loader\"><\/div><\/div><div class=\"fg-item\"><figure class=\"fg-item-inner\"><a data-caption-title=\"Buch &lt;i&gt;Fin dove pu\u00f2 arrivare l\u2019infinito? A Luigi e Paola Ghirri&lt;\/i&gt; (Wie weit kann die Unendlichkeit gehen?), Kollektive Kunstwerk, Skira Verlag, 1998\" data-caption-desc=\"Buch &lt;i&gt;Fin dove pu\u00f2 arrivare l\u2019infinito? A Luigi e Paola Ghirri&lt;\/i&gt; (Wie weit kann die Unendlichkeit gehen?), Kollektive Kunstwerk, Skira Verlag, 1998\" data-attachment-id=\"3748\" class=\"fg-thumb\"><span class=\"fg-image-wrap\"><img title=\"Buch &lt;i&gt;Fin dove pu\u00f2 arrivare l\u2019infinito? A Luigi e Paola Ghirri&lt;\/i&gt; (Wie weit kann die Unendlichkeit gehen?), Kollektive Kunstwerk, Skira Verlag, 1998\" width=\"200\" height=\"264\" data-src-fg=\"https:\/\/fulvioventura.org\/wp-content\/uploads\/cache\/2020\/09\/fin-dove-puo-arrivare-linfinito\/396120437.jpg\" class=\"fg-image\" \/><\/span><\/a><figcaption class=\"fg-caption\"><div class=\"fg-caption-inner\"><div class=\"fg-caption-desc\">Buch <i>Fin dove pu\u00f2 arrivare l\u2019infinito? A Luigi e Paola Ghirri<\/i> (Wie weit kann die Unendlichkeit gehen?), Kollektive Kunstwerk, Skira Verlag, 1998<\/div><\/div><\/figcaption><\/figure><div class=\"fg-loader\"><\/div><\/div><div class=\"fg-item\"><figure class=\"fg-item-inner\"><a data-caption-title=\"Buchumschlag &lt;i&gt; Inseguimento&lt;\/i&gt; von Patricia Highsmith, Bompiani Verlag, 2001\" data-caption-desc=\"Buchumschlag &lt;i&gt; Inseguimento&lt;\/i&gt; von Patricia Highsmith, Bompiani Verlag, 2001\" data-attachment-id=\"3751\" class=\"fg-thumb\"><span class=\"fg-image-wrap\"><img title=\"Buchumschlag &lt;i&gt; Inseguimento&lt;\/i&gt; von Patricia Highsmith, Bompiani Verlag, 2001\" width=\"200\" height=\"305\" data-src-fg=\"https:\/\/fulvioventura.org\/wp-content\/uploads\/cache\/2020\/09\/Patricia-Highsmith-Inseguimento-2001\/1410565977.jpg\" class=\"fg-image\" \/><\/span><\/a><figcaption class=\"fg-caption\"><div class=\"fg-caption-inner\"><div class=\"fg-caption-desc\">Buchumschlag <i> Inseguimento<\/i> von Patricia Highsmith, Bompiani Verlag, 2001<\/div><\/div><\/figcaption><\/figure><div class=\"fg-loader\"><\/div><\/div><div class=\"fg-item\"><figure class=\"fg-item-inner\"><a data-caption-title=\"Buch &lt;i&gt;Arles &amp;amp; la photographie - Portrait d\u2019une collection&lt;\/i&gt;, Kollektive Kunstwerk, Kuratorin Michelle Moutashar, Actes Sud\/Mus\u00e9e R\u00e9attu Verlag, 2002\" data-caption-desc=\"Buch &lt;i&gt;Arles &amp;amp; la photographie - Portrait d\u2019une collection&lt;\/i&gt;, Kollektive Kunstwerk, Kuratorin Michelle Moutashar, Actes Sud\/Mus\u00e9e R\u00e9attu Verlag, 2002\" data-attachment-id=\"3783\" class=\"fg-thumb\"><span class=\"fg-image-wrap\"><img title=\"Buch &lt;i&gt;Arles &amp; la photographie - Portrait d\u2019une collection&lt;\/i&gt;, Kollektive Kunstwerk, Kuratorin Michelle Moutashar, Actes Sud\/Mus\u00e9e R\u00e9attu Verlag, 2002\" width=\"200\" height=\"250\" data-src-fg=\"https:\/\/fulvioventura.org\/wp-content\/uploads\/cache\/2020\/12\/Arles-et-la-photographie-2002\/2733777834.jpg\" class=\"fg-image\" \/><\/span><\/a><figcaption class=\"fg-caption\"><div class=\"fg-caption-inner\"><div class=\"fg-caption-desc\">Buch <i>Arles &amp; la photographie &#8211; Portrait d\u2019une collection<\/i>, Kollektive Kunstwerk, Kuratorin Michelle Moutashar, Actes Sud\/Mus\u00e9e R\u00e9attu Verlag, 2002<\/div><\/div><\/figcaption><\/figure><div class=\"fg-loader\"><\/div><\/div><div class=\"fg-item\"><figure class=\"fg-item-inner\"><a data-caption-title=\"Cover f\u00fcr das Album &lt;i&gt;Chorale&lt;\/i&gt;, von Simone Guiducci Gramelot Ensemble, New Tone Verlag, 2002\" data-caption-desc=\"Cover f\u00fcr das Album &lt;i&gt;Chorale&lt;\/i&gt;, von Simone Guiducci Gramelot Ensemble, New Tone Verlag, 2002\" data-attachment-id=\"4873\" class=\"fg-thumb\"><span class=\"fg-image-wrap\"><img title=\"Cover f\u00fcr das Album &lt;i&gt;Chorale&lt;\/i&gt;, von Simone Guiducci Gramelot Ensemble, New Tone Verlag, 2002\" width=\"200\" height=\"198\" data-src-fg=\"https:\/\/fulvioventura.org\/wp-content\/uploads\/cache\/2020\/09\/Copertina-del-disco-di-Simone-Guiducci-Gramelot-Ensemble-Chorale-ed_-New-Tone-Records-2002\/717839095.jpeg\" class=\"fg-image\" \/><\/span><\/a><figcaption class=\"fg-caption\"><div class=\"fg-caption-inner\"><div class=\"fg-caption-desc\">Cover f\u00fcr das Album <i>Chorale<\/i>, von Simone Guiducci Gramelot Ensemble, New Tone Verlag, 2002<\/div><\/div><\/figcaption><\/figure><div class=\"fg-loader\"><\/div><\/div><div class=\"fg-item\"><figure class=\"fg-item-inner\"><a data-caption-title=\"Buchumschlag &lt;i&gt;lo difendo l\u2019uomo&lt;\/i&gt; von Erich Fromm, Bompiani Verlag, 2004\" data-caption-desc=\"Buchumschlag &lt;i&gt;lo difendo l\u2019uomo&lt;\/i&gt; von Erich Fromm, Bompiani Verlag, 2004\" data-attachment-id=\"3750\" class=\"fg-thumb\"><span class=\"fg-image-wrap\"><img title=\"Buchumschlag &lt;i&gt;lo difendo l\u2019uomo&lt;\/i&gt; von Erich Fromm, Bompiani Verlag, 2004\" width=\"200\" height=\"312\" data-src-fg=\"https:\/\/fulvioventura.org\/wp-content\/uploads\/2020\/09\/Erich-Fromm-Io-difendo-luomo-2004.jpg\" class=\"fg-image\" \/><\/span><\/a><figcaption class=\"fg-caption\"><div class=\"fg-caption-inner\"><div class=\"fg-caption-desc\">Buchumschlag <i>lo difendo l\u2019uomo<\/i> von Erich Fromm, Bompiani Verlag, 2004<\/div><\/div><\/figcaption><\/figure><div class=\"fg-loader\"><\/div><\/div><div class=\"fg-item\"><figure class=\"fg-item-inner\"><a data-caption-title=\"Cover f\u00fcr das Album &lt;i&gt;Dancin&#039;riots&lt;\/i&gt;, von Simone Guiducci Gramelot Ensemble, Felmay Verlag, 2004\" data-caption-desc=\"Cover f\u00fcr das Album &lt;i&gt;Dancin&#039;riots&lt;\/i&gt;, von Simone Guiducci Gramelot Ensemble, Felmay Verlag, 2004\" data-attachment-id=\"3961\" class=\"fg-thumb\"><span class=\"fg-image-wrap\"><img title=\"Cover f\u00fcr das Album &lt;i&gt;Dancin&#039;riots&lt;\/i&gt;, von Simone Guiducci Gramelot Ensemble, Felmay Verlag, 2004\" width=\"200\" height=\"180\" data-src-fg=\"https:\/\/fulvioventura.org\/wp-content\/uploads\/cache\/2020\/09\/Copertina-del-disco-di-Simone-Guiducci-Gramelot-Ensemble-Dancin-Riots-ed_-Felmay-2004\/1499326242.jpeg\" class=\"fg-image\" \/><\/span><\/a><figcaption class=\"fg-caption\"><div class=\"fg-caption-inner\"><div class=\"fg-caption-desc\">Cover f\u00fcr das Album <i>Dancin&#8217;riots<\/i>, von Simone Guiducci Gramelot Ensemble, Felmay Verlag, 2004<\/div><\/div><\/figcaption><\/figure><div class=\"fg-loader\"><\/div><\/div><div class=\"fg-item\"><figure class=\"fg-item-inner\"><a data-caption-title=\"Buchumschlag &lt;i&gt;Nemico, amico, amante\u2026&lt;\/i&gt; von Alice Munro, Einaudi Verlag, 2003\" data-caption-desc=\"Buchumschlag &lt;i&gt;Nemico, amico, amante\u2026&lt;\/i&gt; von Alice Munro, Einaudi Verlag, 2003\" data-attachment-id=\"3749\" class=\"fg-thumb\"><span class=\"fg-image-wrap\"><img title=\"Buchumschlag &lt;i&gt;Nemico, amico, amante\u2026&lt;\/i&gt; von Alice Munro, Einaudi Verlag, 2003\" width=\"200\" height=\"319\" data-src-fg=\"https:\/\/fulvioventura.org\/wp-content\/uploads\/cache\/2020\/09\/Alice-Munro-2003\/3975137771.jpg\" class=\"fg-image\" \/><\/span><\/a><figcaption class=\"fg-caption\"><div class=\"fg-caption-inner\"><div class=\"fg-caption-desc\">Buchumschlag <i>Nemico, amico, amante\u2026<\/i> von Alice Munro, Einaudi Verlag, 2003<\/div><\/div><\/figcaption><\/figure><div class=\"fg-loader\"><\/div><\/div><div class=\"fg-item\"><figure class=\"fg-item-inner\"><a data-caption-title=\"Buch &lt;i&gt;Racconti dal Paesaggio 1984-2004. A vent\u2019anni da Viaggio in Italia&lt;\/i&gt; (Geschichten aus der Landschaft 1984-2004. Zwanzig Jahre nach Italienreise), Kollektive Kunstwerk, Kuratorin Roberta Valtorta, Museo di Fotografia Contemporanea, 2004\" data-caption-desc=\"Buch &lt;i&gt;Racconti dal Paesaggio 1984-2004. A vent\u2019anni da Viaggio in Italia&lt;\/i&gt; (Geschichten aus der Landschaft 1984-2004. Zwanzig Jahre nach Italienreise), Kollektive Kunstwerk, Kuratorin Roberta Valtorta, Museo di Fotografia Contemporanea, 2004\" data-attachment-id=\"3772\" class=\"fg-thumb\"><span class=\"fg-image-wrap\"><img title=\"Buch &lt;i&gt;Racconti dal Paesaggio 1984-2004. A vent\u2019anni da Viaggio in Italia&lt;\/i&gt; (Geschichten aus der Landschaft 1984-2004. Zwanzig Jahre nach Italienreise), Kollektive Kunstwerk, Kuratorin Roberta Valtorta, Museo di Fotografia Contemporanea, 2004\" width=\"200\" height=\"299\" data-src-fg=\"https:\/\/fulvioventura.org\/wp-content\/uploads\/2020\/09\/Racconti-dal-paesaggio.jpg\" class=\"fg-image\" \/><\/span><\/a><figcaption class=\"fg-caption\"><div class=\"fg-caption-inner\"><div class=\"fg-caption-desc\">Buch <i>Racconti dal Paesaggio 1984-2004. A vent\u2019anni da Viaggio in Italia<\/i> (Geschichten aus der Landschaft 1984-2004. Zwanzig Jahre nach Italienreise), Kollektive Kunstwerk, Kuratorin Roberta Valtorta, Museo di Fotografia Contemporanea, 2004<\/div><\/div><\/figcaption><\/figure><div class=\"fg-loader\"><\/div><\/div><div class=\"fg-item\"><figure class=\"fg-item-inner\"><a data-caption-title=\"Ausstellungskatalog &lt;i&gt;Naturale. Grammatica della Natura&lt;\/i&gt;, kollektive Kunstwerk, Kuratorin Roberta Valtorta, Villa Ghirlanda, 2006\" data-caption-desc=\"Ausstellungskatalog &lt;i&gt;Naturale. Grammatica della Natura&lt;\/i&gt;, kollektive Kunstwerk, Kuratorin Roberta Valtorta, Villa Ghirlanda, 2006\" data-attachment-id=\"5713\" class=\"fg-thumb\"><span class=\"fg-image-wrap\"><img title=\"Ausstellungskatalog &lt;i&gt;Naturale. Grammatica della Natura&lt;\/i&gt;, kollektive Kunstwerk, Kuratorin Roberta Valtorta, Villa Ghirlanda, 2006\" width=\"200\" height=\"202\" data-src-fg=\"https:\/\/fulvioventura.org\/wp-content\/uploads\/cache\/2021\/03\/Naturale-2006-copie\/700261635.jpg\" class=\"fg-image\" \/><\/span><\/a><figcaption class=\"fg-caption\"><div class=\"fg-caption-inner\"><div class=\"fg-caption-desc\">Ausstellungskatalog <i>Naturale. Grammatica della Natura<\/i>, kollektive Kunstwerk, Kuratorin Roberta Valtorta, Villa Ghirlanda, 2006<\/div><\/div><\/figcaption><\/figure><div class=\"fg-loader\"><\/div><\/div><div class=\"fg-item\"><figure class=\"fg-item-inner\"><a data-caption-title=\"Buch &lt;i&gt;Italia 1945-2005. Le grandi fotografie della nostra storia&lt;\/i&gt; (Die gro\u00dfartigen Fotografien unserer Geschichte), Kollektive Kunstwerk, Hachette\/Contrasto Verlag, 2006\" data-caption-desc=\"Buch &lt;i&gt;Italia 1945-2005. Le grandi fotografie della nostra storia&lt;\/i&gt; (Die gro\u00dfartigen Fotografien unserer Geschichte), Kollektive Kunstwerk, Hachette\/Contrasto Verlag, 2006\" data-attachment-id=\"3768\" class=\"fg-thumb\"><span class=\"fg-image-wrap\"><img title=\"Buch &lt;i&gt;Italia 1945-2005. Le grandi fotografie della nostra storia&lt;\/i&gt; (Die gro\u00dfartigen Fotografien unserer Geschichte), Kollektive Kunstwerk, Hachette\/Contrasto Verlag, 2006\" width=\"200\" height=\"150\" data-src-fg=\"https:\/\/fulvioventura.org\/wp-content\/uploads\/cache\/2020\/09\/AAVV-Italia-1945-2005_-Le-grandi-fotografie-della-nostra-storia-Hacette-Contrasto-2006\/1264388314.jpg\" class=\"fg-image\" \/><\/span><\/a><figcaption class=\"fg-caption\"><div class=\"fg-caption-inner\"><div class=\"fg-caption-desc\">Buch <i>Italia 1945-2005. Le grandi fotografie della nostra storia<\/i> (Die gro\u00dfartigen Fotografien unserer Geschichte), Kollektive Kunstwerk, Hachette\/Contrasto Verlag, 2006<\/div><\/div><\/figcaption><\/figure><div class=\"fg-loader\"><\/div><\/div><div class=\"fg-item\"><figure class=\"fg-item-inner\"><a data-caption-title=\"Buch &lt;i&gt;Atlante italiano 007. Rischio paesaggio. Ritratto dell&#039;Italia che cambia&lt;\/i&gt; (Italienischer Atlas. Landschaftsrisiko. Italien, das sich \u00e4ndert), Kollektive Kunstwerk, Kuratorin Francesca Fabiani, Electa Verlag, 2007\" data-caption-desc=\"Buch &lt;i&gt;Atlante italiano 007. Rischio paesaggio. Ritratto dell&#039;Italia che cambia&lt;\/i&gt; (Italienischer Atlas. Landschaftsrisiko. Italien, das sich \u00e4ndert), Kollektive Kunstwerk, Kuratorin Francesca Fabiani, Electa Verlag, 2007\" data-attachment-id=\"3778\" class=\"fg-thumb\"><span class=\"fg-image-wrap\"><img title=\"Buch &lt;i&gt;Atlante italiano 007. Rischio paesaggio. Ritratto dell&#039;Italia che cambia&lt;\/i&gt; (Italienischer Atlas. Landschaftsrisiko. Italien, das sich \u00e4ndert), Kollektive Kunstwerk, Kuratorin Francesca Fabiani, Electa Verlag, 2007\" width=\"200\" height=\"158\" data-src-fg=\"https:\/\/fulvioventura.org\/wp-content\/uploads\/cache\/2020\/09\/Venezia-2007-copie\/13673202.jpg\" class=\"fg-image\" \/><\/span><\/a><figcaption class=\"fg-caption\"><div class=\"fg-caption-inner\"><div class=\"fg-caption-desc\">Buch <i>Atlante italiano 007. Rischio paesaggio. Ritratto dell&#8217;Italia che cambia<\/i> (Italienischer Atlas. Landschaftsrisiko. Italien, das sich \u00e4ndert), Kollektive Kunstwerk, Kuratorin Francesca Fabiani, Electa Verlag, 2007<\/div><\/div><\/figcaption><\/figure><div class=\"fg-loader\"><\/div><\/div><div class=\"fg-item\"><figure class=\"fg-item-inner\"><a data-caption-title=\"Buch &lt;i&gt;Fotografia - le Collezioni&lt;\/i&gt;, Museo Arte XXI\u00b0 secolo, Architettura, Electa\/MAXXI Verlag, 2010\" data-caption-desc=\"Buch &lt;i&gt;Fotografia - le Collezioni&lt;\/i&gt;, Museo Arte XXI\u00b0 secolo, Architettura, Electa\/MAXXI Verlag, 2010\" data-attachment-id=\"3754\" class=\"fg-thumb\"><span class=\"fg-image-wrap\"><img title=\"Buch &lt;i&gt;Fotografia - le Collezioni&lt;\/i&gt;, Museo Arte XXI\u00b0 secolo, Architettura, Electa\/MAXXI Verlag, 2010\" width=\"200\" height=\"282\" data-src-fg=\"https:\/\/fulvioventura.org\/wp-content\/uploads\/cache\/2020\/09\/Fotografia-Le-collezioni-ed_-Electa-2009\/3891424531.jpg\" class=\"fg-image\" \/><\/span><\/a><figcaption class=\"fg-caption\"><div class=\"fg-caption-inner\"><div class=\"fg-caption-desc\">Buch <i>Fotografia &#8211; le Collezioni<\/i>, Museo Arte XXI\u00b0 secolo, Architettura, Electa\/MAXXI Verlag, 2010<\/div><\/div><\/figcaption><\/figure><div class=\"fg-loader\"><\/div><\/div><div class=\"fg-item\"><figure class=\"fg-item-inner\"><a data-caption-title=\"Buch &lt;i&gt;Il museo, le collezioni #2&lt;\/i&gt;, Museo di Fotografia Contemporanea, Kollektive Kunstwerk, SilvanaEditoriale Verlag, 2009\" data-caption-desc=\"Buch &lt;i&gt;Il museo, le collezioni #2&lt;\/i&gt;, Museo di Fotografia Contemporanea, Kollektive Kunstwerk, SilvanaEditoriale Verlag, 2009\" data-attachment-id=\"3766\" class=\"fg-thumb\"><span class=\"fg-image-wrap\"><img title=\"Buch &lt;i&gt;Il museo, le collezioni #2&lt;\/i&gt;, Museo di Fotografia Contemporanea, Kollektive Kunstwerk, SilvanaEditoriale Verlag, 2009\" width=\"200\" height=\"265\" data-src-fg=\"https:\/\/fulvioventura.org\/wp-content\/uploads\/cache\/2020\/10\/il-museo-le-collezioni-2009\/229739977.jpg\" class=\"fg-image\" \/><\/span><\/a><figcaption class=\"fg-caption\"><div class=\"fg-caption-inner\"><div class=\"fg-caption-desc\">Buch <i>Il museo, le collezioni #2<\/i>, Museo di Fotografia Contemporanea, Kollektive Kunstwerk, SilvanaEditoriale Verlag, 2009<\/div><\/div><\/figcaption><\/figure><div class=\"fg-loader\"><\/div><\/div><div class=\"fg-item\"><figure class=\"fg-item-inner\"><a data-caption-title=\"Buchumschlag &lt;i&gt;Senza Piet\u00e0&lt;\/i&gt; von Patricia Highsmith, Bompiani Verlag, 2012\" data-caption-desc=\"Buchumschlag &lt;i&gt;Senza Piet\u00e0&lt;\/i&gt; von Patricia Highsmith, Bompiani Verlag, 2012\" data-attachment-id=\"3753\" class=\"fg-thumb\"><span class=\"fg-image-wrap\"><img title=\"Buchumschlag &lt;i&gt;Senza Piet\u00e0&lt;\/i&gt; von Patricia Highsmith, Bompiani Verlag, 2012\" width=\"200\" height=\"308\" data-src-fg=\"https:\/\/fulvioventura.org\/wp-content\/uploads\/cache\/2020\/09\/Patricia-Highsmith-Senza-Pieta-2012\/1663643225.jpg\" class=\"fg-image\" \/><\/span><\/a><figcaption class=\"fg-caption\"><div class=\"fg-caption-inner\"><div class=\"fg-caption-desc\">Buchumschlag <i>Senza Piet\u00e0<\/i> von Patricia Highsmith, Bompiani Verlag, 2012<\/div><\/div><\/figcaption><\/figure><div class=\"fg-loader\"><\/div><\/div><div class=\"fg-item\"><figure class=\"fg-item-inner\"><a data-caption-title=\"Buch &lt;i&gt;2004-2014: opere e progetti del Museo di Fotografia Contemporanea&lt;\/i&gt; (Werke und Projekte des Museums f\u00fcr zeitgen\u00f6ssische Fotografie), Kollektive Kunstwerk, SilvanaEditoriale Verlag, 2014\" data-caption-desc=\"Buch &lt;i&gt;2004-2014: opere e progetti del Museo di Fotografia Contemporanea&lt;\/i&gt; (Werke und Projekte des Museums f\u00fcr zeitgen\u00f6ssische Fotografie), Kollektive Kunstwerk, SilvanaEditoriale Verlag, 2014\" data-attachment-id=\"3767\" class=\"fg-thumb\"><span class=\"fg-image-wrap\"><img title=\"Buch &lt;i&gt;2004-2014: opere e progetti del Museo di Fotografia Contemporanea&lt;\/i&gt; (Werke und Projekte des Museums f\u00fcr zeitgen\u00f6ssische Fotografie), Kollektive Kunstwerk, SilvanaEditoriale Verlag, 2014\" width=\"200\" height=\"294\" data-src-fg=\"https:\/\/fulvioventura.org\/wp-content\/uploads\/cache\/2020\/10\/opere-e-progetti\/1198775070.jpg\" class=\"fg-image\" \/><\/span><\/a><figcaption class=\"fg-caption\"><div class=\"fg-caption-inner\"><div class=\"fg-caption-desc\">Buch <i>2004-2014: opere e progetti del Museo di Fotografia Contemporanea<\/i> (Werke und Projekte des Museums f\u00fcr zeitgen\u00f6ssische Fotografie), Kollektive Kunstwerk, SilvanaEditoriale Verlag, 2014<\/div><\/div><\/figcaption><\/figure><div class=\"fg-loader\"><\/div><\/div><div class=\"fg-item\"><figure class=\"fg-item-inner\"><a data-caption-title=\"Buch &lt;i&gt;Sagacity&lt;\/i&gt; The Ice Plant Verlag, Kuratorin Giulia Zorzi, Juni 2021\" data-caption-desc=\"Buch &lt;i&gt;Sagacity&lt;\/i&gt; The Ice Plant Verlag, Kuratorin Giulia Zorzi, Juni 2021\" data-attachment-id=\"5793\" class=\"fg-thumb\"><span class=\"fg-image-wrap\"><img title=\"Buch &lt;i&gt;Sagacity&lt;\/i&gt; The Ice Plant Verlag, Kuratorin Giulia Zorzi, Juni 2021\" width=\"200\" height=\"141\" data-src-fg=\"https:\/\/fulvioventura.org\/wp-content\/uploads\/cache\/2021\/08\/Sagacity-juin-2021\/2693786141.jpg\" class=\"fg-image\" \/><\/span><\/a><figcaption class=\"fg-caption\"><div class=\"fg-caption-inner\"><div class=\"fg-caption-desc\">Buch <i>Sagacity<\/i> The Ice Plant Verlag, Kuratorin Giulia Zorzi, Juni 2021<\/div><\/div><\/figcaption><\/figure><div class=\"fg-loader\"><\/div><\/div><div class=\"fg-item\"><figure class=\"fg-item-inner\"><a data-caption-title=\"Buch &lt;i&gt;L\u2019alba dentro l\u2019imbrunire&lt;\/i&gt; (16 Fotographien), Rizzoli-Lizard Verlag, Kuratorin Francesco Messina und Stefano Senardi, November 2021\" data-caption-desc=\"Buch &lt;i&gt;L\u2019alba dentro l\u2019imbrunire&lt;\/i&gt; (16 Fotographien), Rizzoli-Lizard Verlag, Kuratorin Francesco Messina und Stefano Senardi, November 2021\" data-attachment-id=\"5910\" class=\"fg-thumb\"><span class=\"fg-image-wrap\"><img title=\"Buch &lt;i&gt;L\u2019alba dentro l\u2019imbrunire&lt;\/i&gt; (16 Fotographien), Rizzoli-Lizard Verlag, Kuratorin Francesco Messina und Stefano Senardi, November 2021\" width=\"200\" height=\"261\" data-src-fg=\"https:\/\/fulvioventura.org\/wp-content\/uploads\/cache\/2022\/08\/Libro-su-Battiato-copie\/3378724472.jpg\" class=\"fg-image\" \/><\/span><\/a><figcaption class=\"fg-caption\"><div class=\"fg-caption-inner\"><div class=\"fg-caption-desc\">Buch <i>L\u2019alba dentro l\u2019imbrunire<\/i> (16 Fotographien), Rizzoli-Lizard Verlag, Kuratorin Francesco Messina und Stefano Senardi, November 2021<\/div><\/div><\/figcaption><\/figure><div class=\"fg-loader\"><\/div><\/div><div class=\"fg-item\"><figure class=\"fg-item-inner\"><a data-caption-title=\"Buch &lt;i&gt;Viaggio in Italia&lt;\/i&gt;, Kollektive Kunstwerk, Kuratoren Luigi Ghirri, Gianni Leone, Enzo Velati, Quodlibet Verlag, 2024\" data-caption-desc=\"Buch &lt;i&gt;Viaggio in Italia&lt;\/i&gt;, Kollektive Kunstwerk, Kuratoren Luigi Ghirri, Gianni Leone, Enzo Velati, Quodlibet Verlag, 2024\" data-attachment-id=\"6827\" class=\"fg-thumb\"><span class=\"fg-image-wrap\"><img title=\"Buch &lt;i&gt;Viaggio in Italia&lt;\/i&gt;, Kollektive Kunstwerk, Kuratoren Luigi Ghirri, Gianni Leone, Enzo Velati, Quodlibet Verlag, 2024\" width=\"200\" height=\"235\" data-src-fg=\"https:\/\/fulvioventura.org\/wp-content\/uploads\/cache\/2020\/09\/cover__id11364_w302_t1730285554\/2822147385.jpg\" class=\"fg-image\" \/><\/span><\/a><figcaption class=\"fg-caption\"><div class=\"fg-caption-inner\"><div class=\"fg-caption-desc\">Buch <i>Viaggio in Italia<\/i>, Kollektive Kunstwerk, Kuratoren Luigi Ghirri, Gianni Leone, Enzo Velati, Quodlibet Verlag, 2024<\/div><\/div><\/figcaption><\/figure><div class=\"fg-loader\"><\/div><\/div><\/div>[\/vc_column_text][\/vc_column][\/vc_row]<\/p>","protected":false},"excerpt":{"rendered":"<p>[vc_row][vc_column][vc_custom_heading text=&#8220;Ver\u00f6ffentlichungen&#8220; font_container=&#8220;tag:h2|text_align:center&#8220; google_fonts=&#8220;font_family:Roboto%3A100%2C100italic%2C300%2C300italic%2Cregular%2Citalic%2C500%2C500italic%2C700%2C700italic%2C900%2C900italic|font_style:400%20regular%3A400%3Anormal&#8220; css=&#8220;.vc_custom_1609089941268{margin-top: 20px !important;}&#8220;][vc_column_text][\/vc_column_text][\/vc_column][\/vc_row]<\/p>\n","protected":false},"author":1,"featured_media":0,"parent":0,"menu_order":0,"comment_status":"closed","ping_status":"closed","template":"","meta":[],"_links":{"self":[{"href":"https:\/\/fulvioventura.org\/de\/wp-json\/wp\/v2\/pages\/5078"}],"collection":[{"href":"https:\/\/fulvioventura.org\/de\/wp-json\/wp\/v2\/pages"}],"about":[{"href":"https:\/\/fulvioventura.org\/de\/wp-json\/wp\/v2\/types\/page"}],"author":[{"embeddable":true,"href":"https:\/\/fulvioventura.org\/de\/wp-json\/wp\/v2\/users\/1"}],"replies":[{"embeddable":true,"href":"https:\/\/fulvioventura.org\/de\/wp-json\/wp\/v2\/comments?post=5078"}],"version-history":[{"count":2,"href":"https:\/\/fulvioventura.org\/de\/wp-json\/wp\/v2\/pages\/5078\/revisions"}],"predecessor-version":[{"id":5192,"href":"https:\/\/fulvioventura.org\/de\/wp-json\/wp\/v2\/pages\/5078\/revisions\/5192"}],"wp:attachment":[{"href":"https:\/\/fulvioventura.org\/de\/wp-json\/wp\/v2\/media?parent=5078"}],"curies":[{"name":"wp","href":"https:\/\/api.w.org\/{rel}","templated":true}]}}